{"id":2619,"date":"2024-09-18T14:07:07","date_gmt":"2024-09-18T12:07:07","guid":{"rendered":"https:\/\/epilepsypower.indesign.it\/?page_id=2619"},"modified":"2025-01-24T22:33:28","modified_gmt":"2025-01-24T21:33:28","slug":"section-3-cognitive-effects","status":"publish","type":"page","link":"https:\/\/epilepsypower.indesign.it\/de\/conducting-a-personal-assessment-of-epilepsy-to-minimize-workplace-risks\/section-3-cognitive-effects\/","title":{"rendered":"Abschnitt 3 Kognitive Auswirkungen"},"content":{"rendered":"<div data-elementor-type=\"wp-page\" data-elementor-id=\"2619\" class=\"elementor elementor-2619\">\n\t\t\t\t\t\t<section class=\"elementor-section elementor-top-section elementor-element elementor-element-ead8a2f elementor-section-boxed elementor-section-height-default elementor-section-height-default smart-sticky-default\" data-id=\"ead8a2f\" data-element_type=\"section\" data-e-type=\"section\">\r\n\t\t\t\t\t\t\t\t<div class=\"elementor-container elementor-column-gap-default\">\r\n\t\t\t\t\r\n\t\t\t\t\t\t\t\t<div class=\"elementor-column elementor-col-33 elementor-top-column elementor-element elementor-element-8934037\" data-id=\"8934037\" data-element_type=\"column\" data-e-type=\"column\">\r\n\r\n\t\t\t\t\r\n\t\t\t\t<div class=\"elementor-widget-wrap elementor-element-populated\">\r\n\t\t\t\t\t\t\t\t\t\t\r\n\t\t\t\t\t\t<div class=\"elementor-element elementor-element-1c780ed elementor-widget elementor-widget-shortcode\" data-id=\"1c780ed\" data-element_type=\"widget\" data-e-type=\"widget\" data-widget_type=\"shortcode.default\">\n\t\t\t\t<div class=\"elementor-widget-container\">\n\t\t\t\t\t\t\t<div class=\"elementor-shortcode\">\t\t<ul class=\"sommario_corso\">\n\t\t\t\n\t\t<li><strong>Einf\u00fchrung<\/strong><\/li>\t\n\t\t\t\n\t\t<li><a href=\"https:\/\/epilepsypower.indesign.it\/de\/\">Home<\/a><\/li><li><a href=\"https:\/\/epilepsypower.indesign.it\/de\/essentials-of-human-resources-management\/\">Grundlagen des Personalmanagements<\/a><\/li><li><a href=\"https:\/\/epilepsypower.indesign.it\/de\/essentials-of-human-resources-management\/section-1-knowing-the-main-competences-of-a-hr-manager-and-the-main-activities-of-hr-office\/\">Abschnitt 1: Kenntnis der wichtigsten Kompetenzen eines Personalleiters und der wichtigsten T\u00e4tigkeiten des Personalb\u00fcros<\/a><\/li><li><a href=\"https:\/\/epilepsypower.indesign.it\/de\/essentials-of-human-resources-management\/section-2-understanding-the-specific-needs-of-pwe-to-allow-optimal-integration-in-a-workplace\/\">Abschnitt 2: Die spezifischen Bed\u00fcrfnisse von Menschen mit Epilepsie verstehen, um eine optimale Integration am Arbeitsplatz zu erm\u00f6glichen<\/a><\/li><li><a href=\"https:\/\/epilepsypower.indesign.it\/de\/essentials-of-human-resources-management\/section-3-how-to-manage-people-considering-the-size-of-the-organization-and-other-diversity-inclusion-management-aspects-needed-for-pwe\/\">Abschnitt 3: Personalmanagement unter Ber\u00fccksichtigung der Gr\u00f6\u00dfe der Organisation und anderer Aspekte des Managements von Vielfalt und Inklusion, die f\u00fcr Menschen mit Behinderung erforderlich sind<\/a><\/li><li><a href=\"https:\/\/epilepsypower.indesign.it\/de\/essentials-of-human-resources-management\/section-4-measuring-and-enhancing-staff-performance-using-appropriate-evaluation-methods-including-for-people-with-epilepsy-pwe\/\">Abschnitt 4: Leistungsmessung und -steigerung des Personals durch geeignete Bewertungsmethoden, einschlie\u00dflich f\u00fcr Menschen mit Epilepsie (PwE)<\/a><\/li><li><a href=\"https:\/\/epilepsypower.indesign.it\/de\/essentials-of-human-resources-management\/concluding-remarks\/\">Schlussbemerkungen<\/a><\/li><li><a href=\"https:\/\/epilepsypower.indesign.it\/de\/essentials-of-human-resources-management\/quiz-2\/\">Quiz<\/a><\/li><li><a href=\"https:\/\/epilepsypower.indesign.it\/de\/accommodating-people-with-epilepsy-in-business-processes-and-activities\/\">Vorkehrungen f\u00fcr Menschen mit Epilepsie in Gesch\u00e4ftsprozessen und Aktivit\u00e4ten<\/a><\/li><li><a href=\"https:\/\/epilepsypower.indesign.it\/de\/accommodating-people-with-epilepsy-in-business-processes-and-activities\/section-1-understanding-the-nature-of-epilepsy-and-recognizing-potential-triggers\/\">Abschnitt 1: Verstehen des Wesens der Epilepsie und Erkennen m\u00f6glicher Ausl\u00f6ser.<\/a><\/li><li><a href=\"https:\/\/epilepsypower.indesign.it\/de\/accommodating-people-with-epilepsy-in-business-processes-and-activities\/section-2-challenges-faced-by-people-with-epilepsy-prior-to-employment\/\">Abschnitt 2: Herausforderungen, mit denen Menschen mit Epilepsie vor der Aufnahme einer Besch\u00e4ftigung konfrontiert sind<\/a><\/li><li><a href=\"https:\/\/epilepsypower.indesign.it\/de\/accommodating-people-with-epilepsy-in-business-processes-and-activities\/section-3-from-respecting-medical-confidentiality-to-defining-and-implementing-the-necessary-reasonable-accommodations-the-key-role-of-the-occupational-physician\/\">Abschnitt 3: Von der Wahrung der \u00e4rztlichen Schweigepflicht bis zur Festlegung und Umsetzung der erforderlichen angemessenen Vorkehrungen: die Schl\u00fcsselrolle der Betreibs\u00e4rzt:innen<\/a><\/li><li><a href=\"https:\/\/epilepsypower.indesign.it\/de\/accommodating-people-with-epilepsy-in-business-processes-and-activities\/section-4-type-of-accommodation-for-people-with-epilepsy-in-the-workplace\/\">Abschnitt 4: Art der Anpassung an Menschen mit Epilepsie am Arbeitsplatz<\/a><\/li><li><a href=\"https:\/\/epilepsypower.indesign.it\/de\/accommodating-people-with-epilepsy-in-business-processes-and-activities\/section-5-ensuring-safety-in-the-workplace-and-creating-a-plan-of-action\/\">Abschnitt 5: Gew\u00e4hrleistung der Sicherheit am Arbeitsplatz und Erstellung eines Aktionsplans<\/a><\/li><li><a href=\"https:\/\/epilepsypower.indesign.it\/de\/accommodating-people-with-epilepsy-in-business-processes-and-activities\/concluding-remarks\/\">Abschlie\u00dfende Bemerkungen<\/a><\/li><li><a href=\"https:\/\/epilepsypower.indesign.it\/de\/accommodating-people-with-epilepsy-in-business-processes-and-activities\/quiz\/\">Quiz<\/a><\/li><li><a href=\"https:\/\/epilepsypower.indesign.it\/de\/lp2-final-test\/\">LP2-Abschlusstest<\/a><\/li><li><a href=\"https:\/\/epilepsypower.indesign.it\/de\/what-is-epilepsy\/\">Was ist Epilepsie?<\/a><\/li><li><a href=\"https:\/\/epilepsypower.indesign.it\/de\/epilepsy-and-time-management\/\">Epilepsie und Zeitmanagement<\/a><\/li><li><a href=\"https:\/\/epilepsypower.indesign.it\/de\/epilepsy-and-time-management\/meaning-and-importance-of-time-management-in-the-working-life-of-people-with-epilepsy\/\">Abschnitt 1: Bedeutung und Wichtigkeit des Zeitmanagements im Arbeitsleben von Menschen mit Epilepsie<\/a><\/li><li><a href=\"https:\/\/epilepsypower.indesign.it\/de\/epilepsy-and-time-management\/section-2-how-can-i-establish-good-time-management-for-people-with-epilepsy-in-my-organisation\/\">Abschnitt 2: Wie kann ich in meiner Organisation ein gutes Zeitmanagement f\u00fcr Menschen mit Epilepsie einf\u00fchren?<\/a><\/li><li><a href=\"https:\/\/epilepsypower.indesign.it\/de\/epilepsy-and-time-management\/how-can-i-establish-good-time-management-for-people-with-epilepsy-in-my-organisation\/\">Abschnitt 3: Coaching von Menschen mit Epilepsie - konkrete Werkzeuge und Methoden<\/a><\/li><li><a href=\"https:\/\/epilepsypower.indesign.it\/de\/epilepsy-and-time-management\/concluding-remarks\/\">Abschlie\u00dfende Bemerkungen<\/a><\/li><li><a href=\"https:\/\/epilepsypower.indesign.it\/de\/epilepsy-and-time-management\/quiz\/\">Quiz<\/a><\/li><li><a href=\"https:\/\/epilepsypower.indesign.it\/de\/conducting-a-personal-assessment-of-epilepsy-to-minimize-workplace-risks\/\">Durchf\u00fchrung einer pers\u00f6nlichen Bewertung von Epilepsie, um Arbeitsplatzrisiken zu minimieren<\/a><\/li><li><a href=\"https:\/\/epilepsypower.indesign.it\/de\/conducting-a-personal-assessment-of-epilepsy-to-minimize-workplace-risks\/section-1-seizures-and-triggering-factors\/\">Abschnitt 1 : Beschlagnahmen und ausl\u00f6sende Faktoren<\/a><\/li><li><a href=\"https:\/\/epilepsypower.indesign.it\/de\/conducting-a-personal-assessment-of-epilepsy-to-minimize-workplace-risks\/section-2-methods\/\">Abschnitt 2 Physikalische Wirkungen<\/a><\/li><li><a href=\"https:\/\/epilepsypower.indesign.it\/de\/conducting-a-personal-assessment-of-epilepsy-to-minimize-workplace-risks\/section-3-cognitive-effects\/\">Abschnitt 3 Kognitive Auswirkungen<\/a><\/li><li><a href=\"https:\/\/epilepsypower.indesign.it\/de\/conducting-a-personal-assessment-of-epilepsy-to-minimize-workplace-risks\/concluding-remarks-2\/\">Instrument zur Einzelbewertung<\/a><\/li><li><a href=\"https:\/\/epilepsypower.indesign.it\/de\/conducting-a-personal-assessment-of-epilepsy-to-minimize-workplace-risks\/concluding-remarks\/\">Abschlie\u00dfende Bemerkungen<\/a><\/li><li><a href=\"https:\/\/epilepsypower.indesign.it\/de\/conducting-a-personal-assessment-of-epilepsy-to-minimize-workplace-risks\/quiz\/\">Quiz<\/a><\/li><li><a href=\"https:\/\/epilepsypower.indesign.it\/de\/what-is-epilepsy-2\/\">Was ist Epilepsie?<\/a><\/li><li><a href=\"https:\/\/epilepsypower.indesign.it\/de\/processes-and-steps-to-become-an-inclusive-pwe-organisation\/\">Prozesse und Schritte, um eine inklusive Organisation f\u00fcr Menschen mit Epilepsie zu werden<\/a><\/li><li><a href=\"https:\/\/epilepsypower.indesign.it\/de\/processes-and-steps-to-become-an-inclusive-pwe-organisation\/section-1-create-and-develop-an-inclusive-policy\/\">Abschnitt 1: Gestaltung und Umsetzung integrationsf\u00f6rdernder Richtlinien<\/a><\/li><li><a href=\"https:\/\/epilepsypower.indesign.it\/de\/processes-and-steps-to-become-an-inclusive-pwe-organisation\/section-2-changing-managerial-practices\/\">Abschnitt 2: Ver\u00e4nderte Managementmethoden<\/a><\/li><li><a href=\"https:\/\/epilepsypower.indesign.it\/de\/processes-and-steps-to-become-an-inclusive-pwe-organisation\/section-3-changing-employee-attitudes\/\">Abschnitt 3: Die Einstellung der Mitarbeiter:innen ver\u00e4ndern<\/a><\/li><li><a href=\"https:\/\/epilepsypower.indesign.it\/de\/processes-and-steps-to-become-an-inclusive-pwe-organisation\/concluding-remarks\/\">Abschlie\u00dfende Bemerkungen<\/a><\/li><li><a href=\"https:\/\/epilepsypower.indesign.it\/de\/processes-and-steps-to-become-an-inclusive-pwe-organisation\/quiz\/\">Quiz<\/a><\/li><li><a href=\"https:\/\/epilepsypower.indesign.it\/de\/improving-the-knowledge-of-the-best-job-searching-strategies\/\">Verbesserung der Strategien zur Jobsuche<\/a><\/li><li><a href=\"https:\/\/epilepsypower.indesign.it\/de\/improving-the-knowledge-of-the-best-job-searching-strategies\/what-do-you-want\/\">Abschnitt 1: Was wollen Sie?<\/a><\/li><li><a href=\"https:\/\/epilepsypower.indesign.it\/de\/improving-the-knowledge-of-the-best-job-searching-strategies\/section-2-assessing-the-medical-condition-realistically\/\">Abschnitt 2: Den Gesundheitszustand realistisch einsch\u00e4tzen<\/a><\/li><li><a href=\"https:\/\/epilepsypower.indesign.it\/de\/improving-the-knowledge-of-the-best-job-searching-strategies\/section-3-assessing-the-medical-condition-realistically\/\">Abschnitt 3: Gesetze, Beratung und Unterst\u00fctzung.<\/a><\/li><li><a href=\"https:\/\/epilepsypower.indesign.it\/de\/improving-the-knowledge-of-the-best-job-searching-strategies\/concluding-remarks\/\">Abschlie\u00dfende Bemerkungen<\/a><\/li><li><a href=\"https:\/\/epilepsypower.indesign.it\/de\/improving-the-knowledge-of-the-best-job-searching-strategies\/quiz\/\">Quiz<\/a><\/li><li><a href=\"https:\/\/epilepsypower.indesign.it\/de\/managing-stress-anxiety-and-frustration-for-better-inclusion\/\">Der Umgang mit Stress, Angst und Frustration f\u00fcr eine bessere Inklusion<\/a><\/li><li><a href=\"https:\/\/epilepsypower.indesign.it\/de\/managing-stress-anxiety-and-frustration-for-better-inclusion\/section-1-understanding-epilepsy-and-its-impact-on-employees\/\">Abschnitt 1: Verst\u00e4ndnis der Epilepsie und ihrer Auswirkungen auf Arbeitnehmer:innen<\/a><\/li><li><a href=\"https:\/\/epilepsypower.indesign.it\/de\/managing-stress-anxiety-and-frustration-for-better-inclusion\/section-2-promoting-awareness\/\">Abschnitt 2: Schaffung eines inklusiven Arbeitsumfelds<\/a><\/li><li><a href=\"https:\/\/epilepsypower.indesign.it\/de\/managing-stress-anxiety-and-frustration-for-better-inclusion\/section-3-managing-stress-and-anxiety-for-employees-with-epilepsy\/\">Abschnitt 3: Stress- und Angstbew\u00e4ltigung f\u00fcr Mitarbeiter:innen mit Epilepsie<\/a><\/li><li><a href=\"https:\/\/epilepsypower.indesign.it\/de\/managing-stress-anxiety-and-frustration-for-better-inclusion\/section-4-handling-frustration-and-emotional-well-being\/\">Abschnitt 4: Umgang mit Frustration und emotionalem Wohlbefinden<\/a><\/li><li><a href=\"https:\/\/epilepsypower.indesign.it\/de\/managing-stress-anxiety-and-frustration-for-better-inclusion\/section-5-supportive-workplace-policies-and-legal-considerations\/\">Abschnitt 5: Unterst\u00fctzende Arbeitsplatzrichtlinien und Rechtsgrundlagen<\/a><\/li><li><a href=\"https:\/\/epilepsypower.indesign.it\/de\/managing-stress-anxiety-and-frustration-for-better-inclusion\/concluding-remarks\/\">Schlussbemerkungen<\/a><\/li><li><a href=\"https:\/\/epilepsypower.indesign.it\/de\/managing-stress-anxiety-and-frustration-for-better-inclusion\/quiz\/\">Quiz<\/a><\/li><li><a href=\"https:\/\/epilepsypower.indesign.it\/de\/equal-opportunity-rights-for-workers-with-epilepsy\/\">Rechte auf Chancengleichheit f\u00fcr Arbeitnehmer:innen mit Epilepsie<\/a><\/li><li><a href=\"https:\/\/epilepsypower.indesign.it\/de\/equal-opportunity-rights-for-workers-with-epilepsy\/section-1-obstacles-to-better-professional-integration-for-people-with-disabilities-particularly-epilepsy\/\">Abschnitt 1: Hindernisse f\u00fcr eine bessere berufliche Eingliederung von Menschen mit Behinderungen, insbesondere mit Epilepsie<\/a><\/li><li><a href=\"https:\/\/epilepsypower.indesign.it\/de\/equal-opportunity-rights-for-workers-with-epilepsy\/section-2-the-international-legal-framework\/\">Abschnitt 2: Der internationale Rechtsrahmen<\/a><\/li><li><a href=\"https:\/\/epilepsypower.indesign.it\/de\/equal-opportunity-rights-for-workers-with-epilepsy\/section-3-the-european-legal-framework\/\">Abschnitt 3: Der europ\u00e4ische Rechtsrahmen<\/a><\/li><li><a href=\"https:\/\/epilepsypower.indesign.it\/de\/equal-opportunity-rights-for-workers-with-epilepsy\/section-4-equal-opportunity-rights-in-italy\/\">Abschnitt 4: Rechte der Chancengleichheit in Italien<\/a><\/li><li><a href=\"https:\/\/epilepsypower.indesign.it\/de\/equal-opportunity-rights-for-workers-with-epilepsy\/section-5-equal-opportunity-rights-in-bulgaria\/\">Abschnitt 5: Rechte der Chancengleichheit in Bulgarien<\/a><\/li><li><a href=\"https:\/\/epilepsypower.indesign.it\/de\/equal-opportunity-rights-for-workers-with-epilepsy\/section-6-equal-opportunity-rights-in-ireland\/\">Abschnitt 6: Rechte der Chancengleichheit in Irland<\/a><\/li><li><a href=\"https:\/\/epilepsypower.indesign.it\/de\/equal-opportunity-rights-for-workers-with-epilepsy\/section-7-equal-opportunity-rights-in-germany\/\">Abschnitt 7: Rechte der Chancengleichheit in Deutschland<\/a><\/li><li><a href=\"https:\/\/epilepsypower.indesign.it\/de\/equal-opportunity-rights-for-workers-with-epilepsy\/section-8-equal-opportunity-rights-in-france\/\">Abschnitt 8: Rechte der Chancengleichheit in Frankreich<\/a><\/li><li><a href=\"https:\/\/epilepsypower.indesign.it\/de\/equal-opportunity-rights-for-workers-with-epilepsy\/section-9-summary-of-key-points-concerning-legislation-to-promote-the-professional-integration-of-disabled-people-in-italy-bulgaria-ireland-germany-and-france\/\">Abschnitt 9: Zusammenfassung der wichtigsten Punkte der Gesetzgebung zur F\u00f6rderung der beruflichen Integration von Menschen mit Behinderungen in Italien, Bulgarien, Irland, Deutschland und Frankreich.<\/a><\/li><li><a href=\"https:\/\/epilepsypower.indesign.it\/de\/equal-opportunity-rights-for-workers-with-epilepsy\/concluding-remarks\/\">Abschlie\u00dfende Bemerkungen<\/a><\/li><li><a href=\"https:\/\/epilepsypower.indesign.it\/de\/equal-opportunity-rights-for-workers-with-epilepsy\/quiz\/\">Quiz<\/a><\/li><li><a href=\"https:\/\/epilepsypower.indesign.it\/de\/organisation-of-tasks-to-be-assigned-to-people-with-epilepsy\/\">\u00dcberlegungen bei der Zuweisung von Aufgaben an Menschen mit Epilepsie<\/a><\/li><li><a href=\"https:\/\/epilepsypower.indesign.it\/de\/organisation-of-tasks-to-be-assigned-to-people-with-epilepsy\/assignement-of-tasks-what-do-people-with-epilepsy-need\/\">Abschnitt 1: Aufgabenzuweisung - Was brauchen Menschen mit Epilepsie?<\/a><\/li><li><a href=\"https:\/\/epilepsypower.indesign.it\/de\/organisation-of-tasks-to-be-assigned-to-people-with-epilepsy\/assignment-of-tasks-sensitisation-to-needs-within-the-team\/\">Abschnitt 2: Aufgabenzuweisung - Sensibilisierung f\u00fcr Bed\u00fcrfnisse im Team<\/a><\/li><li><a href=\"https:\/\/epilepsypower.indesign.it\/de\/organisation-of-tasks-to-be-assigned-to-people-with-epilepsy\/section-3-long-term-goal-self-organising-tasks\/\">Abschnitt 3: Langfristiges Ziel: selbstorganisierte Aufgaben<\/a><\/li><li><a href=\"https:\/\/epilepsypower.indesign.it\/de\/organisation-of-tasks-to-be-assigned-to-people-with-epilepsy\/concluding-remarks\/\">Abschlie\u00dfende Bemerkungen<\/a><\/li><li><a href=\"https:\/\/epilepsypower.indesign.it\/de\/organisation-of-tasks-to-be-assigned-to-people-with-epilepsy\/quiz\/\">Quiz<\/a><\/li><li><a href=\"https:\/\/epilepsypower.indesign.it\/de\/company-registration\/\">Company Registration<\/a><\/li><li><a href=\"https:\/\/epilepsypower.indesign.it\/de\/how-to-self-promote-and-find-work-opportunities\/\">Wie man sich selbst vermarktet und Jobm\u00f6glichkeiten findet<\/a><\/li><li><a href=\"https:\/\/epilepsypower.indesign.it\/de\/how-to-self-promote-and-find-work-opportunities\/section-1-self-promotion-in-job-searching\/\">Abschnitt 1: Selbstvermarktung bei der Stellensuche<\/a><\/li><li><a href=\"https:\/\/epilepsypower.indesign.it\/de\/how-to-self-promote-and-find-work-opportunities\/section-2-self-promotion-at-interview\/\">Abschnitt 2: Selbstvermarktung beim Vorstellungsgespr\u00e4ch<\/a><\/li><li><a href=\"https:\/\/epilepsypower.indesign.it\/de\/how-to-self-promote-and-find-work-opportunities\/section-3-self-promotion-in-the-workplace\/\">Abschnitt 3: Selbstvermarktung am Arbeitsplatz<\/a><\/li><li><a href=\"https:\/\/epilepsypower.indesign.it\/de\/how-to-self-promote-and-find-work-opportunities\/concluding-remarks\/\">Schlussbemerkungen<\/a><\/li><li><a href=\"https:\/\/epilepsypower.indesign.it\/de\/how-to-self-promote-and-find-work-opportunities\/quiz\/\">Quiz<\/a><\/li><li><a href=\"https:\/\/epilepsypower.indesign.it\/de\/improving-social-communication-and-interaction-skills\/\">Verbesserung der sozialen Kommunikations- und Interaktionsf\u00e4higkeiten<\/a><\/li><li><a href=\"https:\/\/epilepsypower.indesign.it\/de\/improving-social-communication-and-interaction-skills\/section-1-understanding-social-communication\/\">Abschnitt 1: Soziale Kommunikation verstehen<\/a><\/li><li><a href=\"https:\/\/epilepsypower.indesign.it\/de\/improving-social-communication-and-interaction-skills\/section-2-recognizing-barriers-to-effective-communication\/\">Abschnitt 2: Erkennen von Hindernissen f\u00fcr eine effektive Kommunikation<\/a><\/li><li><a href=\"https:\/\/epilepsypower.indesign.it\/de\/improving-social-communication-and-interaction-skills\/section-3-active-listening-skills\/\">Abschnitt 3: Aktive Zuh\u00f6rf\u00e4higkeiten<\/a><\/li><li><a href=\"https:\/\/epilepsypower.indesign.it\/de\/improving-social-communication-and-interaction-skills\/section-4-non-verbal-communication\/\">Abschnitt 4: Nonverbale Kommunikation<\/a><\/li><li><a href=\"https:\/\/epilepsypower.indesign.it\/de\/improving-social-communication-and-interaction-skills\/section-5-emotional-intelligence\/\">Abschnitt 5: Emotionale Intelligenz<\/a><\/li><li><a href=\"https:\/\/epilepsypower.indesign.it\/de\/improving-social-communication-and-interaction-skills\/section-6-overcoming-communication-anxiety\/\">Abschnitt 6: Kommunikationsangst \u00fcberwinden<\/a><\/li><li><a href=\"https:\/\/epilepsypower.indesign.it\/de\/improving-social-communication-and-interaction-skills\/section-7-effective-conflict-resolution\/\">Abschnitt 7: Effektive Konfliktl\u00f6sung<\/a><\/li><li><a href=\"https:\/\/epilepsypower.indesign.it\/de\/improving-social-communication-and-interaction-skills\/section-8-effective-conflict-resolution\/\">Abschnitt 8: Aufbau sozialer Kompetenzen in spezifischen Kontexten<\/a><\/li><li><a href=\"https:\/\/epilepsypower.indesign.it\/de\/improving-social-communication-and-interaction-skills\/conclusion\/\">Schlussfolgerung<\/a><\/li><li><a href=\"https:\/\/epilepsypower.indesign.it\/de\/improving-social-communication-and-interaction-skills\/quiz\/\">Quiz<\/a><\/li><li><a href=\"https:\/\/epilepsypower.indesign.it\/de\/lp1-final-test\/\">LP1-Abschlusstest<\/a><\/li><li><a href=\"https:\/\/epilepsypower.indesign.it\/de\/strengthening-your-job-application-process\/\">St\u00e4rkung Ihres Bewerbungsprozesses<\/a><\/li><li><a href=\"https:\/\/epilepsypower.indesign.it\/de\/strengthening-your-job-application-process\/section-1-how-to-find-and-apply-to-a-job-position\/\">Abschnitt 1: Wie man eine Stelle findet und sich bewirbt<\/a><\/li><li><a href=\"https:\/\/epilepsypower.indesign.it\/de\/strengthening-your-job-application-process\/section-2-how-to-create-a-complete-and-understandable-personal-curriculum\/\">Abschnitt 2: Wie man einen vollst\u00e4ndigen und verst\u00e4ndlichen pers\u00f6nlichen Lebenslauf erstellt<\/a><\/li><li><a href=\"https:\/\/epilepsypower.indesign.it\/de\/strengthening-your-job-application-process\/section-3-demonstrating-the-right-competencies-for-the-requirements-of-a-job-position\/\">Abschnitt 3: Die richtigen Kompetenzen f\u00fcr die Anforderungen einer Stellenposition nachweisen<\/a><\/li><li><a href=\"https:\/\/epilepsypower.indesign.it\/de\/strengthening-your-job-application-process\/section-4-presenting-and-discussing-effectively-your-professional-and-personal-background-during-a-selection-process\/\">Abschnitt 4: Die beruflichen und pers\u00f6nlichen Hintergr\u00fcnde w\u00e4hrend eines Auswahlverfahrens effektiv pr\u00e4sentieren und besprechen<\/a><\/li><li><a href=\"https:\/\/epilepsypower.indesign.it\/de\/strengthening-your-job-application-process\/concluding-remarks\/\">Abschlie\u00dfende Bemerkungen<\/a><\/li><li><a href=\"https:\/\/epilepsypower.indesign.it\/de\/strengthening-your-job-application-process\/quiz\/\">Quiz<\/a><\/li><li><a href=\"https:\/\/epilepsypower.indesign.it\/de\/guiding-selection-of-optimal-employment-based-on-personal-medical-condition\/\">Anpassung der Berufswahl an individuelle medizinische Bedingungen<\/a><\/li><li><a href=\"https:\/\/epilepsypower.indesign.it\/de\/guiding-selection-of-optimal-employment-based-on-personal-medical-condition\/choosing-appropriate-job\/\">Abschnitt 1 Auswahl eines geeigneten Arbeitsplatzes<\/a><\/li><li><a href=\"https:\/\/epilepsypower.indesign.it\/de\/guiding-selection-of-optimal-employment-based-on-personal-medical-condition\/choosing-appropriate-job-2\/\">Abschnitt 2 \"Externe\" Einschr\u00e4nkungen: Umweltrisiken, Krampfanf\u00e4lle, k\u00f6rperliche und kognitive Einschr\u00e4nkungen.<\/a><\/li><li><a href=\"https:\/\/epilepsypower.indesign.it\/de\/guiding-selection-of-optimal-employment-based-on-personal-medical-condition\/internal-limitations\/\">Abschnitt 3 \"Interne\" Beschr\u00e4nkungen<\/a><\/li><li><a href=\"https:\/\/epilepsypower.indesign.it\/de\/guiding-selection-of-optimal-employment-based-on-personal-medical-condition\/concluding-remarks\/\">Abschlie\u00dfende Bemerkungen<\/a><\/li><li><a href=\"https:\/\/epilepsypower.indesign.it\/de\/guiding-selection-of-optimal-employment-based-on-personal-medical-condition\/quiz\/\">Quiz<\/a><\/li><li><a href=\"https:\/\/epilepsypower.indesign.it\/de\/encouraging-interaction-between-people-with-epilepsy-and-their-co-workers\/\">Encouraging Interaction between People with Epilepsy and their Co-Workers<\/a><\/li><li><a href=\"https:\/\/epilepsypower.indesign.it\/de\/encouraging-interaction-between-people-with-epilepsy-and-their-co-workers\/section-1-understanding-epilepsy-and-its-impact-on-employees\/\">Abschnitt 1: Verst\u00e4ndnis der Epilepsie<\/a><\/li><li><a href=\"https:\/\/epilepsypower.indesign.it\/de\/encouraging-interaction-between-people-with-epilepsy-and-their-co-workers\/section-2-promoting-awareness\/\">Abschnitt 2: F\u00f6rderung des Bewusstseins<\/a><\/li><li><a href=\"https:\/\/epilepsypower.indesign.it\/de\/encouraging-interaction-between-people-with-epilepsy-and-their-co-workers\/section-3-effective-communication-strategies\/\">Abschnitt 3: Wirksame Kommunikationsstrategien:<\/a><\/li><li><a href=\"https:\/\/epilepsypower.indesign.it\/de\/encouraging-interaction-between-people-with-epilepsy-and-their-co-workers\/section-4-self-advocacy\/\">Abschnitt 4: Selbstvertretung<\/a><\/li><li><a href=\"https:\/\/epilepsypower.indesign.it\/de\/encouraging-interaction-between-people-with-epilepsy-and-their-co-workers\/concluding-remarks\/\">Schlussbemerkungen<\/a><\/li><li><a href=\"https:\/\/epilepsypower.indesign.it\/de\/encouraging-interaction-between-people-with-epilepsy-and-their-co-workers\/quiz\/\">Quiz<\/a><\/li>\t\t<\/ul>\n\t\t<\/div>\n\t\t\t\t\t\t<\/div>\n\t\t\t\t<\/div>\n\t\t\t\t\t\t<\/div>\r\n\t\t\t\t<\/div>\r\n\t\t\t\t\t\t\t\t\t<div class=\"elementor-column elementor-col-66 elementor-top-column elementor-element elementor-element-3136afc\" data-id=\"3136afc\" data-element_type=\"column\" data-e-type=\"column\">\r\n\r\n\t\t\t\t\r\n\t\t\t\t<div class=\"elementor-widget-wrap elementor-element-populated\">\r\n\t\t\t\t\t\t\t\t\t\t\r\n\t\t\t\t\t\t<div class=\"elementor-element elementor-element-7f83756 elementor-widget elementor-widget-text-editor\" data-id=\"7f83756\" data-element_type=\"widget\" data-e-type=\"widget\" data-no-translation=\"\" data-widget_type=\"text-editor.default\">\n\t\t\t\t<div class=\"elementor-widget-container\">\n\t\t\t\t\t<style>.elementor-element-7f83756{display:none !important}<\/style>\t\t\t\t<\/div>\n\t\t\t\t<\/div>\n\t\t\t\t<div class=\"elementor-element elementor-element-0191d01 elementor-widget elementor-widget-text-editor\" data-id=\"0191d01\" data-element_type=\"widget\" data-e-type=\"widget\" data-no-translation=\"\" data-widget_type=\"text-editor.default\">\n\t\t\t\t<div class=\"elementor-widget-container\">\n\t\t\t\t\t<style>.elementor-element-0191d01{display:none !important}<\/style>\t\t\t\t<\/div>\n\t\t\t\t<\/div>\n\t\t\t\t<div class=\"elementor-element elementor-element-b326702 elementor-widget elementor-widget-text-editor\" data-id=\"b326702\" data-element_type=\"widget\" data-e-type=\"widget\" data-no-translation=\"\" data-widget_type=\"text-editor.default\">\n\t\t\t\t<div class=\"elementor-widget-container\">\n\t\t\t\t\t<style>.elementor-element-b326702{display:none !important}<\/style>\t\t\t\t<\/div>\n\t\t\t\t<\/div>\n\t\t\t\t<div class=\"elementor-element elementor-element-0a683f5 elementor-widget elementor-widget-text-editor\" data-id=\"0a683f5\" data-element_type=\"widget\" data-e-type=\"widget\" data-no-translation=\"\" data-widget_type=\"text-editor.default\">\n\t\t\t\t<div class=\"elementor-widget-container\">\n\t\t\t\t\t\t\t\t\t<p><strong><u>Einf\u00fchrung<\/u><\/strong><\/p><p>Epilepsie ist eine chronische neurologische St\u00f6rung. Einige Arten von Anf\u00e4llen und eingenommenen Medikamenten haben keinen Einfluss auf Intelligenz, Kognition und Denkverm\u00f6gen. In diesen F\u00e4llen sollten keine pauschalen Einschr\u00e4nkungen gemacht werden, solche Menschen k\u00f6nnen ohne Bedenken in Berufen besch\u00e4ftigt werden, die intellektuelle F\u00e4higkeiten erfordern.<\/p><p>In einigen anderen F\u00e4llen ist die Epilepsie eng mit kognitiven Beeintr\u00e4chtigungen verbunden. Bei einigen spezifischen Syndromen ist die QI niedriger als normal, aber einige manuelle T\u00e4tigkeiten sind f\u00fcr diese Menschen m\u00f6glich. Bei einigen Menschen kann es zu Anf\u00e4llen kommen, die das Bewusstsein beeintr\u00e4chtigen, was zu Aufmerksamkeits- und Konzentrationsdefiziten f\u00fchren kann.<\/p><p>Wenn Sie zum Beispiel an einer Schl\u00e4fenlappenepilepsie leiden, kann es zu einer Beeintr\u00e4chtigung des Bewusstseins kommen, so dass Sie Probleme mit dem Kurzzeitged\u00e4chtnis haben, aber auch Probleme mit dem Langzeitged\u00e4chtnis entwickeln k\u00f6nnen. Wenn hingegen Ihr Gehirn w\u00e4hrend eines Anfalls vollst\u00e4ndig beteiligt ist, kann dies zu einer Beeintr\u00e4chtigung des Bewusstseins oder zu einer Verz\u00f6gerung Ihrer Reaktionen f\u00fchren, weil die Reaktionszeit beeintr\u00e4chtigt ist.<\/p><p>Ein weiterer wichtiger Moment ist die postiktale Phase, in der M\u00fcdigkeit, Stress, Amnesie und Konzentrationsschw\u00e4che auftreten k\u00f6nnen.<\/p><p>In allen zuvor beschriebenen Situationen sollten die Menschen in Ihrer Umgebung Ihnen Zeit geben, sich zu erholen, und Sie an einem sicheren Ort, fern von Maschinen und Gefahren, halten.<\/p><p>Sie k\u00f6nnen verschiedene Arten von kognitiven Einschr\u00e4nkungen haben: Ged\u00e4chtnis- und Sprachdefizite aufgrund der Epilepsie selbst oder aufgrund einer Operation. Sie sollten daher eine T\u00e4tigkeit in Erw\u00e4gung ziehen, die keine besonderen sprachlichen F\u00e4higkeiten erfordert. Aufgrund von chirurgischen Eingriffen k\u00f6nnten Sie auch an Sehst\u00f6rungen leiden (z. B. wenn die resektive Operation die hinteren Lappen betrifft) oder an Problemen mit der r\u00e4umlichen Aufmerksamkeit\/Orientierung (z. B. wenn die Operation den rechten Schl\u00e4fenlappen betrifft). In diesen F\u00e4llen k\u00f6nnten Sie um Anpassungen bitten (indem Sie Unterst\u00fctzung f\u00fcr Menschen mit Sehproblemen in Anspruch nehmen oder eine T\u00e4tigkeit w\u00e4hlen, die keine r\u00e4umliche Orientierung erfordert.<\/p><p>Au\u00dferdem k\u00f6nnen die Nebenwirkungen von Medikamenten zu Ged\u00e4chtnisl\u00fccken, Konzentrationsschw\u00e4che und M\u00fcdigkeit f\u00fchren und Ihre Konzentrationsf\u00e4higkeit beeintr\u00e4chtigen. \u00dcberm\u00e4\u00dfiges Arbeiten k\u00f6nnte auch dazu beitragen, Ihren Stress und Ihre M\u00fcdigkeit zu erh\u00f6hen. Krampfanf\u00e4lle, Stress und Medikamente k\u00f6nnen die Konzentration und die Geschwindigkeit des Denkens beeintr\u00e4chtigen. Sie sollten die Wahl Ihres Arbeitsplatzes an Ihre F\u00e4higkeiten und an Ihre Konzentrationskapazit\u00e4t anpassen.<\/p><p>Wenn Sie sich f\u00fcr eine Stelle bewerben, sollten Sie bedenken, dass manche Stellen mehr kognitive Anstrengungen erfordern, aber auch, dass es einige M\u00f6glichkeiten gibt, die Sie nutzen k\u00f6nnen.<\/p><p>Wenn Sie zus\u00e4tzliche Zeit ben\u00f6tigen, um sich von den Anf\u00e4llen zu erholen, sollten Sie auch Urlaub nehmen k\u00f6nnen.<\/p><p>In manchen F\u00e4llen k\u00f6nnen geistige T\u00e4tigkeiten wie Lesen oder Z\u00e4hlen die Anf\u00e4lle verschlimmern; in diesen F\u00e4llen sind Sie gezwungen, diese T\u00e4tigkeiten in Ihrem Beruf zu vermeiden.<\/p><p>Ein besonderer Hinweis sollte auf die Fahrt\u00fcchtigkeit gegeben werden. Einige Krampfanf\u00e4lle k\u00f6nnen die Fahrt\u00fcchtigkeit beeintr\u00e4chtigen. Laut Gesetz m\u00fcssen Sie mindestens 1 Jahr lang anfallsfrei sein, um Auto fahren zu d\u00fcrfen. Anf\u00e4lle, die Ihr Bewusstsein beeintr\u00e4chtigen, k\u00f6nnten Sie und Ihre Mitmenschen in eine gef\u00e4hrliche Situation bringen. Wenn Sie also h\u00e4ufig unter Anf\u00e4llen leiden, k\u00f6nnen Sie sich nicht auf Stellen bewerben, die das F\u00fchren eines Fahrzeugs erfordern. Was das Erreichen des Arbeitsplatzes anbelangt, so k\u00f6nnten einige Vorkehrungen getroffen werden. Ihr:e Arbeitgeber:in k\u00f6nnte Ihnen erlauben, remote zu arbeiten, oder Sie sollten die Vorteile einer Behinderung nutzen, indem Sie \u00f6ffentliche Verkehrsmittel benutzen oder ein Auto mit Bremshilfe kaufen.<\/p><p>Einige Faktoren k\u00f6nnen behoben werden: So k\u00f6nnen Sie beispielsweise gemeinsam mit Ihrem Arzt oder Ihrer \u00c4rztin versuchen, Ihre Therapie so zu gestalten, dass die Nebenwirkungen auf die Kognition verringert werden. Andere einfache Ma\u00dfnahmen k\u00f6nnten Sie ergreifen, um Ihre Arbeitsbedingungen zu verbessern: Sie k\u00f6nnen zum Beispiel eine Fernarbeit in Betracht ziehen, wenn Sie unter h\u00e4ufigen Anf\u00e4llen leiden oder wenn Ihre Arbeit zu viel Anstrengung erfordert, um sie zu erreichen, und dabei die Bedeutung von Ruhe und kontinuierlichem Schlaf ber\u00fccksichtigen, um M\u00fcdigkeit und vor allem Anf\u00e4lle zu vermeiden.<\/p><p>Ziel dieses Moduls ist es, zu erkennen, wie kognitive Effekte die Arbeitsf\u00e4higkeit beeinflussen und wie L\u00f6sungen gefunden werden k\u00f6nnen, um Faktoren zu beheben, die ver\u00e4ndert werden k\u00f6nnten.<\/p><p><strong><u>Methoden<\/u><\/strong><\/p><p>In diesem Modul werden wir die kognitiven Folgen von Epilepsie und Antiepileptika beleuchten. Wir stellen Ihnen Videos und am Ende von Abschnitt 2 und 3 einen kleinen Fragebogen zur Verf\u00fcgung, mit dem Sie Ihre Symptome einsch\u00e4tzen k\u00f6nnen.<\/p><p><strong><u>Erwartete Ergebnisse<\/u><\/strong><\/p><p>Weiterf\u00fchrende Information zu den Themen:<\/p><p>Abwesenheitskr\u00e4mpfe:<br \/><a href=\"https:\/\/www.youtube.com\/watch?v=Bu0WNqVCr9Q\">https:\/\/www.youtube.com\/watch?v=Bu0WNqVCr9Q <\/a><\/p><p>Ged\u00e4chtnisprobleme im Zusammenhang mit Epilepsie:<br \/><a href=\"https:\/\/www.epilepsy.com\/complications-risks\/thinking-and-memory\/types-memory-problems\">https:\/\/www.epilepsy.com\/complications-risks\/thinking-and-memory\/types-memory-problems <\/a><\/p>\t\t\t\t\t\t\t\t<\/div>\n\t\t\t\t<\/div>\n\t\t\t\t<div class=\"elementor-element elementor-element-a8d9a29 elementor-widget elementor-widget-text-editor\" data-id=\"a8d9a29\" data-element_type=\"widget\" data-e-type=\"widget\" data-no-translation=\"\" data-widget_type=\"text-editor.default\">\n\t\t\t\t<div class=\"elementor-widget-container\">\n\t\t\t\t\t<style>.elementor-element-a8d9a29{display:none !important}<\/style>\t\t\t\t<\/div>\n\t\t\t\t<\/div>\n\t\t\t\t\t\t<\/div>\r\n\t\t\t\t<\/div>\r\n\t\t\t\t\t\t\t\t<\/div>\r\n\t\t\t<\/section>\r\n\t\t\t\t\t<section class=\"elementor-section elementor-top-section elementor-element elementor-element-ed0591e elementor-section-boxed elementor-section-height-default elementor-section-height-default smart-sticky-default\" data-id=\"ed0591e\" data-element_type=\"section\" data-e-type=\"section\">\r\n\t\t\t\t\t\t\t\t<div class=\"elementor-container elementor-column-gap-default\">\r\n\t\t\t\t\r\n\t\t\t\t\t\t\t\t<div class=\"elementor-column elementor-col-100 elementor-top-column elementor-element elementor-element-311b858\" data-id=\"311b858\" data-element_type=\"column\" data-e-type=\"column\">\r\n\r\n\t\t\t\t\r\n\t\t\t\t<div class=\"elementor-widget-wrap elementor-element-populated\">\r\n\t\t\t\t\t\t\t\t\t\t\r\n\t\t\t\t\t\t<div class=\"elementor-element elementor-element-9de7977 elementor-widget elementor-widget-shortcode\" data-id=\"9de7977\" data-element_type=\"widget\" data-e-type=\"widget\" data-widget_type=\"shortcode.default\">\n\t\t\t\t<div class=\"elementor-widget-container\">\n\t\t\t\t\t\t\t<div class=\"elementor-shortcode\"><div style=\"width:100%; text-align: center; margin: 20px 0; font-weight: bold;\">\n\t\t<a href=\"https:\/\/epilepsypower.indesign.it\/de\/\"> Next: \"Home\" &raquo;&raquo; <\/a> \t\t<\/div><\/div>\n\t\t\t\t\t\t<\/div>\n\t\t\t\t<\/div>\n\t\t\t\t\t\t<\/div>\r\n\t\t\t\t<\/div>\r\n\t\t\t\t\t\t\t\t<\/div>\r\n\t\t\t<\/section>\r\n\t\t\t\t\t<\/div>","protected":false},"excerpt":{"rendered":"<p>Introduction Epilepsy is a chronic neurological disorder that can have varying impacts on cognitive function depending on the type of seizures and medications involved. Some seizures and medications do not affect intelligence, cognition, or reasoning capacity. In these cases, it\u2019s unlikely that you would encounter any restrictions in employment, and individuals can work in jobs [&hellip;]<\/p>\n","protected":false},"author":2,"featured_media":0,"parent":2616,"menu_order":3,"comment_status":"closed","ping_status":"closed","template":"","meta":{"footnotes":""},"class_list":["post-2619","page","type-page","status-publish","hentry"],"yoast_head":"<!-- This site is optimized with the Yoast SEO plugin v27.3 - https:\/\/yoast.com\/product\/yoast-seo-wordpress\/ -->\n<title>Section 3: Cognitive effects - Epilepsy Power<\/title>\n<meta name=\"robots\" content=\"noindex, follow, max-snippet:-1, max-image-preview:large, max-video-preview:-1\" \/>\n<meta property=\"og:locale\" content=\"de_DE\" \/>\n<meta property=\"og:type\" content=\"article\" \/>\n<meta property=\"og:title\" content=\"Section 3: Cognitive effects - Epilepsy Power\" \/>\n<meta property=\"og:description\" content=\"Introduction Epilepsy is a chronic neurological disorder that can have varying impacts on cognitive function depending on the type of seizures and medications involved. Some seizures and medications do not affect intelligence, cognition, or reasoning capacity. In these cases, it\u2019s unlikely that you would encounter any restrictions in employment, and individuals can work in jobs [&hellip;]\" \/>\n<meta property=\"og:url\" content=\"https:\/\/epilepsypower.indesign.it\/de\/conducting-a-personal-assessment-of-epilepsy-to-minimize-workplace-risks\/section-3-cognitive-effects\/\" \/>\n<meta property=\"og:site_name\" content=\"Epilepsy Power\" \/>\n<meta property=\"article:modified_time\" content=\"2025-01-24T21:33:28+00:00\" \/>\n<meta name=\"twitter:card\" content=\"summary_large_image\" \/>\n<meta name=\"twitter:label1\" content=\"Gesch\u00e4tzte Lesezeit\" \/>\n\t<meta name=\"twitter:data1\" content=\"18\u00a0Minuten\" \/>\n<script type=\"application\/ld+json\" class=\"yoast-schema-graph\">{\"@context\":\"https:\\\/\\\/schema.org\",\"@graph\":[{\"@type\":\"WebPage\",\"@id\":\"https:\\\/\\\/epilepsypower.indesign.it\\\/conducting-a-personal-assessment-of-epilepsy-to-minimize-workplace-risks\\\/section-3-cognitive-effects\\\/\",\"url\":\"https:\\\/\\\/epilepsypower.indesign.it\\\/conducting-a-personal-assessment-of-epilepsy-to-minimize-workplace-risks\\\/section-3-cognitive-effects\\\/\",\"name\":\"Section 3: Cognitive effects - Epilepsy Power\",\"isPartOf\":{\"@id\":\"https:\\\/\\\/epilepsypower.indesign.it\\\/#website\"},\"datePublished\":\"2024-09-18T12:07:07+00:00\",\"dateModified\":\"2025-01-24T21:33:28+00:00\",\"breadcrumb\":{\"@id\":\"https:\\\/\\\/epilepsypower.indesign.it\\\/conducting-a-personal-assessment-of-epilepsy-to-minimize-workplace-risks\\\/section-3-cognitive-effects\\\/#breadcrumb\"},\"inLanguage\":\"de\",\"potentialAction\":[{\"@type\":\"ReadAction\",\"target\":[\"https:\\\/\\\/epilepsypower.indesign.it\\\/conducting-a-personal-assessment-of-epilepsy-to-minimize-workplace-risks\\\/section-3-cognitive-effects\\\/\"]}]},{\"@type\":\"BreadcrumbList\",\"@id\":\"https:\\\/\\\/epilepsypower.indesign.it\\\/conducting-a-personal-assessment-of-epilepsy-to-minimize-workplace-risks\\\/section-3-cognitive-effects\\\/#breadcrumb\",\"itemListElement\":[{\"@type\":\"ListItem\",\"position\":1,\"name\":\"Home\",\"item\":\"https:\\\/\\\/epilepsypower.indesign.it\\\/\"},{\"@type\":\"ListItem\",\"position\":2,\"name\":\"Conducting a Personal Assessment of Epilepsy to Minimize Workplace Risks\",\"item\":\"https:\\\/\\\/epilepsypower.indesign.it\\\/conducting-a-personal-assessment-of-epilepsy-to-minimize-workplace-risks\\\/\"},{\"@type\":\"ListItem\",\"position\":3,\"name\":\"Section 3: Cognitive effects\"}]},{\"@type\":\"WebSite\",\"@id\":\"https:\\\/\\\/epilepsypower.indesign.it\\\/#website\",\"url\":\"https:\\\/\\\/epilepsypower.indesign.it\\\/\",\"name\":\"Epilepsy Power\",\"description\":\"Epilepsy Power\",\"publisher\":{\"@id\":\"https:\\\/\\\/epilepsypower.indesign.it\\\/#organization\"},\"potentialAction\":[{\"@type\":\"SearchAction\",\"target\":{\"@type\":\"EntryPoint\",\"urlTemplate\":\"https:\\\/\\\/epilepsypower.indesign.it\\\/?s={search_term_string}\"},\"query-input\":{\"@type\":\"PropertyValueSpecification\",\"valueRequired\":true,\"valueName\":\"search_term_string\"}}],\"inLanguage\":\"de\"},{\"@type\":\"Organization\",\"@id\":\"https:\\\/\\\/epilepsypower.indesign.it\\\/#organization\",\"name\":\"Epilepsy Power\",\"url\":\"https:\\\/\\\/epilepsypower.indesign.it\\\/\",\"logo\":{\"@type\":\"ImageObject\",\"inLanguage\":\"de\",\"@id\":\"https:\\\/\\\/epilepsypower.indesign.it\\\/#\\\/schema\\\/logo\\\/image\\\/\",\"url\":\"https:\\\/\\\/epilepsypower.indesign.it\\\/wp-content\\\/uploads\\\/2023\\\/04\\\/cropped-cropped-logo-epilepsy-power.png\",\"contentUrl\":\"https:\\\/\\\/epilepsypower.indesign.it\\\/wp-content\\\/uploads\\\/2023\\\/04\\\/cropped-cropped-logo-epilepsy-power.png\",\"width\":512,\"height\":512,\"caption\":\"Epilepsy Power\"},\"image\":{\"@id\":\"https:\\\/\\\/epilepsypower.indesign.it\\\/#\\\/schema\\\/logo\\\/image\\\/\"}}]}<\/script>\n<!-- \/ Yoast SEO plugin. -->","yoast_head_json":{"title":"Section 3: Cognitive effects - Epilepsy Power","robots":{"index":"noindex","follow":"follow","max-snippet":"max-snippet:-1","max-image-preview":"max-image-preview:large","max-video-preview":"max-video-preview:-1"},"og_locale":"de_DE","og_type":"article","og_title":"Section 3: Cognitive effects - Epilepsy Power","og_description":"Introduction Epilepsy is a chronic neurological disorder that can have varying impacts on cognitive function depending on the type of seizures and medications involved. Some seizures and medications do not affect intelligence, cognition, or reasoning capacity. In these cases, it\u2019s unlikely that you would encounter any restrictions in employment, and individuals can work in jobs [&hellip;]","og_url":"https:\/\/epilepsypower.indesign.it\/de\/conducting-a-personal-assessment-of-epilepsy-to-minimize-workplace-risks\/section-3-cognitive-effects\/","og_site_name":"Epilepsy Power","article_modified_time":"2025-01-24T21:33:28+00:00","twitter_card":"summary_large_image","twitter_misc":{"Gesch\u00e4tzte Lesezeit":"18\u00a0Minuten"},"schema":{"@context":"https:\/\/schema.org","@graph":[{"@type":"WebPage","@id":"https:\/\/epilepsypower.indesign.it\/conducting-a-personal-assessment-of-epilepsy-to-minimize-workplace-risks\/section-3-cognitive-effects\/","url":"https:\/\/epilepsypower.indesign.it\/conducting-a-personal-assessment-of-epilepsy-to-minimize-workplace-risks\/section-3-cognitive-effects\/","name":"Section 3: Cognitive effects - Epilepsy Power","isPartOf":{"@id":"https:\/\/epilepsypower.indesign.it\/#website"},"datePublished":"2024-09-18T12:07:07+00:00","dateModified":"2025-01-24T21:33:28+00:00","breadcrumb":{"@id":"https:\/\/epilepsypower.indesign.it\/conducting-a-personal-assessment-of-epilepsy-to-minimize-workplace-risks\/section-3-cognitive-effects\/#breadcrumb"},"inLanguage":"de","potentialAction":[{"@type":"ReadAction","target":["https:\/\/epilepsypower.indesign.it\/conducting-a-personal-assessment-of-epilepsy-to-minimize-workplace-risks\/section-3-cognitive-effects\/"]}]},{"@type":"BreadcrumbList","@id":"https:\/\/epilepsypower.indesign.it\/conducting-a-personal-assessment-of-epilepsy-to-minimize-workplace-risks\/section-3-cognitive-effects\/#breadcrumb","itemListElement":[{"@type":"ListItem","position":1,"name":"Home","item":"https:\/\/epilepsypower.indesign.it\/"},{"@type":"ListItem","position":2,"name":"Conducting a Personal Assessment of Epilepsy to Minimize Workplace Risks","item":"https:\/\/epilepsypower.indesign.it\/conducting-a-personal-assessment-of-epilepsy-to-minimize-workplace-risks\/"},{"@type":"ListItem","position":3,"name":"Section 3: Cognitive effects"}]},{"@type":"WebSite","@id":"https:\/\/epilepsypower.indesign.it\/#website","url":"https:\/\/epilepsypower.indesign.it\/","name":"Epilepsy Power","description":"Epilepsy Power","publisher":{"@id":"https:\/\/epilepsypower.indesign.it\/#organization"},"potentialAction":[{"@type":"SearchAction","target":{"@type":"EntryPoint","urlTemplate":"https:\/\/epilepsypower.indesign.it\/?s={search_term_string}"},"query-input":{"@type":"PropertyValueSpecification","valueRequired":true,"valueName":"search_term_string"}}],"inLanguage":"de"},{"@type":"Organization","@id":"https:\/\/epilepsypower.indesign.it\/#organization","name":"Epilepsy Power","url":"https:\/\/epilepsypower.indesign.it\/","logo":{"@type":"ImageObject","inLanguage":"de","@id":"https:\/\/epilepsypower.indesign.it\/#\/schema\/logo\/image\/","url":"https:\/\/epilepsypower.indesign.it\/wp-content\/uploads\/2023\/04\/cropped-cropped-logo-epilepsy-power.png","contentUrl":"https:\/\/epilepsypower.indesign.it\/wp-content\/uploads\/2023\/04\/cropped-cropped-logo-epilepsy-power.png","width":512,"height":512,"caption":"Epilepsy Power"},"image":{"@id":"https:\/\/epilepsypower.indesign.it\/#\/schema\/logo\/image\/"}}]}},"_links":{"self":[{"href":"https:\/\/epilepsypower.indesign.it\/de\/wp-json\/wp\/v2\/pages\/2619","targetHints":{"allow":["GET"]}}],"collection":[{"href":"https:\/\/epilepsypower.indesign.it\/de\/wp-json\/wp\/v2\/pages"}],"about":[{"href":"https:\/\/epilepsypower.indesign.it\/de\/wp-json\/wp\/v2\/types\/page"}],"author":[{"embeddable":true,"href":"https:\/\/epilepsypower.indesign.it\/de\/wp-json\/wp\/v2\/users\/2"}],"replies":[{"embeddable":true,"href":"https:\/\/epilepsypower.indesign.it\/de\/wp-json\/wp\/v2\/comments?post=2619"}],"version-history":[{"count":28,"href":"https:\/\/epilepsypower.indesign.it\/de\/wp-json\/wp\/v2\/pages\/2619\/revisions"}],"predecessor-version":[{"id":5506,"href":"https:\/\/epilepsypower.indesign.it\/de\/wp-json\/wp\/v2\/pages\/2619\/revisions\/5506"}],"up":[{"embeddable":true,"href":"https:\/\/epilepsypower.indesign.it\/de\/wp-json\/wp\/v2\/pages\/2616"}],"wp:attachment":[{"href":"https:\/\/epilepsypower.indesign.it\/de\/wp-json\/wp\/v2\/media?parent=2619"}],"curies":[{"name":"wp","href":"https:\/\/api.w.org\/{rel}","templated":true}]}}