{"id":2832,"date":"2024-09-26T10:13:40","date_gmt":"2024-09-26T08:13:40","guid":{"rendered":"https:\/\/epilepsypower.indesign.it\/?page_id=2832"},"modified":"2025-01-25T22:15:12","modified_gmt":"2025-01-25T21:15:12","slug":"accommodating-people-with-epilepsy-in-business-processes-and-activities","status":"publish","type":"page","link":"https:\/\/epilepsypower.indesign.it\/de\/accommodating-people-with-epilepsy-in-business-processes-and-activities\/","title":{"rendered":"Vorkehrungen f\u00fcr Menschen mit Epilepsie in Gesch\u00e4ftsprozessen und Aktivit\u00e4ten"},"content":{"rendered":"\t\t<div data-elementor-type=\"wp-page\" data-elementor-id=\"2832\" class=\"elementor elementor-2832\">\n\t\t\t\t\t\t<section class=\" elementor-section elementor-top-section elementor-element elementor-element-ead8a2f elementor-section-boxed elementor-section-height-default elementor-section-height-default smart-sticky-default\" data-id=\"ead8a2f\" data-element_type=\"section\" data-e-type=\"section\">\r\n\t\t\t\t\t\t\t\t<div class=\"elementor-container elementor-column-gap-default\">\r\n\t\t\t\t\r\n\t\t\t\t\t\t\t\t<div class=\" elementor-column elementor-col-33 elementor-top-column elementor-element elementor-element-8934037 \" data-id=\"8934037\" data-element_type=\"column\" data-e-type=\"column\">\r\n\r\n\t\t\t\t\r\n\t\t\t\t<div class=\"elementor-widget-wrap elementor-element-populated\">\r\n\t\t\t\t\t\t\t\t\t\t\r\n\t\t\t\t\t\t<div class=\"elementor-element elementor-element-1c780ed elementor-widget elementor-widget-shortcode\" data-id=\"1c780ed\" data-element_type=\"widget\" data-e-type=\"widget\" data-widget_type=\"shortcode.default\">\n\t\t\t\t<div class=\"elementor-widget-container\">\n\t\t\t\t\t\t\t<div class=\"elementor-shortcode\">\t\t<ul class=\"sommario_corso\">\n\t\t\t\n\t\t<li><strong>Introduction<\/strong><\/li>\t\n\t\t\t\n\t\t<li><a href=\"https:\/\/epilepsypower.indesign.it\/de\/\">Home<\/a><\/li><li><a href=\"https:\/\/epilepsypower.indesign.it\/de\/essentials-of-human-resources-management\/\">Essentials of human resources management<\/a><\/li><li><a href=\"https:\/\/epilepsypower.indesign.it\/de\/essentials-of-human-resources-management\/section-1-knowing-the-main-competences-of-a-hr-manager-and-the-main-activities-of-hr-office\/\">Section 1: Knowing the main competences of a HR manager and the main activities of HR office<\/a><\/li><li><a href=\"https:\/\/epilepsypower.indesign.it\/de\/essentials-of-human-resources-management\/section-2-understanding-the-specific-needs-of-pwe-to-allow-optimal-integration-in-a-workplace\/\">Section 2: Understanding the specific needs of PwE to allow optimal integration in a workplace<\/a><\/li><li><a href=\"https:\/\/epilepsypower.indesign.it\/de\/essentials-of-human-resources-management\/section-3-how-to-manage-people-considering-the-size-of-the-organization-and-other-diversity-inclusion-management-aspects-needed-for-pwe\/\">Section 3: How to manage people by considering the size of the organization and other diversity-inclusion management aspects needed for PwE<\/a><\/li><li><a href=\"https:\/\/epilepsypower.indesign.it\/de\/essentials-of-human-resources-management\/section-4-measuring-and-enhancing-staff-performance-using-appropriate-evaluation-methods-including-for-people-with-epilepsy-pwe\/\">Section 4: Measuring and enhancing staff performance using appropriate evaluation methods, including for people with epilepsy (PwE)<\/a><\/li><li><a href=\"https:\/\/epilepsypower.indesign.it\/de\/essentials-of-human-resources-management\/concluding-remarks\/\">Concluding Remarks<\/a><\/li><li><a href=\"https:\/\/epilepsypower.indesign.it\/de\/essentials-of-human-resources-management\/quiz-2\/\">Quiz<\/a><\/li><li><a href=\"https:\/\/epilepsypower.indesign.it\/de\/accommodating-people-with-epilepsy-in-business-processes-and-activities\/\">Accommodating people with epilepsy in business processes and activities<\/a><\/li><li><a href=\"https:\/\/epilepsypower.indesign.it\/de\/accommodating-people-with-epilepsy-in-business-processes-and-activities\/section-1-understanding-the-nature-of-epilepsy-and-recognizing-potential-triggers\/\">Section 1: Understanding the nature of epilepsy and recognizing potential triggers.<\/a><\/li><li><a href=\"https:\/\/epilepsypower.indesign.it\/de\/accommodating-people-with-epilepsy-in-business-processes-and-activities\/section-2-challenges-faced-by-people-with-epilepsy-prior-to-employment\/\">Section 2: Challenges faced by people with epilepsy prior to employment<\/a><\/li><li><a href=\"https:\/\/epilepsypower.indesign.it\/de\/accommodating-people-with-epilepsy-in-business-processes-and-activities\/section-3-from-respecting-medical-confidentiality-to-defining-and-implementing-the-necessary-reasonable-accommodations-the-key-role-of-the-occupational-physician\/\">Section 3: From respecting medical confidentiality to defining and implementing the necessary reasonable accommodations: the key role of the occupational physician<\/a><\/li><li><a href=\"https:\/\/epilepsypower.indesign.it\/de\/accommodating-people-with-epilepsy-in-business-processes-and-activities\/section-4-type-of-accommodation-for-people-with-epilepsy-in-the-workplace\/\">Section 4: Type of accommodation for people with epilepsy in the workplace.<\/a><\/li><li><a href=\"https:\/\/epilepsypower.indesign.it\/de\/accommodating-people-with-epilepsy-in-business-processes-and-activities\/section-5-ensuring-safety-in-the-workplace-and-creating-a-plan-of-action\/\">Section 5: Ensuring safety in the workplace and creating a plan of action<\/a><\/li><li><a href=\"https:\/\/epilepsypower.indesign.it\/de\/accommodating-people-with-epilepsy-in-business-processes-and-activities\/concluding-remarks\/\">Concluding remarks<\/a><\/li><li><a href=\"https:\/\/epilepsypower.indesign.it\/de\/accommodating-people-with-epilepsy-in-business-processes-and-activities\/quiz\/\">Quiz<\/a><\/li><li><a href=\"https:\/\/epilepsypower.indesign.it\/de\/lp2-final-test\/\">LP2 Final Test<\/a><\/li><li><a href=\"https:\/\/epilepsypower.indesign.it\/de\/what-is-epilepsy\/\">What is Epilepsy<\/a><\/li><li><a href=\"https:\/\/epilepsypower.indesign.it\/de\/epilepsy-and-time-management\/\">Epilepsy and time management<\/a><\/li><li><a href=\"https:\/\/epilepsypower.indesign.it\/de\/epilepsy-and-time-management\/meaning-and-importance-of-time-management-in-the-working-life-of-people-with-epilepsy\/\">Section 1: Meaning and importance of time management in the working life of people with epilepsy<\/a><\/li><li><a href=\"https:\/\/epilepsypower.indesign.it\/de\/epilepsy-and-time-management\/section-2-how-can-i-establish-good-time-management-for-people-with-epilepsy-in-my-organisation\/\">Section 2: How can I establish good time management for people with epilepsy in my organisation?<\/a><\/li><li><a href=\"https:\/\/epilepsypower.indesign.it\/de\/epilepsy-and-time-management\/how-can-i-establish-good-time-management-for-people-with-epilepsy-in-my-organisation\/\">Section 3: Coaching people with epilepsy \u2013 concrete tools & methods<\/a><\/li><li><a href=\"https:\/\/epilepsypower.indesign.it\/de\/epilepsy-and-time-management\/concluding-remarks\/\">Concluding remarks<\/a><\/li><li><a href=\"https:\/\/epilepsypower.indesign.it\/de\/epilepsy-and-time-management\/quiz\/\">Quiz<\/a><\/li><li><a href=\"https:\/\/epilepsypower.indesign.it\/de\/conducting-a-personal-assessment-of-epilepsy-to-minimize-workplace-risks\/\">Conducting a Personal Assessment of Epilepsy to Minimize Workplace Risks<\/a><\/li><li><a href=\"https:\/\/epilepsypower.indesign.it\/de\/conducting-a-personal-assessment-of-epilepsy-to-minimize-workplace-risks\/section-1-seizures-and-triggering-factors\/\">Section 1: Seizures and triggering factors<\/a><\/li><li><a href=\"https:\/\/epilepsypower.indesign.it\/de\/conducting-a-personal-assessment-of-epilepsy-to-minimize-workplace-risks\/section-2-methods\/\">Section 2: Physical effects<\/a><\/li><li><a href=\"https:\/\/epilepsypower.indesign.it\/de\/conducting-a-personal-assessment-of-epilepsy-to-minimize-workplace-risks\/section-3-cognitive-effects\/\">Section 3: Cognitive effects<\/a><\/li><li><a href=\"https:\/\/epilepsypower.indesign.it\/de\/conducting-a-personal-assessment-of-epilepsy-to-minimize-workplace-risks\/concluding-remarks-2\/\">Individual assessment tool<\/a><\/li><li><a href=\"https:\/\/epilepsypower.indesign.it\/de\/conducting-a-personal-assessment-of-epilepsy-to-minimize-workplace-risks\/concluding-remarks\/\">Concluding remarks<\/a><\/li><li><a href=\"https:\/\/epilepsypower.indesign.it\/de\/conducting-a-personal-assessment-of-epilepsy-to-minimize-workplace-risks\/quiz\/\">Quiz<\/a><\/li><li><a href=\"https:\/\/epilepsypower.indesign.it\/de\/what-is-epilepsy-2\/\">What is Epilepsy<\/a><\/li><li><a href=\"https:\/\/epilepsypower.indesign.it\/de\/processes-and-steps-to-become-an-inclusive-pwe-organisation\/\">Processes and steps to become an inclusive PwE organisation<\/a><\/li><li><a href=\"https:\/\/epilepsypower.indesign.it\/de\/processes-and-steps-to-become-an-inclusive-pwe-organisation\/section-1-create-and-develop-an-inclusive-policy\/\">Section 1: Create and develop an inclusive policy<\/a><\/li><li><a href=\"https:\/\/epilepsypower.indesign.it\/de\/processes-and-steps-to-become-an-inclusive-pwe-organisation\/section-2-changing-managerial-practices\/\">Section 2: Changing managerial practices<\/a><\/li><li><a href=\"https:\/\/epilepsypower.indesign.it\/de\/processes-and-steps-to-become-an-inclusive-pwe-organisation\/section-3-changing-employee-attitudes\/\">Section 3: Changing employee attitudes<\/a><\/li><li><a href=\"https:\/\/epilepsypower.indesign.it\/de\/processes-and-steps-to-become-an-inclusive-pwe-organisation\/concluding-remarks\/\">Concluding remarks<\/a><\/li><li><a href=\"https:\/\/epilepsypower.indesign.it\/de\/processes-and-steps-to-become-an-inclusive-pwe-organisation\/quiz\/\">Quiz<\/a><\/li><li><a href=\"https:\/\/epilepsypower.indesign.it\/de\/improving-the-knowledge-of-the-best-job-searching-strategies\/\">Improving job searching strategies<\/a><\/li><li><a href=\"https:\/\/epilepsypower.indesign.it\/de\/improving-the-knowledge-of-the-best-job-searching-strategies\/what-do-you-want\/\">Section 1: What do you want?<\/a><\/li><li><a href=\"https:\/\/epilepsypower.indesign.it\/de\/improving-the-knowledge-of-the-best-job-searching-strategies\/section-2-assessing-the-medical-condition-realistically\/\">Section 2: Assessing the medical condition realistically<\/a><\/li><li><a href=\"https:\/\/epilepsypower.indesign.it\/de\/improving-the-knowledge-of-the-best-job-searching-strategies\/section-3-assessing-the-medical-condition-realistically\/\">Section 3: Laws, counselling and support.<\/a><\/li><li><a href=\"https:\/\/epilepsypower.indesign.it\/de\/improving-the-knowledge-of-the-best-job-searching-strategies\/concluding-remarks\/\">Concluding remarks<\/a><\/li><li><a href=\"https:\/\/epilepsypower.indesign.it\/de\/improving-the-knowledge-of-the-best-job-searching-strategies\/quiz\/\">Quiz<\/a><\/li><li><a href=\"https:\/\/epilepsypower.indesign.it\/de\/managing-stress-anxiety-and-frustration-for-better-inclusion\/\">Managing Stress, Anxiety and Frustration for better inclusion<\/a><\/li><li><a href=\"https:\/\/epilepsypower.indesign.it\/de\/managing-stress-anxiety-and-frustration-for-better-inclusion\/section-1-understanding-epilepsy-and-its-impact-on-employees\/\">Section 1: Understanding Epilepsy and Its Impact on Employees<\/a><\/li><li><a href=\"https:\/\/epilepsypower.indesign.it\/de\/managing-stress-anxiety-and-frustration-for-better-inclusion\/section-2-promoting-awareness\/\">Section 2: Creating an Inclusive Workplace Environment<\/a><\/li><li><a href=\"https:\/\/epilepsypower.indesign.it\/de\/managing-stress-anxiety-and-frustration-for-better-inclusion\/section-3-managing-stress-and-anxiety-for-employees-with-epilepsy\/\">Section 3: Managing Stress and Anxiety for Employees with Epilepsy<\/a><\/li><li><a href=\"https:\/\/epilepsypower.indesign.it\/de\/managing-stress-anxiety-and-frustration-for-better-inclusion\/section-4-handling-frustration-and-emotional-well-being\/\">Section 4: Handling Frustration and Emotional Well-being<\/a><\/li><li><a href=\"https:\/\/epilepsypower.indesign.it\/de\/managing-stress-anxiety-and-frustration-for-better-inclusion\/section-5-supportive-workplace-policies-and-legal-considerations\/\">Section 5: Supportive Workplace Policies and Legal Considerations<\/a><\/li><li><a href=\"https:\/\/epilepsypower.indesign.it\/de\/managing-stress-anxiety-and-frustration-for-better-inclusion\/concluding-remarks\/\">Concluding Remarks<\/a><\/li><li><a href=\"https:\/\/epilepsypower.indesign.it\/de\/managing-stress-anxiety-and-frustration-for-better-inclusion\/quiz\/\">Quiz<\/a><\/li><li><a href=\"https:\/\/epilepsypower.indesign.it\/de\/equal-opportunity-rights-for-workers-with-epilepsy\/\">Equal opportunity rights for workers with epilepsy<\/a><\/li><li><a href=\"https:\/\/epilepsypower.indesign.it\/de\/equal-opportunity-rights-for-workers-with-epilepsy\/section-1-obstacles-to-better-professional-integration-for-people-with-disabilities-particularly-epilepsy\/\">Section 1: Obstacles to better professional integration for people with disabilities, particularly epilepsy<\/a><\/li><li><a href=\"https:\/\/epilepsypower.indesign.it\/de\/equal-opportunity-rights-for-workers-with-epilepsy\/section-2-the-international-legal-framework\/\">Section 2: The international legal framework<\/a><\/li><li><a href=\"https:\/\/epilepsypower.indesign.it\/de\/equal-opportunity-rights-for-workers-with-epilepsy\/section-3-the-european-legal-framework\/\">Section 3: The european legal framework<\/a><\/li><li><a href=\"https:\/\/epilepsypower.indesign.it\/de\/equal-opportunity-rights-for-workers-with-epilepsy\/section-4-equal-opportunity-rights-in-italy\/\">Section 4: Equal opportunity rights in Italy<\/a><\/li><li><a href=\"https:\/\/epilepsypower.indesign.it\/de\/equal-opportunity-rights-for-workers-with-epilepsy\/section-5-equal-opportunity-rights-in-bulgaria\/\">Section 5: Equal opportunity rights in Bulgaria<\/a><\/li><li><a href=\"https:\/\/epilepsypower.indesign.it\/de\/equal-opportunity-rights-for-workers-with-epilepsy\/section-6-equal-opportunity-rights-in-ireland\/\">Section 6: Equal opportunity rights in Ireland<\/a><\/li><li><a href=\"https:\/\/epilepsypower.indesign.it\/de\/equal-opportunity-rights-for-workers-with-epilepsy\/section-7-equal-opportunity-rights-in-germany\/\">Section 7: Equal opportunity rights in Germany<\/a><\/li><li><a href=\"https:\/\/epilepsypower.indesign.it\/de\/equal-opportunity-rights-for-workers-with-epilepsy\/section-8-equal-opportunity-rights-in-france\/\">Section 8: Equal opportunity rights in France<\/a><\/li><li><a href=\"https:\/\/epilepsypower.indesign.it\/de\/equal-opportunity-rights-for-workers-with-epilepsy\/section-9-summary-of-key-points-concerning-legislation-to-promote-the-professional-integration-of-disabled-people-in-italy-bulgaria-ireland-germany-and-france\/\">Section 9: Summary of key points concerning legislation to promote the professional integration of disabled people in Italy, Bulgaria, Ireland, Germany and France.<\/a><\/li><li><a href=\"https:\/\/epilepsypower.indesign.it\/de\/equal-opportunity-rights-for-workers-with-epilepsy\/concluding-remarks\/\">Concluding remarks<\/a><\/li><li><a href=\"https:\/\/epilepsypower.indesign.it\/de\/equal-opportunity-rights-for-workers-with-epilepsy\/quiz\/\">Quiz<\/a><\/li><li><a href=\"https:\/\/epilepsypower.indesign.it\/de\/organisation-of-tasks-to-be-assigned-to-people-with-epilepsy\/\">Considerations in assigning tasks to people with epilepsy<\/a><\/li><li><a href=\"https:\/\/epilepsypower.indesign.it\/de\/organisation-of-tasks-to-be-assigned-to-people-with-epilepsy\/assignement-of-tasks-what-do-people-with-epilepsy-need\/\">Section 1: Assignment of tasks - What do people with epilepsy need?<\/a><\/li><li><a href=\"https:\/\/epilepsypower.indesign.it\/de\/organisation-of-tasks-to-be-assigned-to-people-with-epilepsy\/assignment-of-tasks-sensitisation-to-needs-within-the-team\/\">Section 2: Assignment of tasks \u2013 sensitisation to needs within the team<\/a><\/li><li><a href=\"https:\/\/epilepsypower.indesign.it\/de\/organisation-of-tasks-to-be-assigned-to-people-with-epilepsy\/section-3-long-term-goal-self-organising-tasks\/\">Section 3: Long-term goal: self-organising tasks<\/a><\/li><li><a href=\"https:\/\/epilepsypower.indesign.it\/de\/organisation-of-tasks-to-be-assigned-to-people-with-epilepsy\/concluding-remarks\/\">Concluding remarks<\/a><\/li><li><a href=\"https:\/\/epilepsypower.indesign.it\/de\/organisation-of-tasks-to-be-assigned-to-people-with-epilepsy\/quiz\/\">Quiz<\/a><\/li><li><a href=\"https:\/\/epilepsypower.indesign.it\/de\/company-registration\/\">Company Registration<\/a><\/li><li><a href=\"https:\/\/epilepsypower.indesign.it\/de\/how-to-self-promote-and-find-work-opportunities\/\">How to Self-Promote and Find Work Opportunities<\/a><\/li><li><a href=\"https:\/\/epilepsypower.indesign.it\/de\/how-to-self-promote-and-find-work-opportunities\/section-1-self-promotion-in-job-searching\/\">Section 1: Self-Promotion in Job Searching<\/a><\/li><li><a href=\"https:\/\/epilepsypower.indesign.it\/de\/how-to-self-promote-and-find-work-opportunities\/section-2-self-promotion-at-interview\/\">Section 2: Self-Promotion at Interview<\/a><\/li><li><a href=\"https:\/\/epilepsypower.indesign.it\/de\/how-to-self-promote-and-find-work-opportunities\/section-3-self-promotion-in-the-workplace\/\">Section 3: Self-Promotion in the Workplace<\/a><\/li><li><a href=\"https:\/\/epilepsypower.indesign.it\/de\/how-to-self-promote-and-find-work-opportunities\/concluding-remarks\/\">Concluding Remarks<\/a><\/li><li><a href=\"https:\/\/epilepsypower.indesign.it\/de\/how-to-self-promote-and-find-work-opportunities\/quiz\/\">Quiz<\/a><\/li><li><a href=\"https:\/\/epilepsypower.indesign.it\/de\/improving-social-communication-and-interaction-skills\/\">Improving Social Communication and Interaction Skills<\/a><\/li><li><a href=\"https:\/\/epilepsypower.indesign.it\/de\/improving-social-communication-and-interaction-skills\/section-1-understanding-social-communication\/\">Section 1: Understanding Social Communication<\/a><\/li><li><a href=\"https:\/\/epilepsypower.indesign.it\/de\/improving-social-communication-and-interaction-skills\/section-2-recognizing-barriers-to-effective-communication\/\">Section 2: Recognizing Barriers to Effective Communication<\/a><\/li><li><a href=\"https:\/\/epilepsypower.indesign.it\/de\/improving-social-communication-and-interaction-skills\/section-3-active-listening-skills\/\">Section 3: Active Listening Skills<\/a><\/li><li><a href=\"https:\/\/epilepsypower.indesign.it\/de\/improving-social-communication-and-interaction-skills\/section-4-non-verbal-communication\/\">Section 4: Non-Verbal Communication<\/a><\/li><li><a href=\"https:\/\/epilepsypower.indesign.it\/de\/improving-social-communication-and-interaction-skills\/section-5-emotional-intelligence\/\">Section 5: Emotional Intelligence<\/a><\/li><li><a href=\"https:\/\/epilepsypower.indesign.it\/de\/improving-social-communication-and-interaction-skills\/section-6-overcoming-communication-anxiety\/\">Section 6: Overcoming Communication Anxiety<\/a><\/li><li><a href=\"https:\/\/epilepsypower.indesign.it\/de\/improving-social-communication-and-interaction-skills\/section-7-effective-conflict-resolution\/\">Section 7: Effective Conflict Resolution<\/a><\/li><li><a href=\"https:\/\/epilepsypower.indesign.it\/de\/improving-social-communication-and-interaction-skills\/section-8-effective-conflict-resolution\/\">Section 8: Building Social Skills in Specific Contexts<\/a><\/li><li><a href=\"https:\/\/epilepsypower.indesign.it\/de\/improving-social-communication-and-interaction-skills\/conclusion\/\">Conclusion<\/a><\/li><li><a href=\"https:\/\/epilepsypower.indesign.it\/de\/improving-social-communication-and-interaction-skills\/quiz\/\">Quiz<\/a><\/li><li><a href=\"https:\/\/epilepsypower.indesign.it\/de\/lp1-final-test\/\">LP1 Final Test<\/a><\/li><li><a href=\"https:\/\/epilepsypower.indesign.it\/de\/strengthening-your-job-application-process\/\">Strengthening your job application process<\/a><\/li><li><a href=\"https:\/\/epilepsypower.indesign.it\/de\/strengthening-your-job-application-process\/section-1-how-to-find-and-apply-to-a-job-position\/\">Section 1: How to find and apply to a job position<\/a><\/li><li><a href=\"https:\/\/epilepsypower.indesign.it\/de\/strengthening-your-job-application-process\/section-2-how-to-create-a-complete-and-understandable-personal-curriculum\/\">Section 2: How to create a complete and understandable personal curriculum<\/a><\/li><li><a href=\"https:\/\/epilepsypower.indesign.it\/de\/strengthening-your-job-application-process\/section-3-demonstrating-the-right-competencies-for-the-requirements-of-a-job-position\/\">Section 3: Demonstrating the right competencies for the requirements of a job position<\/a><\/li><li><a href=\"https:\/\/epilepsypower.indesign.it\/de\/strengthening-your-job-application-process\/section-4-presenting-and-discussing-effectively-your-professional-and-personal-background-during-a-selection-process\/\">Section 4: Presenting and discussing effectively your professional and personal background during a selection process<\/a><\/li><li><a href=\"https:\/\/epilepsypower.indesign.it\/de\/strengthening-your-job-application-process\/concluding-remarks\/\">Concluding remarks<\/a><\/li><li><a href=\"https:\/\/epilepsypower.indesign.it\/de\/strengthening-your-job-application-process\/quiz\/\">Quiz<\/a><\/li><li><a href=\"https:\/\/epilepsypower.indesign.it\/de\/guiding-selection-of-optimal-employment-based-on-personal-medical-condition\/\">Tailoring Employment Choices to Individual Medical Conditions<\/a><\/li><li><a href=\"https:\/\/epilepsypower.indesign.it\/de\/guiding-selection-of-optimal-employment-based-on-personal-medical-condition\/choosing-appropriate-job\/\">Section 1: Choosing appropriate job<\/a><\/li><li><a href=\"https:\/\/epilepsypower.indesign.it\/de\/guiding-selection-of-optimal-employment-based-on-personal-medical-condition\/choosing-appropriate-job-2\/\">Section 2: \"External\u201d limitations: environmental risks, seizures, physical and cognitive limitations<\/a><\/li><li><a href=\"https:\/\/epilepsypower.indesign.it\/de\/guiding-selection-of-optimal-employment-based-on-personal-medical-condition\/internal-limitations\/\">Section 3: \u201cInternal\u201d limitations<\/a><\/li><li><a href=\"https:\/\/epilepsypower.indesign.it\/de\/guiding-selection-of-optimal-employment-based-on-personal-medical-condition\/concluding-remarks\/\">Concluding remarks<\/a><\/li><li><a href=\"https:\/\/epilepsypower.indesign.it\/de\/guiding-selection-of-optimal-employment-based-on-personal-medical-condition\/quiz\/\">Quiz<\/a><\/li><li><a href=\"https:\/\/epilepsypower.indesign.it\/de\/encouraging-interaction-between-people-with-epilepsy-and-their-co-workers\/\">Encouraging Interaction between People with Epilepsy and their Co-Workers<\/a><\/li><li><a href=\"https:\/\/epilepsypower.indesign.it\/de\/encouraging-interaction-between-people-with-epilepsy-and-their-co-workers\/section-1-understanding-epilepsy-and-its-impact-on-employees\/\">Section 1: Understanding Epilepsy<\/a><\/li><li><a href=\"https:\/\/epilepsypower.indesign.it\/de\/encouraging-interaction-between-people-with-epilepsy-and-their-co-workers\/section-2-promoting-awareness\/\">Section 2: Promoting Awareness<\/a><\/li><li><a href=\"https:\/\/epilepsypower.indesign.it\/de\/encouraging-interaction-between-people-with-epilepsy-and-their-co-workers\/section-3-effective-communication-strategies\/\">Section 3: Effective Communication Strategies<\/a><\/li><li><a href=\"https:\/\/epilepsypower.indesign.it\/de\/encouraging-interaction-between-people-with-epilepsy-and-their-co-workers\/section-4-self-advocacy\/\">Section 4: Self-Advocacy<\/a><\/li><li><a href=\"https:\/\/epilepsypower.indesign.it\/de\/encouraging-interaction-between-people-with-epilepsy-and-their-co-workers\/concluding-remarks\/\">Concluding Remarks<\/a><\/li><li><a href=\"https:\/\/epilepsypower.indesign.it\/de\/encouraging-interaction-between-people-with-epilepsy-and-their-co-workers\/quiz\/\">Quiz<\/a><\/li>\t\t<\/ul>\n\t\t<\/div>\n\t\t\t\t\t\t<\/div>\n\t\t\t\t<\/div>\n\t\t\t\t\t\t<\/div>\r\n\t\t\t\t<\/div>\r\n\t\t\t\t\t\t\t\t\t<div class=\" elementor-column elementor-col-66 elementor-top-column elementor-element elementor-element-3136afc \" data-id=\"3136afc\" data-element_type=\"column\" data-e-type=\"column\">\r\n\r\n\t\t\t\t\r\n\t\t\t\t<div class=\"elementor-widget-wrap elementor-element-populated\">\r\n\t\t\t\t\t\t\t\t\t\t\r\n\t\t\t\t\t\t<div class=\"elementor-element elementor-element-28d3c8d elementor-widget elementor-widget-text-editor\" data-id=\"28d3c8d\" data-element_type=\"widget\" data-e-type=\"widget\" data-no-translation=\"\" data-widget_type=\"text-editor.default\">\n\t\t\t\t<div class=\"elementor-widget-container\">\n\t\t\t\t\t<style>.elementor-element-28d3c8d{display:none !important}<\/style>\t\t\t\t<\/div>\n\t\t\t\t<\/div>\n\t\t\t\t<div class=\"elementor-element elementor-element-db4dd89 elementor-widget elementor-widget-text-editor\" data-id=\"db4dd89\" data-element_type=\"widget\" data-e-type=\"widget\" data-no-translation=\"\" data-widget_type=\"text-editor.default\">\n\t\t\t\t<div class=\"elementor-widget-container\">\n\t\t\t\t\t<style>.elementor-element-db4dd89{display:none !important}<\/style>\t\t\t\t<\/div>\n\t\t\t\t<\/div>\n\t\t\t\t<div class=\"elementor-element elementor-element-9f8819e elementor-widget elementor-widget-text-editor\" data-id=\"9f8819e\" data-element_type=\"widget\" data-e-type=\"widget\" data-no-translation=\"\" data-widget_type=\"text-editor.default\">\n\t\t\t\t<div class=\"elementor-widget-container\">\n\t\t\t\t\t<style>.elementor-element-9f8819e{display:none !important}<\/style>\t\t\t\t<\/div>\n\t\t\t\t<\/div>\n\t\t\t\t<div class=\"elementor-element elementor-element-0788466 elementor-widget elementor-widget-text-editor\" data-id=\"0788466\" data-element_type=\"widget\" data-e-type=\"widget\" data-no-translation=\"\" data-widget_type=\"text-editor.default\">\n\t\t\t\t<div class=\"elementor-widget-container\">\n\t\t\t\t\t<style>.elementor-element-0788466{display:none !important}<\/style>\t\t\t\t<\/div>\n\t\t\t\t<\/div>\n\t\t\t\t<div class=\"elementor-element elementor-element-1f6feac elementor-widget elementor-widget-text-editor\" data-id=\"1f6feac\" data-element_type=\"widget\" data-e-type=\"widget\" data-no-translation=\"\" data-widget_type=\"text-editor.default\">\n\t\t\t\t<div class=\"elementor-widget-container\">\n\t\t\t\t\t\t\t\t\t<ul><li>Das Wesen der Epilepsie verstehen und m\u00f6gliche Ausl\u00f6ser erkennen: Das Verst\u00e4ndnis der Epilepsie, ihrer Arten, Ausl\u00f6ser und Auswirkungen ist der Schl\u00fcssel zur Integration. Identifizieren Sie Stressoren, halten regelm\u00e4\u00dfige Zeitpl\u00e4ne ein und schaffen eine unterst\u00fctzende Umgebung.<\/li><li>Herausforderungen f\u00fcr Menschen mit Epilepsie vor der Einstellung: Menschen mit Epilepsie stehen vor Herausforderungen wie Anfallskontrolle, Fahrverbote und Offenlegungsproblemen. Arbeitgeber:innen m\u00fcssen diese Probleme verstehen und angehen, um Inklusion zu f\u00f6rdern.<\/li><li>Von der Wahrung der \u00e4rztlichen Schweigepflicht bis zur Festlegung und Umsetzung angemessener Vorkehrungen: Die Wahrung der \u00e4rztlichen Schweigepflicht bei gleichzeitiger Umsetzung angemessener Vorkehrungen ist von entscheidender Bedeutung. Betriebs\u00e4rzt:innen sorgen f\u00fcr eine sichere, individuelle Unterst\u00fctzung f\u00fcr Mitarbeiter:innen mit Epilepsie.<\/li><li>Arten von Vorkehrungen f\u00fcr Menschen mit Epilepsie am Arbeitsplatz: flexible Zeitplanung, ver\u00e4nderte Arbeitsumgebungen, Stressmanagement und individuelle Aufgaben sind wichtige Vorkehrungen. Schulungen und ganzheitliche Unterst\u00fctzung verbessern die Integration und Produktivit\u00e4t.<\/li><li>Gew\u00e4hrleistung der Sicherheit am Arbeitsplatz und Erstellung eines Aktionsplans: Entwickeln und kommunizieren Sie einen Aktionsplan f\u00fcr Anf\u00e4lle, einschlie\u00dflich Notfallkontakten und medizinischer Versorgung vor Ort. Schaffen Sie ein unterst\u00fctzendes Umfeld f\u00fcr Menschen mit Behinderung mit festgelegten Sicherheitsprotokollen.<\/li><\/ul><p><strong><u>Einf\u00fchrung <\/u><\/strong><\/p><p>Bei der Einf\u00fchrung in das Thema &#8220;Vorkehrungen f\u00fcr Menschen mit Epilepsie&#8221; geht es um die Betonung von Inklusivit\u00e4t, rechtlichen Verpflichtungen und dem praktischen Nutzen von Unterst\u00fctzung. Der internationale und europ\u00e4ische Rechtsrahmen schreibt angemessene Vorkehrungen vor. Artikel 27 des \u00dcbereinkommens der Vereinten Nationen \u00fcber die Rechte von Menschen mit Behinderungen (CRPD) sichert das Recht von Menschen mit Behinderungen, auf gleicher Ebene mit anderen zu arbeiten, einschlie\u00dflich der Bereitstellung angemessener Vorkehrungen.<\/p><p>Unternehmen, die diese Bestimmungen nicht einhalten, riskieren schwerwiegende Verst\u00f6\u00dfe, einschlie\u00dflich rechtlicher, rufsch\u00e4digender und betrieblicher Konsequenzen, wie etwa den Verlust von Talenten oder Produktivit\u00e4tsr\u00fcckgang.<\/p><p>Durch die Einhaltung der Vorschriften werden nicht nur die gesetzlichen Verpflichtungen erf\u00fcllt, sondern es wird auch ein inklusiver, produktiver und unterst\u00fctzender Arbeitsplatz gef\u00f6rdert.<\/p><p>Angemessene Vorkehrungen m\u00fcssen auf individueller Basis definiert werden, insbesondere f\u00fcr Menschen mit Epilepsie, da diese Erkrankung sehr unterschiedlich ist. Menschen mit Epilepsie (PwE) k\u00f6nnen individuelle Einschr\u00e4nkungen aufweisen, die Anpassungen erfordern, wobei der Schweregrad von Person zu Person variiert. Bedenken Sie, dass nicht alle Menschen mit Epilepsie Anpassungen ben\u00f6tigen oder dass oft nur wenige erforderlich sind, um ihre Arbeit zu leisten.<\/p><p>Ziel dieses Moduls ist es, die verschiedenen Anpassungsm\u00f6glichkeiten f\u00fcr Menschen mit Epilepsie zu verstehen und zu erl\u00e4utern, warum sie n\u00fctzlich sein k\u00f6nnen.<\/p><p>Davor gibt es drei Schritte:<\/p><ol><li>Verstehen des Wesens der Epilepsie und Identifikation m\u00f6glicher Ausl\u00f6ser.<\/li><li>Kenntnis der drei Herausforderungen, mit denen Menschen mit Epilepsie vor der Aufnahme einer Besch\u00e4ftigung konfrontiert sind: Anfallskontrolle, Fahrverbote und die Entscheidung, ob man seine Krankheit offenlegen soll oder nicht.<\/li><li>Seien sie sich bewusst, wie wichtig es ist, die \u00e4rztliche Schweigepflicht zu wahren, und verstehen Sie die Schl\u00fcsselrolle, die Betriebs\u00e4rzt:innen bei der Festlegung und Umsetzung der erforderlichen angemessenen Vorkehrungen spielen k\u00f6nnen.<\/li><\/ol><p>Nach dem Studium dieses Moduls werden Sie die folgenden Lernziele erreichen:<\/p><ul><li>Sie werden in der Lage sein, die Einschr\u00e4nkungen einer Person mit Behinderung zu erkennen und zu verstehen.<\/li><li>Sie werden besser in der Lage sein, angemessene Vorkehrungen f\u00fcr Menschen mit Epilepsie am Arbeitsplatz zu treffen.<\/li><\/ul><p>Das Modul umfasst 5 Abschnitte.<\/p><table><tbody><tr><td width=\"604\"><blockquote><p>Zeugnis von St\u00e9phane<a href=\"#_ftn1\" name=\"_ftnref1\">[1]<\/a><\/p><p>\u201eDie Epilepsie hat mein Leben \u00fcber Nacht auf den Kopf gestellt. Ich war Gesch\u00e4ftsf\u00fchrer eines Unternehmens, und eines Tages wachte ich auf und hatte alles in meinem Leben vergessen, von meiner fr\u00fchesten Kindheit bis zum heutigen Tag. Ich konnte mich an nichts mehr erinnern. Heute habe ich ein bis vier Anf\u00e4lle im Monat. Manchmal falle ich, manchmal nicht. Der Ged\u00e4chtnisverlust tritt weniger h\u00e4ufig auf, stellt aber immer noch ein Problem dar. \u00dcber andere Symptome wird nicht gesprochen, und das ist das Problem. Epilepsie ist f\u00fcr Neurolog:innen manchmal genauso r\u00e4tselhaft&#8221;, erkl\u00e4rt St\u00e9phane, der in letzter Zeit immer h\u00e4ufiger st\u00fcrzt, wie sein Verband beweist, der eine kleine Narbe an der linken Schl\u00e4fe verdeckt. \u201eIch hatte hier etwas Pech&#8221;, gibt St\u00e9phane zu. \u201eIch muss ehrlich sagen, der Januar 2020 war kein guter Monat f\u00fcr mich. Ich habe jetzt seit fast f\u00fcnf Jahren Epilepsie und trotzdem bin ich oft hingefallen.\u201c St\u00e9phane nimmt jeden Tag vier verschiedene Medikamente ein, von denen einige ihn &#8220;berauschen&#8221; und ihm die Worte rauben k\u00f6nnen. Aber er hat noch viel mehr verloren, seit er unter Epilepsie leidet. \u201eIch habe mein Gesch\u00e4ft verloren, ich kann nicht mehr arbeiten, ich habe gro\u00dfe Probleme in meiner Beziehung&#8221;, res\u00fcmiert der Vierzigj\u00e4hrige verh\u00e4ngnisvoll. \u201eDas einzig Positive ist, dass ich mein wundersch\u00f6nes kleines M\u00e4dchen behalten habe. Aber mein Leben ist v\u00f6llig auf den Kopf gestellt worden&#8221;.<\/p><\/blockquote><\/td><\/tr><\/tbody><\/table><p><a href=\"#_ftnref1\" name=\"_ftn1\">[1]<\/a> Fillon, N. (2020, 10 f\u00e9vrier). T\u00c9MOIGNAGE &#8211; &#8221; L&#8217;\u00e9pilepsie a fait basculer ma vie &#8220;. <em>Ici Par France Bleu et France 3. <\/em><a href=\"https:\/\/www.francebleu.fr\/infos\/sante-sciences\/journee-internationale-de-l-epilepsie-l-epilepsie-a-fait-basculer-ma-vie-1581098974\">https:\/\/www.francebleu.fr\/infos\/sante-sciences\/journee-internationale-de-l-epilepsie-l-epilepsie-a-fait-basculer-ma-vie-1581098974<\/a><\/p>\t\t\t\t\t\t\t\t<\/div>\n\t\t\t\t<\/div>\n\t\t\t\t\t\t<\/div>\r\n\t\t\t\t<\/div>\r\n\t\t\t\t\t\t\t\t<\/div>\r\n\t\t\t<\/section>\r\n\t\t\t\t\t<section class=\" elementor-section elementor-top-section elementor-element elementor-element-ed0591e elementor-section-boxed elementor-section-height-default elementor-section-height-default smart-sticky-default\" data-id=\"ed0591e\" data-element_type=\"section\" data-e-type=\"section\">\r\n\t\t\t\t\t\t\t\t<div class=\"elementor-container elementor-column-gap-default\">\r\n\t\t\t\t\r\n\t\t\t\t\t\t\t\t<div class=\" elementor-column elementor-col-100 elementor-top-column elementor-element elementor-element-311b858 \" data-id=\"311b858\" data-element_type=\"column\" data-e-type=\"column\">\r\n\r\n\t\t\t\t\r\n\t\t\t\t<div class=\"elementor-widget-wrap elementor-element-populated\">\r\n\t\t\t\t\t\t\t\t\t\t\r\n\t\t\t\t\t\t<div class=\"elementor-element elementor-element-9de7977 elementor-widget elementor-widget-shortcode\" data-id=\"9de7977\" data-element_type=\"widget\" data-e-type=\"widget\" data-widget_type=\"shortcode.default\">\n\t\t\t\t<div class=\"elementor-widget-container\">\n\t\t\t\t\t\t\t<div class=\"elementor-shortcode\"><div style=\"width:100%; text-align: center; margin: 20px 0; font-weight: bold;\">\n\t\t<a href=\"https:\/\/epilepsypower.indesign.it\/de\/\"> Next: \"Home\" &raquo;&raquo; <\/a> \t\t<\/div><\/div>\n\t\t\t\t\t\t<\/div>\n\t\t\t\t<\/div>\n\t\t\t\t\t\t<\/div>\r\n\t\t\t\t<\/div>\r\n\t\t\t\t\t\t\t\t<\/div>\r\n\t\t\t<\/section>\r\n\t\t\t\t\t<\/div>\n\t\t","protected":false},"excerpt":{"rendered":"<p>Understanding the nature of epilepsy and recognizing potential triggers : Understanding epilepsy, its types, triggers, and impacts is key for inclusion. Identify stressors, maintain regular schedules, and create supportive environments. Challenges faced by people with epilepsy prior to employment : People with epilepsy face challenges like seizure control, driving restrictions, and disclosure dilemmas. Employers must [&hellip;]<\/p>\n","protected":false},"author":2,"featured_media":0,"parent":0,"menu_order":0,"comment_status":"closed","ping_status":"closed","template":"","meta":{"footnotes":""},"class_list":["post-2832","page","type-page","status-publish","hentry"],"yoast_head":"<!-- This site is optimized with the Yoast SEO plugin v27.3 - https:\/\/yoast.com\/product\/yoast-seo-wordpress\/ -->\n<title>Accommodating people with epilepsy in business processes and activities - Epilepsy Power<\/title>\n<meta name=\"robots\" content=\"noindex, follow, max-snippet:-1, max-image-preview:large, max-video-preview:-1\" \/>\n<meta property=\"og:locale\" content=\"de_DE\" \/>\n<meta property=\"og:type\" content=\"article\" \/>\n<meta property=\"og:title\" content=\"Accommodating people with epilepsy in business processes and activities - Epilepsy Power\" \/>\n<meta property=\"og:description\" content=\"Understanding the nature of epilepsy and recognizing potential triggers : Understanding epilepsy, its types, triggers, and impacts is key for inclusion. Identify stressors, maintain regular schedules, and create supportive environments. Challenges faced by people with epilepsy prior to employment : People with epilepsy face challenges like seizure control, driving restrictions, and disclosure dilemmas. Employers must [&hellip;]\" \/>\n<meta property=\"og:url\" content=\"https:\/\/epilepsypower.indesign.it\/de\/accommodating-people-with-epilepsy-in-business-processes-and-activities\/\" \/>\n<meta property=\"og:site_name\" content=\"Epilepsy Power\" \/>\n<meta property=\"article:modified_time\" content=\"2025-01-25T21:15:12+00:00\" \/>\n<meta name=\"twitter:card\" content=\"summary_large_image\" \/>\n<meta name=\"twitter:label1\" content=\"Gesch\u00e4tzte Lesezeit\" \/>\n\t<meta name=\"twitter:data1\" content=\"15\u00a0Minuten\" \/>\n<script type=\"application\/ld+json\" class=\"yoast-schema-graph\">{\"@context\":\"https:\\\/\\\/schema.org\",\"@graph\":[{\"@type\":\"WebPage\",\"@id\":\"https:\\\/\\\/epilepsypower.indesign.it\\\/accommodating-people-with-epilepsy-in-business-processes-and-activities\\\/\",\"url\":\"https:\\\/\\\/epilepsypower.indesign.it\\\/accommodating-people-with-epilepsy-in-business-processes-and-activities\\\/\",\"name\":\"Accommodating people with epilepsy in business processes and activities - Epilepsy Power\",\"isPartOf\":{\"@id\":\"https:\\\/\\\/epilepsypower.indesign.it\\\/#website\"},\"datePublished\":\"2024-09-26T08:13:40+00:00\",\"dateModified\":\"2025-01-25T21:15:12+00:00\",\"breadcrumb\":{\"@id\":\"https:\\\/\\\/epilepsypower.indesign.it\\\/accommodating-people-with-epilepsy-in-business-processes-and-activities\\\/#breadcrumb\"},\"inLanguage\":\"de\",\"potentialAction\":[{\"@type\":\"ReadAction\",\"target\":[\"https:\\\/\\\/epilepsypower.indesign.it\\\/accommodating-people-with-epilepsy-in-business-processes-and-activities\\\/\"]}]},{\"@type\":\"BreadcrumbList\",\"@id\":\"https:\\\/\\\/epilepsypower.indesign.it\\\/accommodating-people-with-epilepsy-in-business-processes-and-activities\\\/#breadcrumb\",\"itemListElement\":[{\"@type\":\"ListItem\",\"position\":1,\"name\":\"Home\",\"item\":\"https:\\\/\\\/epilepsypower.indesign.it\\\/\"},{\"@type\":\"ListItem\",\"position\":2,\"name\":\"Accommodating people with epilepsy in business processes and activities\"}]},{\"@type\":\"WebSite\",\"@id\":\"https:\\\/\\\/epilepsypower.indesign.it\\\/#website\",\"url\":\"https:\\\/\\\/epilepsypower.indesign.it\\\/\",\"name\":\"Epilepsy Power\",\"description\":\"Epilepsy Power\",\"publisher\":{\"@id\":\"https:\\\/\\\/epilepsypower.indesign.it\\\/#organization\"},\"potentialAction\":[{\"@type\":\"SearchAction\",\"target\":{\"@type\":\"EntryPoint\",\"urlTemplate\":\"https:\\\/\\\/epilepsypower.indesign.it\\\/?s={search_term_string}\"},\"query-input\":{\"@type\":\"PropertyValueSpecification\",\"valueRequired\":true,\"valueName\":\"search_term_string\"}}],\"inLanguage\":\"de\"},{\"@type\":\"Organization\",\"@id\":\"https:\\\/\\\/epilepsypower.indesign.it\\\/#organization\",\"name\":\"Epilepsy Power\",\"url\":\"https:\\\/\\\/epilepsypower.indesign.it\\\/\",\"logo\":{\"@type\":\"ImageObject\",\"inLanguage\":\"de\",\"@id\":\"https:\\\/\\\/epilepsypower.indesign.it\\\/#\\\/schema\\\/logo\\\/image\\\/\",\"url\":\"https:\\\/\\\/epilepsypower.indesign.it\\\/wp-content\\\/uploads\\\/2023\\\/04\\\/cropped-cropped-logo-epilepsy-power.png\",\"contentUrl\":\"https:\\\/\\\/epilepsypower.indesign.it\\\/wp-content\\\/uploads\\\/2023\\\/04\\\/cropped-cropped-logo-epilepsy-power.png\",\"width\":512,\"height\":512,\"caption\":\"Epilepsy Power\"},\"image\":{\"@id\":\"https:\\\/\\\/epilepsypower.indesign.it\\\/#\\\/schema\\\/logo\\\/image\\\/\"}}]}<\/script>\n<!-- \/ Yoast SEO plugin. -->","yoast_head_json":{"title":"Accommodating people with epilepsy in business processes and activities - Epilepsy Power","robots":{"index":"noindex","follow":"follow","max-snippet":"max-snippet:-1","max-image-preview":"max-image-preview:large","max-video-preview":"max-video-preview:-1"},"og_locale":"de_DE","og_type":"article","og_title":"Accommodating people with epilepsy in business processes and activities - Epilepsy Power","og_description":"Understanding the nature of epilepsy and recognizing potential triggers : Understanding epilepsy, its types, triggers, and impacts is key for inclusion. Identify stressors, maintain regular schedules, and create supportive environments. Challenges faced by people with epilepsy prior to employment : People with epilepsy face challenges like seizure control, driving restrictions, and disclosure dilemmas. Employers must [&hellip;]","og_url":"https:\/\/epilepsypower.indesign.it\/de\/accommodating-people-with-epilepsy-in-business-processes-and-activities\/","og_site_name":"Epilepsy Power","article_modified_time":"2025-01-25T21:15:12+00:00","twitter_card":"summary_large_image","twitter_misc":{"Gesch\u00e4tzte Lesezeit":"15\u00a0Minuten"},"schema":{"@context":"https:\/\/schema.org","@graph":[{"@type":"WebPage","@id":"https:\/\/epilepsypower.indesign.it\/accommodating-people-with-epilepsy-in-business-processes-and-activities\/","url":"https:\/\/epilepsypower.indesign.it\/accommodating-people-with-epilepsy-in-business-processes-and-activities\/","name":"Accommodating people with epilepsy in business processes and activities - Epilepsy Power","isPartOf":{"@id":"https:\/\/epilepsypower.indesign.it\/#website"},"datePublished":"2024-09-26T08:13:40+00:00","dateModified":"2025-01-25T21:15:12+00:00","breadcrumb":{"@id":"https:\/\/epilepsypower.indesign.it\/accommodating-people-with-epilepsy-in-business-processes-and-activities\/#breadcrumb"},"inLanguage":"de","potentialAction":[{"@type":"ReadAction","target":["https:\/\/epilepsypower.indesign.it\/accommodating-people-with-epilepsy-in-business-processes-and-activities\/"]}]},{"@type":"BreadcrumbList","@id":"https:\/\/epilepsypower.indesign.it\/accommodating-people-with-epilepsy-in-business-processes-and-activities\/#breadcrumb","itemListElement":[{"@type":"ListItem","position":1,"name":"Home","item":"https:\/\/epilepsypower.indesign.it\/"},{"@type":"ListItem","position":2,"name":"Accommodating people with epilepsy in business processes and activities"}]},{"@type":"WebSite","@id":"https:\/\/epilepsypower.indesign.it\/#website","url":"https:\/\/epilepsypower.indesign.it\/","name":"Epilepsy Power","description":"Epilepsy Power","publisher":{"@id":"https:\/\/epilepsypower.indesign.it\/#organization"},"potentialAction":[{"@type":"SearchAction","target":{"@type":"EntryPoint","urlTemplate":"https:\/\/epilepsypower.indesign.it\/?s={search_term_string}"},"query-input":{"@type":"PropertyValueSpecification","valueRequired":true,"valueName":"search_term_string"}}],"inLanguage":"de"},{"@type":"Organization","@id":"https:\/\/epilepsypower.indesign.it\/#organization","name":"Epilepsy Power","url":"https:\/\/epilepsypower.indesign.it\/","logo":{"@type":"ImageObject","inLanguage":"de","@id":"https:\/\/epilepsypower.indesign.it\/#\/schema\/logo\/image\/","url":"https:\/\/epilepsypower.indesign.it\/wp-content\/uploads\/2023\/04\/cropped-cropped-logo-epilepsy-power.png","contentUrl":"https:\/\/epilepsypower.indesign.it\/wp-content\/uploads\/2023\/04\/cropped-cropped-logo-epilepsy-power.png","width":512,"height":512,"caption":"Epilepsy Power"},"image":{"@id":"https:\/\/epilepsypower.indesign.it\/#\/schema\/logo\/image\/"}}]}},"_links":{"self":[{"href":"https:\/\/epilepsypower.indesign.it\/de\/wp-json\/wp\/v2\/pages\/2832","targetHints":{"allow":["GET"]}}],"collection":[{"href":"https:\/\/epilepsypower.indesign.it\/de\/wp-json\/wp\/v2\/pages"}],"about":[{"href":"https:\/\/epilepsypower.indesign.it\/de\/wp-json\/wp\/v2\/types\/page"}],"author":[{"embeddable":true,"href":"https:\/\/epilepsypower.indesign.it\/de\/wp-json\/wp\/v2\/users\/2"}],"replies":[{"embeddable":true,"href":"https:\/\/epilepsypower.indesign.it\/de\/wp-json\/wp\/v2\/comments?post=2832"}],"version-history":[{"count":31,"href":"https:\/\/epilepsypower.indesign.it\/de\/wp-json\/wp\/v2\/pages\/2832\/revisions"}],"predecessor-version":[{"id":5607,"href":"https:\/\/epilepsypower.indesign.it\/de\/wp-json\/wp\/v2\/pages\/2832\/revisions\/5607"}],"wp:attachment":[{"href":"https:\/\/epilepsypower.indesign.it\/de\/wp-json\/wp\/v2\/media?parent=2832"}],"curies":[{"name":"wp","href":"https:\/\/api.w.org\/{rel}","templated":true}]}}