{"id":2956,"date":"2024-09-26T18:56:49","date_gmt":"2024-09-26T16:56:49","guid":{"rendered":"https:\/\/epilepsypower.indesign.it\/?page_id=2956"},"modified":"2025-02-07T14:53:27","modified_gmt":"2025-02-07T13:53:27","slug":"section-2-the-international-legal-framework","status":"publish","type":"page","link":"https:\/\/epilepsypower.indesign.it\/de\/equal-opportunity-rights-for-workers-with-epilepsy\/section-2-the-international-legal-framework\/","title":{"rendered":"Abschnitt 2: Der internationale Rechtsrahmen"},"content":{"rendered":"\t\t<div data-elementor-type=\"wp-page\" data-elementor-id=\"2956\" class=\"elementor elementor-2956\">\n\t\t\t\t\t\t<section class=\" elementor-section elementor-top-section elementor-element elementor-element-ead8a2f elementor-section-boxed elementor-section-height-default elementor-section-height-default smart-sticky-default\" data-id=\"ead8a2f\" data-element_type=\"section\" data-e-type=\"section\">\r\n\t\t\t\t\t\t\t\t<div class=\"elementor-container elementor-column-gap-default\">\r\n\t\t\t\t\r\n\t\t\t\t\t\t\t\t<div class=\" elementor-column elementor-col-33 elementor-top-column elementor-element elementor-element-8934037 \" data-id=\"8934037\" data-element_type=\"column\" data-e-type=\"column\">\r\n\r\n\t\t\t\t\r\n\t\t\t\t<div class=\"elementor-widget-wrap elementor-element-populated\">\r\n\t\t\t\t\t\t\t\t\t\t\r\n\t\t\t\t\t\t<div class=\"elementor-element elementor-element-1c780ed elementor-widget elementor-widget-shortcode\" data-id=\"1c780ed\" data-element_type=\"widget\" data-e-type=\"widget\" data-widget_type=\"shortcode.default\">\n\t\t\t\t<div class=\"elementor-widget-container\">\n\t\t\t\t\t\t\t<div class=\"elementor-shortcode\">\t\t<ul class=\"sommario_corso\">\n\t\t\t\n\t\t<li><strong>Introduction<\/strong><\/li>\t\n\t\t\t\n\t\t<li><a href=\"https:\/\/epilepsypower.indesign.it\/de\/\">Home<\/a><\/li><li><a href=\"https:\/\/epilepsypower.indesign.it\/de\/essentials-of-human-resources-management\/\">Essentials of human resources management<\/a><\/li><li><a href=\"https:\/\/epilepsypower.indesign.it\/de\/essentials-of-human-resources-management\/section-1-knowing-the-main-competences-of-a-hr-manager-and-the-main-activities-of-hr-office\/\">Section 1: Knowing the main competences of a HR manager and the main activities of HR office<\/a><\/li><li><a href=\"https:\/\/epilepsypower.indesign.it\/de\/essentials-of-human-resources-management\/section-2-understanding-the-specific-needs-of-pwe-to-allow-optimal-integration-in-a-workplace\/\">Section 2: Understanding the specific needs of PwE to allow optimal integration in a workplace<\/a><\/li><li><a href=\"https:\/\/epilepsypower.indesign.it\/de\/essentials-of-human-resources-management\/section-3-how-to-manage-people-considering-the-size-of-the-organization-and-other-diversity-inclusion-management-aspects-needed-for-pwe\/\">Section 3: How to manage people by considering the size of the organization and other diversity-inclusion management aspects needed for PwE<\/a><\/li><li><a href=\"https:\/\/epilepsypower.indesign.it\/de\/essentials-of-human-resources-management\/section-4-measuring-and-enhancing-staff-performance-using-appropriate-evaluation-methods-including-for-people-with-epilepsy-pwe\/\">Section 4: Measuring and enhancing staff performance using appropriate evaluation methods, including for people with epilepsy (PwE)<\/a><\/li><li><a href=\"https:\/\/epilepsypower.indesign.it\/de\/essentials-of-human-resources-management\/concluding-remarks\/\">Concluding Remarks<\/a><\/li><li><a href=\"https:\/\/epilepsypower.indesign.it\/de\/essentials-of-human-resources-management\/quiz-2\/\">Quiz<\/a><\/li><li><a href=\"https:\/\/epilepsypower.indesign.it\/de\/accommodating-people-with-epilepsy-in-business-processes-and-activities\/\">Accommodating people with epilepsy in business processes and activities<\/a><\/li><li><a href=\"https:\/\/epilepsypower.indesign.it\/de\/accommodating-people-with-epilepsy-in-business-processes-and-activities\/section-1-understanding-the-nature-of-epilepsy-and-recognizing-potential-triggers\/\">Section 1: Understanding the nature of epilepsy and recognizing potential triggers.<\/a><\/li><li><a href=\"https:\/\/epilepsypower.indesign.it\/de\/accommodating-people-with-epilepsy-in-business-processes-and-activities\/section-2-challenges-faced-by-people-with-epilepsy-prior-to-employment\/\">Section 2: Challenges faced by people with epilepsy prior to employment<\/a><\/li><li><a href=\"https:\/\/epilepsypower.indesign.it\/de\/accommodating-people-with-epilepsy-in-business-processes-and-activities\/section-3-from-respecting-medical-confidentiality-to-defining-and-implementing-the-necessary-reasonable-accommodations-the-key-role-of-the-occupational-physician\/\">Section 3: From respecting medical confidentiality to defining and implementing the necessary reasonable accommodations: the key role of the occupational physician<\/a><\/li><li><a href=\"https:\/\/epilepsypower.indesign.it\/de\/accommodating-people-with-epilepsy-in-business-processes-and-activities\/section-4-type-of-accommodation-for-people-with-epilepsy-in-the-workplace\/\">Section 4: Type of accommodation for people with epilepsy in the workplace.<\/a><\/li><li><a href=\"https:\/\/epilepsypower.indesign.it\/de\/accommodating-people-with-epilepsy-in-business-processes-and-activities\/section-5-ensuring-safety-in-the-workplace-and-creating-a-plan-of-action\/\">Section 5: Ensuring safety in the workplace and creating a plan of action<\/a><\/li><li><a href=\"https:\/\/epilepsypower.indesign.it\/de\/accommodating-people-with-epilepsy-in-business-processes-and-activities\/concluding-remarks\/\">Concluding remarks<\/a><\/li><li><a href=\"https:\/\/epilepsypower.indesign.it\/de\/accommodating-people-with-epilepsy-in-business-processes-and-activities\/quiz\/\">Quiz<\/a><\/li><li><a href=\"https:\/\/epilepsypower.indesign.it\/de\/lp2-final-test\/\">LP2 Final Test<\/a><\/li><li><a href=\"https:\/\/epilepsypower.indesign.it\/de\/what-is-epilepsy\/\">What is Epilepsy<\/a><\/li><li><a href=\"https:\/\/epilepsypower.indesign.it\/de\/epilepsy-and-time-management\/\">Epilepsy and time management<\/a><\/li><li><a href=\"https:\/\/epilepsypower.indesign.it\/de\/epilepsy-and-time-management\/meaning-and-importance-of-time-management-in-the-working-life-of-people-with-epilepsy\/\">Section 1: Meaning and importance of time management in the working life of people with epilepsy<\/a><\/li><li><a href=\"https:\/\/epilepsypower.indesign.it\/de\/epilepsy-and-time-management\/section-2-how-can-i-establish-good-time-management-for-people-with-epilepsy-in-my-organisation\/\">Section 2: How can I establish good time management for people with epilepsy in my organisation?<\/a><\/li><li><a href=\"https:\/\/epilepsypower.indesign.it\/de\/epilepsy-and-time-management\/how-can-i-establish-good-time-management-for-people-with-epilepsy-in-my-organisation\/\">Section 3: Coaching people with epilepsy \u2013 concrete tools & methods<\/a><\/li><li><a href=\"https:\/\/epilepsypower.indesign.it\/de\/epilepsy-and-time-management\/concluding-remarks\/\">Concluding remarks<\/a><\/li><li><a href=\"https:\/\/epilepsypower.indesign.it\/de\/epilepsy-and-time-management\/quiz\/\">Quiz<\/a><\/li><li><a href=\"https:\/\/epilepsypower.indesign.it\/de\/conducting-a-personal-assessment-of-epilepsy-to-minimize-workplace-risks\/\">Conducting a Personal Assessment of Epilepsy to Minimize Workplace Risks<\/a><\/li><li><a href=\"https:\/\/epilepsypower.indesign.it\/de\/conducting-a-personal-assessment-of-epilepsy-to-minimize-workplace-risks\/section-1-seizures-and-triggering-factors\/\">Section 1: Seizures and triggering factors<\/a><\/li><li><a href=\"https:\/\/epilepsypower.indesign.it\/de\/conducting-a-personal-assessment-of-epilepsy-to-minimize-workplace-risks\/section-2-methods\/\">Section 2: Physical effects<\/a><\/li><li><a href=\"https:\/\/epilepsypower.indesign.it\/de\/conducting-a-personal-assessment-of-epilepsy-to-minimize-workplace-risks\/section-3-cognitive-effects\/\">Section 3: Cognitive effects<\/a><\/li><li><a href=\"https:\/\/epilepsypower.indesign.it\/de\/conducting-a-personal-assessment-of-epilepsy-to-minimize-workplace-risks\/concluding-remarks-2\/\">Individual assessment tool<\/a><\/li><li><a href=\"https:\/\/epilepsypower.indesign.it\/de\/conducting-a-personal-assessment-of-epilepsy-to-minimize-workplace-risks\/concluding-remarks\/\">Concluding remarks<\/a><\/li><li><a href=\"https:\/\/epilepsypower.indesign.it\/de\/conducting-a-personal-assessment-of-epilepsy-to-minimize-workplace-risks\/quiz\/\">Quiz<\/a><\/li><li><a href=\"https:\/\/epilepsypower.indesign.it\/de\/what-is-epilepsy-2\/\">What is Epilepsy<\/a><\/li><li><a href=\"https:\/\/epilepsypower.indesign.it\/de\/processes-and-steps-to-become-an-inclusive-pwe-organisation\/\">Processes and steps to become an inclusive PwE organisation<\/a><\/li><li><a href=\"https:\/\/epilepsypower.indesign.it\/de\/processes-and-steps-to-become-an-inclusive-pwe-organisation\/section-1-create-and-develop-an-inclusive-policy\/\">Section 1: Create and develop an inclusive policy<\/a><\/li><li><a href=\"https:\/\/epilepsypower.indesign.it\/de\/processes-and-steps-to-become-an-inclusive-pwe-organisation\/section-2-changing-managerial-practices\/\">Section 2: Changing managerial practices<\/a><\/li><li><a href=\"https:\/\/epilepsypower.indesign.it\/de\/processes-and-steps-to-become-an-inclusive-pwe-organisation\/section-3-changing-employee-attitudes\/\">Section 3: Changing employee attitudes<\/a><\/li><li><a href=\"https:\/\/epilepsypower.indesign.it\/de\/processes-and-steps-to-become-an-inclusive-pwe-organisation\/concluding-remarks\/\">Concluding remarks<\/a><\/li><li><a href=\"https:\/\/epilepsypower.indesign.it\/de\/processes-and-steps-to-become-an-inclusive-pwe-organisation\/quiz\/\">Quiz<\/a><\/li><li><a href=\"https:\/\/epilepsypower.indesign.it\/de\/improving-the-knowledge-of-the-best-job-searching-strategies\/\">Improving job searching strategies<\/a><\/li><li><a href=\"https:\/\/epilepsypower.indesign.it\/de\/improving-the-knowledge-of-the-best-job-searching-strategies\/what-do-you-want\/\">Section 1: What do you want?<\/a><\/li><li><a href=\"https:\/\/epilepsypower.indesign.it\/de\/improving-the-knowledge-of-the-best-job-searching-strategies\/section-2-assessing-the-medical-condition-realistically\/\">Section 2: Assessing the medical condition realistically<\/a><\/li><li><a href=\"https:\/\/epilepsypower.indesign.it\/de\/improving-the-knowledge-of-the-best-job-searching-strategies\/section-3-assessing-the-medical-condition-realistically\/\">Section 3: Laws, counselling and support.<\/a><\/li><li><a href=\"https:\/\/epilepsypower.indesign.it\/de\/improving-the-knowledge-of-the-best-job-searching-strategies\/concluding-remarks\/\">Concluding remarks<\/a><\/li><li><a href=\"https:\/\/epilepsypower.indesign.it\/de\/improving-the-knowledge-of-the-best-job-searching-strategies\/quiz\/\">Quiz<\/a><\/li><li><a href=\"https:\/\/epilepsypower.indesign.it\/de\/managing-stress-anxiety-and-frustration-for-better-inclusion\/\">Managing Stress, Anxiety and Frustration for better inclusion<\/a><\/li><li><a href=\"https:\/\/epilepsypower.indesign.it\/de\/managing-stress-anxiety-and-frustration-for-better-inclusion\/section-1-understanding-epilepsy-and-its-impact-on-employees\/\">Section 1: Understanding Epilepsy and Its Impact on Employees<\/a><\/li><li><a href=\"https:\/\/epilepsypower.indesign.it\/de\/managing-stress-anxiety-and-frustration-for-better-inclusion\/section-2-promoting-awareness\/\">Section 2: Creating an Inclusive Workplace Environment<\/a><\/li><li><a href=\"https:\/\/epilepsypower.indesign.it\/de\/managing-stress-anxiety-and-frustration-for-better-inclusion\/section-3-managing-stress-and-anxiety-for-employees-with-epilepsy\/\">Section 3: Managing Stress and Anxiety for Employees with Epilepsy<\/a><\/li><li><a href=\"https:\/\/epilepsypower.indesign.it\/de\/managing-stress-anxiety-and-frustration-for-better-inclusion\/section-4-handling-frustration-and-emotional-well-being\/\">Section 4: Handling Frustration and Emotional Well-being<\/a><\/li><li><a href=\"https:\/\/epilepsypower.indesign.it\/de\/managing-stress-anxiety-and-frustration-for-better-inclusion\/section-5-supportive-workplace-policies-and-legal-considerations\/\">Section 5: Supportive Workplace Policies and Legal Considerations<\/a><\/li><li><a href=\"https:\/\/epilepsypower.indesign.it\/de\/managing-stress-anxiety-and-frustration-for-better-inclusion\/concluding-remarks\/\">Concluding Remarks<\/a><\/li><li><a href=\"https:\/\/epilepsypower.indesign.it\/de\/managing-stress-anxiety-and-frustration-for-better-inclusion\/quiz\/\">Quiz<\/a><\/li><li><a href=\"https:\/\/epilepsypower.indesign.it\/de\/equal-opportunity-rights-for-workers-with-epilepsy\/\">Equal opportunity rights for workers with epilepsy<\/a><\/li><li><a href=\"https:\/\/epilepsypower.indesign.it\/de\/equal-opportunity-rights-for-workers-with-epilepsy\/section-1-obstacles-to-better-professional-integration-for-people-with-disabilities-particularly-epilepsy\/\">Section 1: Obstacles to better professional integration for people with disabilities, particularly epilepsy<\/a><\/li><li><a href=\"https:\/\/epilepsypower.indesign.it\/de\/equal-opportunity-rights-for-workers-with-epilepsy\/section-2-the-international-legal-framework\/\">Section 2: The international legal framework<\/a><\/li><li><a href=\"https:\/\/epilepsypower.indesign.it\/de\/equal-opportunity-rights-for-workers-with-epilepsy\/section-3-the-european-legal-framework\/\">Section 3: The european legal framework<\/a><\/li><li><a href=\"https:\/\/epilepsypower.indesign.it\/de\/equal-opportunity-rights-for-workers-with-epilepsy\/section-4-equal-opportunity-rights-in-italy\/\">Section 4: Equal opportunity rights in Italy<\/a><\/li><li><a href=\"https:\/\/epilepsypower.indesign.it\/de\/equal-opportunity-rights-for-workers-with-epilepsy\/section-5-equal-opportunity-rights-in-bulgaria\/\">Section 5: Equal opportunity rights in Bulgaria<\/a><\/li><li><a href=\"https:\/\/epilepsypower.indesign.it\/de\/equal-opportunity-rights-for-workers-with-epilepsy\/section-6-equal-opportunity-rights-in-ireland\/\">Section 6: Equal opportunity rights in Ireland<\/a><\/li><li><a href=\"https:\/\/epilepsypower.indesign.it\/de\/equal-opportunity-rights-for-workers-with-epilepsy\/section-7-equal-opportunity-rights-in-germany\/\">Section 7: Equal opportunity rights in Germany<\/a><\/li><li><a href=\"https:\/\/epilepsypower.indesign.it\/de\/equal-opportunity-rights-for-workers-with-epilepsy\/section-8-equal-opportunity-rights-in-france\/\">Section 8: Equal opportunity rights in France<\/a><\/li><li><a href=\"https:\/\/epilepsypower.indesign.it\/de\/equal-opportunity-rights-for-workers-with-epilepsy\/section-9-summary-of-key-points-concerning-legislation-to-promote-the-professional-integration-of-disabled-people-in-italy-bulgaria-ireland-germany-and-france\/\">Section 9: Summary of key points concerning legislation to promote the professional integration of disabled people in Italy, Bulgaria, Ireland, Germany and France.<\/a><\/li><li><a href=\"https:\/\/epilepsypower.indesign.it\/de\/equal-opportunity-rights-for-workers-with-epilepsy\/concluding-remarks\/\">Concluding remarks<\/a><\/li><li><a href=\"https:\/\/epilepsypower.indesign.it\/de\/equal-opportunity-rights-for-workers-with-epilepsy\/quiz\/\">Quiz<\/a><\/li><li><a href=\"https:\/\/epilepsypower.indesign.it\/de\/organisation-of-tasks-to-be-assigned-to-people-with-epilepsy\/\">Considerations in assigning tasks to people with epilepsy<\/a><\/li><li><a href=\"https:\/\/epilepsypower.indesign.it\/de\/organisation-of-tasks-to-be-assigned-to-people-with-epilepsy\/assignement-of-tasks-what-do-people-with-epilepsy-need\/\">Section 1: Assignment of tasks - What do people with epilepsy need?<\/a><\/li><li><a href=\"https:\/\/epilepsypower.indesign.it\/de\/organisation-of-tasks-to-be-assigned-to-people-with-epilepsy\/assignment-of-tasks-sensitisation-to-needs-within-the-team\/\">Section 2: Assignment of tasks \u2013 sensitisation to needs within the team<\/a><\/li><li><a href=\"https:\/\/epilepsypower.indesign.it\/de\/organisation-of-tasks-to-be-assigned-to-people-with-epilepsy\/section-3-long-term-goal-self-organising-tasks\/\">Section 3: Long-term goal: self-organising tasks<\/a><\/li><li><a href=\"https:\/\/epilepsypower.indesign.it\/de\/organisation-of-tasks-to-be-assigned-to-people-with-epilepsy\/concluding-remarks\/\">Concluding remarks<\/a><\/li><li><a href=\"https:\/\/epilepsypower.indesign.it\/de\/organisation-of-tasks-to-be-assigned-to-people-with-epilepsy\/quiz\/\">Quiz<\/a><\/li><li><a href=\"https:\/\/epilepsypower.indesign.it\/de\/company-registration\/\">Company Registration<\/a><\/li><li><a href=\"https:\/\/epilepsypower.indesign.it\/de\/how-to-self-promote-and-find-work-opportunities\/\">How to Self-Promote and Find Work Opportunities<\/a><\/li><li><a href=\"https:\/\/epilepsypower.indesign.it\/de\/how-to-self-promote-and-find-work-opportunities\/section-1-self-promotion-in-job-searching\/\">Section 1: Self-Promotion in Job Searching<\/a><\/li><li><a href=\"https:\/\/epilepsypower.indesign.it\/de\/how-to-self-promote-and-find-work-opportunities\/section-2-self-promotion-at-interview\/\">Section 2: Self-Promotion at Interview<\/a><\/li><li><a href=\"https:\/\/epilepsypower.indesign.it\/de\/how-to-self-promote-and-find-work-opportunities\/section-3-self-promotion-in-the-workplace\/\">Section 3: Self-Promotion in the Workplace<\/a><\/li><li><a href=\"https:\/\/epilepsypower.indesign.it\/de\/how-to-self-promote-and-find-work-opportunities\/concluding-remarks\/\">Concluding Remarks<\/a><\/li><li><a href=\"https:\/\/epilepsypower.indesign.it\/de\/how-to-self-promote-and-find-work-opportunities\/quiz\/\">Quiz<\/a><\/li><li><a href=\"https:\/\/epilepsypower.indesign.it\/de\/improving-social-communication-and-interaction-skills\/\">Improving Social Communication and Interaction Skills<\/a><\/li><li><a href=\"https:\/\/epilepsypower.indesign.it\/de\/improving-social-communication-and-interaction-skills\/section-1-understanding-social-communication\/\">Section 1: Understanding Social Communication<\/a><\/li><li><a href=\"https:\/\/epilepsypower.indesign.it\/de\/improving-social-communication-and-interaction-skills\/section-2-recognizing-barriers-to-effective-communication\/\">Section 2: Recognizing Barriers to Effective Communication<\/a><\/li><li><a href=\"https:\/\/epilepsypower.indesign.it\/de\/improving-social-communication-and-interaction-skills\/section-3-active-listening-skills\/\">Section 3: Active Listening Skills<\/a><\/li><li><a href=\"https:\/\/epilepsypower.indesign.it\/de\/improving-social-communication-and-interaction-skills\/section-4-non-verbal-communication\/\">Section 4: Non-Verbal Communication<\/a><\/li><li><a href=\"https:\/\/epilepsypower.indesign.it\/de\/improving-social-communication-and-interaction-skills\/section-5-emotional-intelligence\/\">Section 5: Emotional Intelligence<\/a><\/li><li><a href=\"https:\/\/epilepsypower.indesign.it\/de\/improving-social-communication-and-interaction-skills\/section-6-overcoming-communication-anxiety\/\">Section 6: Overcoming Communication Anxiety<\/a><\/li><li><a href=\"https:\/\/epilepsypower.indesign.it\/de\/improving-social-communication-and-interaction-skills\/section-7-effective-conflict-resolution\/\">Section 7: Effective Conflict Resolution<\/a><\/li><li><a href=\"https:\/\/epilepsypower.indesign.it\/de\/improving-social-communication-and-interaction-skills\/section-8-effective-conflict-resolution\/\">Section 8: Building Social Skills in Specific Contexts<\/a><\/li><li><a href=\"https:\/\/epilepsypower.indesign.it\/de\/improving-social-communication-and-interaction-skills\/conclusion\/\">Conclusion<\/a><\/li><li><a href=\"https:\/\/epilepsypower.indesign.it\/de\/improving-social-communication-and-interaction-skills\/quiz\/\">Quiz<\/a><\/li><li><a href=\"https:\/\/epilepsypower.indesign.it\/de\/lp1-final-test\/\">LP1 Final Test<\/a><\/li><li><a href=\"https:\/\/epilepsypower.indesign.it\/de\/strengthening-your-job-application-process\/\">Strengthening your job application process<\/a><\/li><li><a href=\"https:\/\/epilepsypower.indesign.it\/de\/strengthening-your-job-application-process\/section-1-how-to-find-and-apply-to-a-job-position\/\">Section 1: How to find and apply to a job position<\/a><\/li><li><a href=\"https:\/\/epilepsypower.indesign.it\/de\/strengthening-your-job-application-process\/section-2-how-to-create-a-complete-and-understandable-personal-curriculum\/\">Section 2: How to create a complete and understandable personal curriculum<\/a><\/li><li><a href=\"https:\/\/epilepsypower.indesign.it\/de\/strengthening-your-job-application-process\/section-3-demonstrating-the-right-competencies-for-the-requirements-of-a-job-position\/\">Section 3: Demonstrating the right competencies for the requirements of a job position<\/a><\/li><li><a href=\"https:\/\/epilepsypower.indesign.it\/de\/strengthening-your-job-application-process\/section-4-presenting-and-discussing-effectively-your-professional-and-personal-background-during-a-selection-process\/\">Section 4: Presenting and discussing effectively your professional and personal background during a selection process<\/a><\/li><li><a href=\"https:\/\/epilepsypower.indesign.it\/de\/strengthening-your-job-application-process\/concluding-remarks\/\">Concluding remarks<\/a><\/li><li><a href=\"https:\/\/epilepsypower.indesign.it\/de\/strengthening-your-job-application-process\/quiz\/\">Quiz<\/a><\/li><li><a href=\"https:\/\/epilepsypower.indesign.it\/de\/guiding-selection-of-optimal-employment-based-on-personal-medical-condition\/\">Tailoring Employment Choices to Individual Medical Conditions<\/a><\/li><li><a href=\"https:\/\/epilepsypower.indesign.it\/de\/guiding-selection-of-optimal-employment-based-on-personal-medical-condition\/choosing-appropriate-job\/\">Section 1: Choosing appropriate job<\/a><\/li><li><a href=\"https:\/\/epilepsypower.indesign.it\/de\/guiding-selection-of-optimal-employment-based-on-personal-medical-condition\/choosing-appropriate-job-2\/\">Section 2: \"External\u201d limitations: environmental risks, seizures, physical and cognitive limitations<\/a><\/li><li><a href=\"https:\/\/epilepsypower.indesign.it\/de\/guiding-selection-of-optimal-employment-based-on-personal-medical-condition\/internal-limitations\/\">Section 3: \u201cInternal\u201d limitations<\/a><\/li><li><a href=\"https:\/\/epilepsypower.indesign.it\/de\/guiding-selection-of-optimal-employment-based-on-personal-medical-condition\/concluding-remarks\/\">Concluding remarks<\/a><\/li><li><a href=\"https:\/\/epilepsypower.indesign.it\/de\/guiding-selection-of-optimal-employment-based-on-personal-medical-condition\/quiz\/\">Quiz<\/a><\/li><li><a href=\"https:\/\/epilepsypower.indesign.it\/de\/encouraging-interaction-between-people-with-epilepsy-and-their-co-workers\/\">Encouraging Interaction between People with Epilepsy and their Co-Workers<\/a><\/li><li><a href=\"https:\/\/epilepsypower.indesign.it\/de\/encouraging-interaction-between-people-with-epilepsy-and-their-co-workers\/section-1-understanding-epilepsy-and-its-impact-on-employees\/\">Section 1: Understanding Epilepsy<\/a><\/li><li><a href=\"https:\/\/epilepsypower.indesign.it\/de\/encouraging-interaction-between-people-with-epilepsy-and-their-co-workers\/section-2-promoting-awareness\/\">Section 2: Promoting Awareness<\/a><\/li><li><a href=\"https:\/\/epilepsypower.indesign.it\/de\/encouraging-interaction-between-people-with-epilepsy-and-their-co-workers\/section-3-effective-communication-strategies\/\">Section 3: Effective Communication Strategies<\/a><\/li><li><a href=\"https:\/\/epilepsypower.indesign.it\/de\/encouraging-interaction-between-people-with-epilepsy-and-their-co-workers\/section-4-self-advocacy\/\">Section 4: Self-Advocacy<\/a><\/li><li><a href=\"https:\/\/epilepsypower.indesign.it\/de\/encouraging-interaction-between-people-with-epilepsy-and-their-co-workers\/concluding-remarks\/\">Concluding Remarks<\/a><\/li><li><a href=\"https:\/\/epilepsypower.indesign.it\/de\/encouraging-interaction-between-people-with-epilepsy-and-their-co-workers\/quiz\/\">Quiz<\/a><\/li>\t\t<\/ul>\n\t\t<\/div>\n\t\t\t\t\t\t<\/div>\n\t\t\t\t<\/div>\n\t\t\t\t\t\t<\/div>\r\n\t\t\t\t<\/div>\r\n\t\t\t\t\t\t\t\t\t<div class=\" elementor-column elementor-col-66 elementor-top-column elementor-element elementor-element-3136afc \" data-id=\"3136afc\" data-element_type=\"column\" data-e-type=\"column\">\r\n\r\n\t\t\t\t\r\n\t\t\t\t<div class=\"elementor-widget-wrap elementor-element-populated\">\r\n\t\t\t\t\t\t\t\t\t\t\r\n\t\t\t\t\t\t<div class=\"elementor-element elementor-element-7f83756 elementor-widget elementor-widget-text-editor\" data-id=\"7f83756\" data-element_type=\"widget\" data-e-type=\"widget\" data-no-translation=\"\" data-widget_type=\"text-editor.default\">\n\t\t\t\t<div class=\"elementor-widget-container\">\n\t\t\t\t\t<style>.elementor-element-7f83756{display:none !important}<\/style>\t\t\t\t<\/div>\n\t\t\t\t<\/div>\n\t\t\t\t<div class=\"elementor-element elementor-element-4b2ef1d elementor-widget elementor-widget-text-editor\" data-id=\"4b2ef1d\" data-element_type=\"widget\" data-e-type=\"widget\" data-no-translation=\"\" data-widget_type=\"text-editor.default\">\n\t\t\t\t<div class=\"elementor-widget-container\">\n\t\t\t\t\t<style>.elementor-element-4b2ef1d{display:none !important}<\/style>\t\t\t\t<\/div>\n\t\t\t\t<\/div>\n\t\t\t\t<div class=\"elementor-element elementor-element-1d9be2a elementor-widget elementor-widget-text-editor\" data-id=\"1d9be2a\" data-element_type=\"widget\" data-e-type=\"widget\" data-no-translation=\"\" data-widget_type=\"text-editor.default\">\n\t\t\t\t<div class=\"elementor-widget-container\">\n\t\t\t\t\t<style>.elementor-element-1d9be2a{display:none !important}<\/style>\t\t\t\t<\/div>\n\t\t\t\t<\/div>\n\t\t\t\t<div class=\"elementor-element elementor-element-5e0d83d elementor-widget elementor-widget-text-editor\" data-id=\"5e0d83d\" data-element_type=\"widget\" data-e-type=\"widget\" data-no-translation=\"\" data-widget_type=\"text-editor.default\">\n\t\t\t\t<div class=\"elementor-widget-container\">\n\t\t\t\t\t<style>.elementor-element-5e0d83d{display:none !important}<\/style>\t\t\t\t<\/div>\n\t\t\t\t<\/div>\n\t\t\t\t<div class=\"elementor-element elementor-element-fd3a254 elementor-widget elementor-widget-text-editor\" data-id=\"fd3a254\" data-element_type=\"widget\" data-e-type=\"widget\" data-no-translation=\"\" data-widget_type=\"text-editor.default\">\n\t\t\t\t<div class=\"elementor-widget-container\">\n\t\t\t\t\t\t\t\t\t<table><tbody><tr><td width=\"604\"><blockquote><p>Zeugnis von Marie:<\/p><p>Ich denke, Sie sollten nicht z\u00f6gern, sich als behinderte:r Arbeitnehmer:in von Ihrem \u00f6rtlichen Amt f\u00fcr behinderte Menschen anerkennen zu lassen. Ich habe 15 Jahre lang gearbeitet, ohne etwas zu sagen, ohne mich zu beschweren und meine Schwierigkeiten zu verbergen. Es war m\u00fchsam und kompliziert, mit diesem Geheimnis in der Arbeitswelt zu leben. Dann hatte ich eines Tages einen Anfall im B\u00fcro, weil ich ersch\u00f6pft und unter Schlafentzug dorthin ging. Ich dachte, es w\u00e4re eine Katastrophe, wenn alle von meiner Krankheit w\u00fcssten, aber das war es \u00fcberhaupt nicht, im Gegenteil. Jetzt hat mir die Betriebsarztpraxis einen geeigneteren Arbeitsplatz vermittelt, und ich kann Pausen machen. Ich werde nie wieder ohne Schlaf zur Arbeit gehen, meine Arbeitszeit ist reduziert worden. Eine Zeit lang habe ich sogar eine Invalidenrente erhalten. Meine Lebensqualit\u00e4t hat sich &#8216;dank&#8217; dieser Krise im B\u00fcro erheblich verbessert. Nat\u00fcrlich gab es auch schwierige Tage (Entzug der Zulassung, das Wiederauftreten der Anf\u00e4lle w\u00e4hrend einer Behandlung, die sie verschlimmerte, und eine Nervenentz\u00fcndung aufgrund einer anderen Behandlung, die ich nicht vertragen habe). Kurzum, jetzt, wo ich stabil bin, bedaure ich, dass ich meine Rechte nicht fr\u00fcher geltend gemacht habe. Sie sollten wissen, dass behinderte Arbeitnehmer:innen Anspruch auf Vorruhestand haben, aber Sie m\u00fcssen sich noch anmelden&#8230; f\u00fcr mich etwas sp\u00e4t. Weitere Informationen finden Sie beim Amt oder Betriebs\u00e4rzt:in. Diejenigen unter Ihnen, die noch studieren, sollten keine Berufe mit schwierigen Arbeitszeiten w\u00e4hlen, wie z. B. in der Gastronomie, oder Berufe, die zu laut und zu anstrengend f\u00fcr uns sind. B\u00fcrojobs mit festen Arbeitszeiten und Teppichboden, falls man st\u00fcrzt, sind besser geeignet.<a href=\"#_ftn1\" name=\"_ftnref1\">[1]<\/a><\/p><\/blockquote><\/td><\/tr><\/tbody><\/table><p><a href=\"#_ftnref1\" name=\"_ftn1\">[1]<\/a> F\u00fcrsorglichkeit. (s. d.-c). <em>Epilepsie et monde du travail<\/em>. Forum Epilepsie. <a href=\"https:\/\/www.carenity.com\/forum\/epilepsie\/lepilepsie-au-quotidien\/epilepsie-et-monde-du-travail-8695\">https:\/\/www.carenity.com\/forum\/epilepsie\/lepilepsie-au-quotidien\/epilepsie-et-monde-du-travail-8695<\/a><\/p><p>Der internationale Rechtsrahmen f\u00fcr die berufliche Eingliederung von Menschen mit Behinderungen, einschlie\u00dflich Menschen mit Epilepsie, basiert auf einer Reihe von Vertr\u00e4gen, Konventionen und Richtlinien, die von internationalen Organisationen wie den Vereinten Nationen und der Internationalen Arbeitsorganisation (ILO) ausgearbeitet wurden. Diese Rechtsinstrumente verpflichten die Mitgliedstaaten, Ma\u00dfnahmen zur F\u00f6rderung der Chancengleichheit und der beruflichen Eingliederung zu ergreifen und gleichzeitig ein barrierefreies sowie diskriminierungsfreies Arbeitsumfeld zu schaffen.<\/p><p>Das 2006 verabschiedete <strong>\u00dcbereinkommen der Vereinten Nationen \u00fcber die Rechte von Menschen mit Behinderungen (<\/strong><strong>UN-BRK)<\/strong> ist ein internationaler Vertrag, der den vollen und gleichberechtigten Genuss aller Menschenrechte und Grundfreiheiten durch Menschen mit Behinderungen f\u00f6rdern, sch\u00fctzen und gew\u00e4hrleisten soll. Das \u00dcbereinkommen legt besonderen Wert auf Diskriminierungsfreiheit, soziale Inklusion, Chancengleichheit und Barrierefreiheit.<\/p><p>Die wichtigsten Artikel sind\u00a0:\u00a0<\/p><ul><li>Artikel 2: legt fest, dass die <strong>Verweigerung angemessener Vorkehrungen <\/strong>eine Form der <strong>Diskriminierung <\/strong>darstellt, es sei denn, sie stellt eine unverh\u00e4ltnism\u00e4\u00dfige oder \u00fcberm\u00e4\u00dfige Belastung dar.<\/li><li>Artikel 4: verpflichtet die Staaten, alle geeigneten Ma\u00dfnahmen zu ergreifen, um <strong>die Diskriminierung aus Gr\u00fcnden einer Behinderung <\/strong>durch Personen, Organisationen oder private Unternehmen <strong>zu beseitigen<\/strong>.<\/li><li>Artikel 9: hebt die <strong>Bedeutung der Barrierefreiheit in allen Lebensbereiche, einschlie\u00dflich des Arbeitsplatzes, <\/strong>hervor<strong>, um Menschen mit <\/strong>Behinderungen die volle und wirksame Teilhabe an der Gesellschaft <strong>zu erm\u00f6glichen<\/strong>.<\/li><li>Artikel 21: fordert die Staaten dazu auf, <strong>private Unternehmen<\/strong>, die Dienstleistungen f\u00fcr die \u00d6ffentlichkeit anbieten \u2013 auch \u00fcber das Internet \u2013, dazu zu ermutigen, <strong>Informationen und Dienstleistungen in barrierefreien und nutzbaren Formaten f\u00fcr Menschen mit Behinderungen bereitzustellen.<\/strong><\/li><li>Artikel 27: verpflichtet die Staaten, das Arbeitsrecht f\u00fcr Menschen mit Behinderungen ebenso wie das von anderen Arbeitnehmer:innen anzuerkennen. Er verlangt, dass <strong>Diskriminierung aufgrund einer Behinderung bei der Besch\u00e4ftigung verboten wird, die Besch\u00e4ftigungsm\u00f6glichkeiten gef\u00f6rdert<\/strong> und geeignete Ma\u00dfnahmen ergriffen werden, um Menschen mit Behinderungen in einem inklusiven und barrierefreien Arbeitsumfeld zu besch\u00e4ftigen.<\/li><\/ul><p><strong>Das \u00dcbereinkommen Nr. 159 der Internationalen Arbeitsorganisation (IAO) \u00fcber berufliche Rehabilitation und Besch\u00e4ftigung <\/strong>(1983) verpflichtet die Mitgliedstaaten zur Entwicklung und Umsetzung nationaler Richtlinien f\u00fcr die berufliche Rehabilitation und Besch\u00e4ftigung von Menschen mit Behinderung. Es betont Chancengleichheit und Gleichberechtigung bei der Besch\u00e4ftigung und empfiehlt Ma\u00dfnahmen zur beruflichen Rehabilitation, um Menschen mit Behinderung zu helfen, eine Besch\u00e4ftigung zu finden, zu behalten und voranzukommen.<\/p><p>Zu den weiteren internationalen Initiativen geh\u00f6rt das<strong> World Program of Action Concerning Disabled Persons <\/strong>(1982). Dieses von der Generalversammlung der Vereinten Nationen verabschiedete Weltaktionsprogramm f\u00f6rdert einen integrierten und umfassenden Ansatz in Bezug auf das Thema Behinderung. Es konzentriert sich auf die Beseitigung von Hindernissen f\u00fcr die Teilhabe von Menschen mit Behinderung in allen Lebensbereichen, einschlie\u00dflich der Arbeit<strong>. <\/strong><\/p><p>In der Erkl\u00e4rung der Vereinten Nationen \u00fcber die Rechte von Menschen mit Behinderung aus dem Jahr 1975 sind die grundlegenden Rechtsprinzipien f\u00fcr Menschen mit Behinderung festgelegt, darunter das Recht auf Arbeit und auf angemessenen Sozialschutz.<\/p>\t\t\t\t\t\t\t\t<\/div>\n\t\t\t\t<\/div>\n\t\t\t\t<div class=\"elementor-element elementor-element-ba1c812 elementor-widget elementor-widget-text-editor\" data-id=\"ba1c812\" data-element_type=\"widget\" data-e-type=\"widget\" data-no-translation=\"\" data-widget_type=\"text-editor.default\">\n\t\t\t\t<div class=\"elementor-widget-container\">\n\t\t\t\t\t<style>.elementor-element-ba1c812{display:none !important}<\/style>\t\t\t\t<\/div>\n\t\t\t\t<\/div>\n\t\t\t\t\t\t<\/div>\r\n\t\t\t\t<\/div>\r\n\t\t\t\t\t\t\t\t<\/div>\r\n\t\t\t<\/section>\r\n\t\t\t\t\t<section class=\" elementor-section elementor-top-section elementor-element elementor-element-ed0591e elementor-section-boxed elementor-section-height-default elementor-section-height-default smart-sticky-default\" data-id=\"ed0591e\" data-element_type=\"section\" data-e-type=\"section\">\r\n\t\t\t\t\t\t\t\t<div class=\"elementor-container elementor-column-gap-default\">\r\n\t\t\t\t\r\n\t\t\t\t\t\t\t\t<div class=\" elementor-column elementor-col-100 elementor-top-column elementor-element elementor-element-311b858 \" data-id=\"311b858\" data-element_type=\"column\" data-e-type=\"column\">\r\n\r\n\t\t\t\t\r\n\t\t\t\t<div class=\"elementor-widget-wrap elementor-element-populated\">\r\n\t\t\t\t\t\t\t\t\t\t\r\n\t\t\t\t\t\t<div class=\"elementor-element elementor-element-9de7977 elementor-widget elementor-widget-shortcode\" data-id=\"9de7977\" data-element_type=\"widget\" data-e-type=\"widget\" data-widget_type=\"shortcode.default\">\n\t\t\t\t<div class=\"elementor-widget-container\">\n\t\t\t\t\t\t\t<div class=\"elementor-shortcode\"><div style=\"width:100%; text-align: center; margin: 20px 0; font-weight: bold;\">\n\t\t<a href=\"https:\/\/epilepsypower.indesign.it\/de\/\"> Next: \"Home\" &raquo;&raquo; <\/a> \t\t<\/div><\/div>\n\t\t\t\t\t\t<\/div>\n\t\t\t\t<\/div>\n\t\t\t\t\t\t<\/div>\r\n\t\t\t\t<\/div>\r\n\t\t\t\t\t\t\t\t<\/div>\r\n\t\t\t<\/section>\r\n\t\t\t\t\t<\/div>\n\t\t","protected":false},"excerpt":{"rendered":"<p>Testimony from Marie : I don&#8217;t think you should hesitate to get yourself recognised as a disabled worker by your local departmental disabled people&#8217;s office (MDPH). I worked for 15 years without saying anything, without complaining, hiding my difficulties. It was burdensome and complicated to live in the world of work with this secret. Then [&hellip;]<\/p>\n","protected":false},"author":2,"featured_media":0,"parent":2952,"menu_order":2,"comment_status":"closed","ping_status":"closed","template":"","meta":{"footnotes":""},"class_list":["post-2956","page","type-page","status-publish","hentry"],"yoast_head":"<!-- This site is optimized with the Yoast SEO plugin v27.3 - https:\/\/yoast.com\/product\/yoast-seo-wordpress\/ -->\n<title>Section 2: The international legal framework - Epilepsy Power<\/title>\n<meta name=\"robots\" content=\"noindex, follow, max-snippet:-1, max-image-preview:large, max-video-preview:-1\" \/>\n<meta property=\"og:locale\" content=\"de_DE\" \/>\n<meta property=\"og:type\" content=\"article\" \/>\n<meta property=\"og:title\" content=\"Section 2: The international legal framework - Epilepsy Power\" \/>\n<meta property=\"og:description\" content=\"Testimony from Marie : I don&#8217;t think you should hesitate to get yourself recognised as a disabled worker by your local departmental disabled people&#8217;s office (MDPH). I worked for 15 years without saying anything, without complaining, hiding my difficulties. It was burdensome and complicated to live in the world of work with this secret. Then [&hellip;]\" \/>\n<meta property=\"og:url\" content=\"https:\/\/epilepsypower.indesign.it\/de\/equal-opportunity-rights-for-workers-with-epilepsy\/section-2-the-international-legal-framework\/\" \/>\n<meta property=\"og:site_name\" content=\"Epilepsy Power\" \/>\n<meta property=\"article:modified_time\" content=\"2025-02-07T13:53:27+00:00\" \/>\n<meta name=\"twitter:card\" content=\"summary_large_image\" \/>\n<meta name=\"twitter:label1\" content=\"Gesch\u00e4tzte Lesezeit\" \/>\n\t<meta name=\"twitter:data1\" content=\"13\u00a0Minuten\" \/>\n<script type=\"application\/ld+json\" class=\"yoast-schema-graph\">{\"@context\":\"https:\\\/\\\/schema.org\",\"@graph\":[{\"@type\":\"WebPage\",\"@id\":\"https:\\\/\\\/epilepsypower.indesign.it\\\/equal-opportunity-rights-for-workers-with-epilepsy\\\/section-2-the-international-legal-framework\\\/\",\"url\":\"https:\\\/\\\/epilepsypower.indesign.it\\\/equal-opportunity-rights-for-workers-with-epilepsy\\\/section-2-the-international-legal-framework\\\/\",\"name\":\"Section 2: The international legal framework - Epilepsy Power\",\"isPartOf\":{\"@id\":\"https:\\\/\\\/epilepsypower.indesign.it\\\/#website\"},\"datePublished\":\"2024-09-26T16:56:49+00:00\",\"dateModified\":\"2025-02-07T13:53:27+00:00\",\"breadcrumb\":{\"@id\":\"https:\\\/\\\/epilepsypower.indesign.it\\\/equal-opportunity-rights-for-workers-with-epilepsy\\\/section-2-the-international-legal-framework\\\/#breadcrumb\"},\"inLanguage\":\"de\",\"potentialAction\":[{\"@type\":\"ReadAction\",\"target\":[\"https:\\\/\\\/epilepsypower.indesign.it\\\/equal-opportunity-rights-for-workers-with-epilepsy\\\/section-2-the-international-legal-framework\\\/\"]}]},{\"@type\":\"BreadcrumbList\",\"@id\":\"https:\\\/\\\/epilepsypower.indesign.it\\\/equal-opportunity-rights-for-workers-with-epilepsy\\\/section-2-the-international-legal-framework\\\/#breadcrumb\",\"itemListElement\":[{\"@type\":\"ListItem\",\"position\":1,\"name\":\"Home\",\"item\":\"https:\\\/\\\/epilepsypower.indesign.it\\\/\"},{\"@type\":\"ListItem\",\"position\":2,\"name\":\"Equal opportunity rights for workers with epilepsy\",\"item\":\"https:\\\/\\\/epilepsypower.indesign.it\\\/equal-opportunity-rights-for-workers-with-epilepsy\\\/\"},{\"@type\":\"ListItem\",\"position\":3,\"name\":\"Section 2: The international legal framework\"}]},{\"@type\":\"WebSite\",\"@id\":\"https:\\\/\\\/epilepsypower.indesign.it\\\/#website\",\"url\":\"https:\\\/\\\/epilepsypower.indesign.it\\\/\",\"name\":\"Epilepsy Power\",\"description\":\"Epilepsy Power\",\"publisher\":{\"@id\":\"https:\\\/\\\/epilepsypower.indesign.it\\\/#organization\"},\"potentialAction\":[{\"@type\":\"SearchAction\",\"target\":{\"@type\":\"EntryPoint\",\"urlTemplate\":\"https:\\\/\\\/epilepsypower.indesign.it\\\/?s={search_term_string}\"},\"query-input\":{\"@type\":\"PropertyValueSpecification\",\"valueRequired\":true,\"valueName\":\"search_term_string\"}}],\"inLanguage\":\"de\"},{\"@type\":\"Organization\",\"@id\":\"https:\\\/\\\/epilepsypower.indesign.it\\\/#organization\",\"name\":\"Epilepsy Power\",\"url\":\"https:\\\/\\\/epilepsypower.indesign.it\\\/\",\"logo\":{\"@type\":\"ImageObject\",\"inLanguage\":\"de\",\"@id\":\"https:\\\/\\\/epilepsypower.indesign.it\\\/#\\\/schema\\\/logo\\\/image\\\/\",\"url\":\"https:\\\/\\\/epilepsypower.indesign.it\\\/wp-content\\\/uploads\\\/2023\\\/04\\\/cropped-cropped-logo-epilepsy-power.png\",\"contentUrl\":\"https:\\\/\\\/epilepsypower.indesign.it\\\/wp-content\\\/uploads\\\/2023\\\/04\\\/cropped-cropped-logo-epilepsy-power.png\",\"width\":512,\"height\":512,\"caption\":\"Epilepsy Power\"},\"image\":{\"@id\":\"https:\\\/\\\/epilepsypower.indesign.it\\\/#\\\/schema\\\/logo\\\/image\\\/\"}}]}<\/script>\n<!-- \/ Yoast SEO plugin. -->","yoast_head_json":{"title":"Section 2: The international legal framework - Epilepsy Power","robots":{"index":"noindex","follow":"follow","max-snippet":"max-snippet:-1","max-image-preview":"max-image-preview:large","max-video-preview":"max-video-preview:-1"},"og_locale":"de_DE","og_type":"article","og_title":"Section 2: The international legal framework - Epilepsy Power","og_description":"Testimony from Marie : I don&#8217;t think you should hesitate to get yourself recognised as a disabled worker by your local departmental disabled people&#8217;s office (MDPH). I worked for 15 years without saying anything, without complaining, hiding my difficulties. It was burdensome and complicated to live in the world of work with this secret. Then [&hellip;]","og_url":"https:\/\/epilepsypower.indesign.it\/de\/equal-opportunity-rights-for-workers-with-epilepsy\/section-2-the-international-legal-framework\/","og_site_name":"Epilepsy Power","article_modified_time":"2025-02-07T13:53:27+00:00","twitter_card":"summary_large_image","twitter_misc":{"Gesch\u00e4tzte Lesezeit":"13\u00a0Minuten"},"schema":{"@context":"https:\/\/schema.org","@graph":[{"@type":"WebPage","@id":"https:\/\/epilepsypower.indesign.it\/equal-opportunity-rights-for-workers-with-epilepsy\/section-2-the-international-legal-framework\/","url":"https:\/\/epilepsypower.indesign.it\/equal-opportunity-rights-for-workers-with-epilepsy\/section-2-the-international-legal-framework\/","name":"Section 2: The international legal framework - Epilepsy Power","isPartOf":{"@id":"https:\/\/epilepsypower.indesign.it\/#website"},"datePublished":"2024-09-26T16:56:49+00:00","dateModified":"2025-02-07T13:53:27+00:00","breadcrumb":{"@id":"https:\/\/epilepsypower.indesign.it\/equal-opportunity-rights-for-workers-with-epilepsy\/section-2-the-international-legal-framework\/#breadcrumb"},"inLanguage":"de","potentialAction":[{"@type":"ReadAction","target":["https:\/\/epilepsypower.indesign.it\/equal-opportunity-rights-for-workers-with-epilepsy\/section-2-the-international-legal-framework\/"]}]},{"@type":"BreadcrumbList","@id":"https:\/\/epilepsypower.indesign.it\/equal-opportunity-rights-for-workers-with-epilepsy\/section-2-the-international-legal-framework\/#breadcrumb","itemListElement":[{"@type":"ListItem","position":1,"name":"Home","item":"https:\/\/epilepsypower.indesign.it\/"},{"@type":"ListItem","position":2,"name":"Equal opportunity rights for workers with epilepsy","item":"https:\/\/epilepsypower.indesign.it\/equal-opportunity-rights-for-workers-with-epilepsy\/"},{"@type":"ListItem","position":3,"name":"Section 2: The international legal framework"}]},{"@type":"WebSite","@id":"https:\/\/epilepsypower.indesign.it\/#website","url":"https:\/\/epilepsypower.indesign.it\/","name":"Epilepsy Power","description":"Epilepsy Power","publisher":{"@id":"https:\/\/epilepsypower.indesign.it\/#organization"},"potentialAction":[{"@type":"SearchAction","target":{"@type":"EntryPoint","urlTemplate":"https:\/\/epilepsypower.indesign.it\/?s={search_term_string}"},"query-input":{"@type":"PropertyValueSpecification","valueRequired":true,"valueName":"search_term_string"}}],"inLanguage":"de"},{"@type":"Organization","@id":"https:\/\/epilepsypower.indesign.it\/#organization","name":"Epilepsy Power","url":"https:\/\/epilepsypower.indesign.it\/","logo":{"@type":"ImageObject","inLanguage":"de","@id":"https:\/\/epilepsypower.indesign.it\/#\/schema\/logo\/image\/","url":"https:\/\/epilepsypower.indesign.it\/wp-content\/uploads\/2023\/04\/cropped-cropped-logo-epilepsy-power.png","contentUrl":"https:\/\/epilepsypower.indesign.it\/wp-content\/uploads\/2023\/04\/cropped-cropped-logo-epilepsy-power.png","width":512,"height":512,"caption":"Epilepsy Power"},"image":{"@id":"https:\/\/epilepsypower.indesign.it\/#\/schema\/logo\/image\/"}}]}},"_links":{"self":[{"href":"https:\/\/epilepsypower.indesign.it\/de\/wp-json\/wp\/v2\/pages\/2956","targetHints":{"allow":["GET"]}}],"collection":[{"href":"https:\/\/epilepsypower.indesign.it\/de\/wp-json\/wp\/v2\/pages"}],"about":[{"href":"https:\/\/epilepsypower.indesign.it\/de\/wp-json\/wp\/v2\/types\/page"}],"author":[{"embeddable":true,"href":"https:\/\/epilepsypower.indesign.it\/de\/wp-json\/wp\/v2\/users\/2"}],"replies":[{"embeddable":true,"href":"https:\/\/epilepsypower.indesign.it\/de\/wp-json\/wp\/v2\/comments?post=2956"}],"version-history":[{"count":28,"href":"https:\/\/epilepsypower.indesign.it\/de\/wp-json\/wp\/v2\/pages\/2956\/revisions"}],"predecessor-version":[{"id":6234,"href":"https:\/\/epilepsypower.indesign.it\/de\/wp-json\/wp\/v2\/pages\/2956\/revisions\/6234"}],"up":[{"embeddable":true,"href":"https:\/\/epilepsypower.indesign.it\/de\/wp-json\/wp\/v2\/pages\/2952"}],"wp:attachment":[{"href":"https:\/\/epilepsypower.indesign.it\/de\/wp-json\/wp\/v2\/media?parent=2956"}],"curies":[{"name":"wp","href":"https:\/\/api.w.org\/{rel}","templated":true}]}}