{"id":2968,"date":"2024-09-26T18:58:58","date_gmt":"2024-09-26T16:58:58","guid":{"rendered":"https:\/\/epilepsypower.indesign.it\/?page_id=2968"},"modified":"2025-01-25T22:50:34","modified_gmt":"2025-01-25T21:50:34","slug":"section-7-equal-opportunity-rights-in-germany","status":"publish","type":"page","link":"https:\/\/epilepsypower.indesign.it\/de\/equal-opportunity-rights-for-workers-with-epilepsy\/section-7-equal-opportunity-rights-in-germany\/","title":{"rendered":"Abschnitt 7: Rechte der Chancengleichheit in Deutschland"},"content":{"rendered":"<div data-elementor-type=\"wp-page\" data-elementor-id=\"2968\" class=\"elementor elementor-2968\">\n\t\t\t\t\t\t<section class=\"elementor-section elementor-top-section elementor-element elementor-element-ead8a2f elementor-section-boxed elementor-section-height-default elementor-section-height-default smart-sticky-default\" data-id=\"ead8a2f\" data-element_type=\"section\" data-e-type=\"section\">\r\n\t\t\t\t\t\t\t\t<div class=\"elementor-container elementor-column-gap-default\">\r\n\t\t\t\t\r\n\t\t\t\t\t\t\t\t<div class=\"elementor-column elementor-col-33 elementor-top-column elementor-element elementor-element-8934037\" data-id=\"8934037\" data-element_type=\"column\" data-e-type=\"column\">\r\n\r\n\t\t\t\t\r\n\t\t\t\t<div class=\"elementor-widget-wrap elementor-element-populated\">\r\n\t\t\t\t\t\t\t\t\t\t\r\n\t\t\t\t\t\t<div class=\"elementor-element elementor-element-1c780ed elementor-widget elementor-widget-shortcode\" data-id=\"1c780ed\" data-element_type=\"widget\" data-e-type=\"widget\" data-widget_type=\"shortcode.default\">\n\t\t\t\t<div class=\"elementor-widget-container\">\n\t\t\t\t\t\t\t<div class=\"elementor-shortcode\">\t\t<ul class=\"sommario_corso\">\n\t\t\t\n\t\t<li><strong>Einf\u00fchrung<\/strong><\/li>\t\n\t\t\t\n\t\t<li><a href=\"https:\/\/epilepsypower.indesign.it\/de\/\">Home<\/a><\/li><li><a href=\"https:\/\/epilepsypower.indesign.it\/de\/essentials-of-human-resources-management\/\">Grundlagen des Personalmanagements<\/a><\/li><li><a href=\"https:\/\/epilepsypower.indesign.it\/de\/essentials-of-human-resources-management\/section-1-knowing-the-main-competences-of-a-hr-manager-and-the-main-activities-of-hr-office\/\">Abschnitt 1: Kenntnis der wichtigsten Kompetenzen eines Personalleiters und der wichtigsten T\u00e4tigkeiten des Personalb\u00fcros<\/a><\/li><li><a href=\"https:\/\/epilepsypower.indesign.it\/de\/essentials-of-human-resources-management\/section-2-understanding-the-specific-needs-of-pwe-to-allow-optimal-integration-in-a-workplace\/\">Abschnitt 2: Die spezifischen Bed\u00fcrfnisse von Menschen mit Epilepsie verstehen, um eine optimale Integration am Arbeitsplatz zu erm\u00f6glichen<\/a><\/li><li><a href=\"https:\/\/epilepsypower.indesign.it\/de\/essentials-of-human-resources-management\/section-3-how-to-manage-people-considering-the-size-of-the-organization-and-other-diversity-inclusion-management-aspects-needed-for-pwe\/\">Abschnitt 3: Personalmanagement unter Ber\u00fccksichtigung der Gr\u00f6\u00dfe der Organisation und anderer Aspekte des Managements von Vielfalt und Inklusion, die f\u00fcr Menschen mit Behinderung erforderlich sind<\/a><\/li><li><a href=\"https:\/\/epilepsypower.indesign.it\/de\/essentials-of-human-resources-management\/section-4-measuring-and-enhancing-staff-performance-using-appropriate-evaluation-methods-including-for-people-with-epilepsy-pwe\/\">Abschnitt 4: Leistungsmessung und -steigerung des Personals durch geeignete Bewertungsmethoden, einschlie\u00dflich f\u00fcr Menschen mit Epilepsie (PwE)<\/a><\/li><li><a href=\"https:\/\/epilepsypower.indesign.it\/de\/essentials-of-human-resources-management\/concluding-remarks\/\">Schlussbemerkungen<\/a><\/li><li><a href=\"https:\/\/epilepsypower.indesign.it\/de\/essentials-of-human-resources-management\/quiz-2\/\">Quiz<\/a><\/li><li><a href=\"https:\/\/epilepsypower.indesign.it\/de\/accommodating-people-with-epilepsy-in-business-processes-and-activities\/\">Vorkehrungen f\u00fcr Menschen mit Epilepsie in Gesch\u00e4ftsprozessen und Aktivit\u00e4ten<\/a><\/li><li><a href=\"https:\/\/epilepsypower.indesign.it\/de\/accommodating-people-with-epilepsy-in-business-processes-and-activities\/section-1-understanding-the-nature-of-epilepsy-and-recognizing-potential-triggers\/\">Abschnitt 1: Verstehen des Wesens der Epilepsie und Erkennen m\u00f6glicher Ausl\u00f6ser.<\/a><\/li><li><a href=\"https:\/\/epilepsypower.indesign.it\/de\/accommodating-people-with-epilepsy-in-business-processes-and-activities\/section-2-challenges-faced-by-people-with-epilepsy-prior-to-employment\/\">Abschnitt 2: Herausforderungen, mit denen Menschen mit Epilepsie vor der Aufnahme einer Besch\u00e4ftigung konfrontiert sind<\/a><\/li><li><a href=\"https:\/\/epilepsypower.indesign.it\/de\/accommodating-people-with-epilepsy-in-business-processes-and-activities\/section-3-from-respecting-medical-confidentiality-to-defining-and-implementing-the-necessary-reasonable-accommodations-the-key-role-of-the-occupational-physician\/\">Abschnitt 3: Von der Wahrung der \u00e4rztlichen Schweigepflicht bis zur Festlegung und Umsetzung der erforderlichen angemessenen Vorkehrungen: die Schl\u00fcsselrolle der Betreibs\u00e4rzt:innen<\/a><\/li><li><a href=\"https:\/\/epilepsypower.indesign.it\/de\/accommodating-people-with-epilepsy-in-business-processes-and-activities\/section-4-type-of-accommodation-for-people-with-epilepsy-in-the-workplace\/\">Abschnitt 4: Art der Anpassung an Menschen mit Epilepsie am Arbeitsplatz<\/a><\/li><li><a href=\"https:\/\/epilepsypower.indesign.it\/de\/accommodating-people-with-epilepsy-in-business-processes-and-activities\/section-5-ensuring-safety-in-the-workplace-and-creating-a-plan-of-action\/\">Abschnitt 5: Gew\u00e4hrleistung der Sicherheit am Arbeitsplatz und Erstellung eines Aktionsplans<\/a><\/li><li><a href=\"https:\/\/epilepsypower.indesign.it\/de\/accommodating-people-with-epilepsy-in-business-processes-and-activities\/concluding-remarks\/\">Abschlie\u00dfende Bemerkungen<\/a><\/li><li><a href=\"https:\/\/epilepsypower.indesign.it\/de\/accommodating-people-with-epilepsy-in-business-processes-and-activities\/quiz\/\">Quiz<\/a><\/li><li><a href=\"https:\/\/epilepsypower.indesign.it\/de\/lp2-final-test\/\">LP2-Abschlusstest<\/a><\/li><li><a href=\"https:\/\/epilepsypower.indesign.it\/de\/what-is-epilepsy\/\">Was ist Epilepsie?<\/a><\/li><li><a href=\"https:\/\/epilepsypower.indesign.it\/de\/epilepsy-and-time-management\/\">Epilepsie und Zeitmanagement<\/a><\/li><li><a href=\"https:\/\/epilepsypower.indesign.it\/de\/epilepsy-and-time-management\/meaning-and-importance-of-time-management-in-the-working-life-of-people-with-epilepsy\/\">Abschnitt 1: Bedeutung und Wichtigkeit des Zeitmanagements im Arbeitsleben von Menschen mit Epilepsie<\/a><\/li><li><a href=\"https:\/\/epilepsypower.indesign.it\/de\/epilepsy-and-time-management\/section-2-how-can-i-establish-good-time-management-for-people-with-epilepsy-in-my-organisation\/\">Abschnitt 2: Wie kann ich in meiner Organisation ein gutes Zeitmanagement f\u00fcr Menschen mit Epilepsie einf\u00fchren?<\/a><\/li><li><a href=\"https:\/\/epilepsypower.indesign.it\/de\/epilepsy-and-time-management\/how-can-i-establish-good-time-management-for-people-with-epilepsy-in-my-organisation\/\">Abschnitt 3: Coaching von Menschen mit Epilepsie - konkrete Werkzeuge und Methoden<\/a><\/li><li><a href=\"https:\/\/epilepsypower.indesign.it\/de\/epilepsy-and-time-management\/concluding-remarks\/\">Abschlie\u00dfende Bemerkungen<\/a><\/li><li><a href=\"https:\/\/epilepsypower.indesign.it\/de\/epilepsy-and-time-management\/quiz\/\">Quiz<\/a><\/li><li><a href=\"https:\/\/epilepsypower.indesign.it\/de\/conducting-a-personal-assessment-of-epilepsy-to-minimize-workplace-risks\/\">Durchf\u00fchrung einer pers\u00f6nlichen Bewertung von Epilepsie, um Arbeitsplatzrisiken zu minimieren<\/a><\/li><li><a href=\"https:\/\/epilepsypower.indesign.it\/de\/conducting-a-personal-assessment-of-epilepsy-to-minimize-workplace-risks\/section-1-seizures-and-triggering-factors\/\">Abschnitt 1 : Beschlagnahmen und ausl\u00f6sende Faktoren<\/a><\/li><li><a href=\"https:\/\/epilepsypower.indesign.it\/de\/conducting-a-personal-assessment-of-epilepsy-to-minimize-workplace-risks\/section-2-methods\/\">Abschnitt 2 Physikalische Wirkungen<\/a><\/li><li><a href=\"https:\/\/epilepsypower.indesign.it\/de\/conducting-a-personal-assessment-of-epilepsy-to-minimize-workplace-risks\/section-3-cognitive-effects\/\">Abschnitt 3 Kognitive Auswirkungen<\/a><\/li><li><a href=\"https:\/\/epilepsypower.indesign.it\/de\/conducting-a-personal-assessment-of-epilepsy-to-minimize-workplace-risks\/concluding-remarks-2\/\">Instrument zur Einzelbewertung<\/a><\/li><li><a href=\"https:\/\/epilepsypower.indesign.it\/de\/conducting-a-personal-assessment-of-epilepsy-to-minimize-workplace-risks\/concluding-remarks\/\">Abschlie\u00dfende Bemerkungen<\/a><\/li><li><a href=\"https:\/\/epilepsypower.indesign.it\/de\/conducting-a-personal-assessment-of-epilepsy-to-minimize-workplace-risks\/quiz\/\">Quiz<\/a><\/li><li><a href=\"https:\/\/epilepsypower.indesign.it\/de\/what-is-epilepsy-2\/\">Was ist Epilepsie?<\/a><\/li><li><a href=\"https:\/\/epilepsypower.indesign.it\/de\/processes-and-steps-to-become-an-inclusive-pwe-organisation\/\">Prozesse und Schritte, um eine inklusive Organisation f\u00fcr Menschen mit Epilepsie zu werden<\/a><\/li><li><a href=\"https:\/\/epilepsypower.indesign.it\/de\/processes-and-steps-to-become-an-inclusive-pwe-organisation\/section-1-create-and-develop-an-inclusive-policy\/\">Abschnitt 1: Gestaltung und Umsetzung integrationsf\u00f6rdernder Richtlinien<\/a><\/li><li><a href=\"https:\/\/epilepsypower.indesign.it\/de\/processes-and-steps-to-become-an-inclusive-pwe-organisation\/section-2-changing-managerial-practices\/\">Abschnitt 2: Ver\u00e4nderte Managementmethoden<\/a><\/li><li><a href=\"https:\/\/epilepsypower.indesign.it\/de\/processes-and-steps-to-become-an-inclusive-pwe-organisation\/section-3-changing-employee-attitudes\/\">Abschnitt 3: Die Einstellung der Mitarbeiter:innen ver\u00e4ndern<\/a><\/li><li><a href=\"https:\/\/epilepsypower.indesign.it\/de\/processes-and-steps-to-become-an-inclusive-pwe-organisation\/concluding-remarks\/\">Abschlie\u00dfende Bemerkungen<\/a><\/li><li><a href=\"https:\/\/epilepsypower.indesign.it\/de\/processes-and-steps-to-become-an-inclusive-pwe-organisation\/quiz\/\">Quiz<\/a><\/li><li><a href=\"https:\/\/epilepsypower.indesign.it\/de\/improving-the-knowledge-of-the-best-job-searching-strategies\/\">Verbesserung der Strategien zur Jobsuche<\/a><\/li><li><a href=\"https:\/\/epilepsypower.indesign.it\/de\/improving-the-knowledge-of-the-best-job-searching-strategies\/what-do-you-want\/\">Abschnitt 1: Was wollen Sie?<\/a><\/li><li><a href=\"https:\/\/epilepsypower.indesign.it\/de\/improving-the-knowledge-of-the-best-job-searching-strategies\/section-2-assessing-the-medical-condition-realistically\/\">Abschnitt 2: Den Gesundheitszustand realistisch einsch\u00e4tzen<\/a><\/li><li><a href=\"https:\/\/epilepsypower.indesign.it\/de\/improving-the-knowledge-of-the-best-job-searching-strategies\/section-3-assessing-the-medical-condition-realistically\/\">Abschnitt 3: Gesetze, Beratung und Unterst\u00fctzung.<\/a><\/li><li><a href=\"https:\/\/epilepsypower.indesign.it\/de\/improving-the-knowledge-of-the-best-job-searching-strategies\/concluding-remarks\/\">Abschlie\u00dfende Bemerkungen<\/a><\/li><li><a href=\"https:\/\/epilepsypower.indesign.it\/de\/improving-the-knowledge-of-the-best-job-searching-strategies\/quiz\/\">Quiz<\/a><\/li><li><a href=\"https:\/\/epilepsypower.indesign.it\/de\/managing-stress-anxiety-and-frustration-for-better-inclusion\/\">Der Umgang mit Stress, Angst und Frustration f\u00fcr eine bessere Inklusion<\/a><\/li><li><a href=\"https:\/\/epilepsypower.indesign.it\/de\/managing-stress-anxiety-and-frustration-for-better-inclusion\/section-1-understanding-epilepsy-and-its-impact-on-employees\/\">Abschnitt 1: Verst\u00e4ndnis der Epilepsie und ihrer Auswirkungen auf Arbeitnehmer:innen<\/a><\/li><li><a href=\"https:\/\/epilepsypower.indesign.it\/de\/managing-stress-anxiety-and-frustration-for-better-inclusion\/section-2-promoting-awareness\/\">Abschnitt 2: Schaffung eines inklusiven Arbeitsumfelds<\/a><\/li><li><a href=\"https:\/\/epilepsypower.indesign.it\/de\/managing-stress-anxiety-and-frustration-for-better-inclusion\/section-3-managing-stress-and-anxiety-for-employees-with-epilepsy\/\">Abschnitt 3: Stress- und Angstbew\u00e4ltigung f\u00fcr Mitarbeiter:innen mit Epilepsie<\/a><\/li><li><a href=\"https:\/\/epilepsypower.indesign.it\/de\/managing-stress-anxiety-and-frustration-for-better-inclusion\/section-4-handling-frustration-and-emotional-well-being\/\">Abschnitt 4: Umgang mit Frustration und emotionalem Wohlbefinden<\/a><\/li><li><a href=\"https:\/\/epilepsypower.indesign.it\/de\/managing-stress-anxiety-and-frustration-for-better-inclusion\/section-5-supportive-workplace-policies-and-legal-considerations\/\">Abschnitt 5: Unterst\u00fctzende Arbeitsplatzrichtlinien und Rechtsgrundlagen<\/a><\/li><li><a href=\"https:\/\/epilepsypower.indesign.it\/de\/managing-stress-anxiety-and-frustration-for-better-inclusion\/concluding-remarks\/\">Schlussbemerkungen<\/a><\/li><li><a href=\"https:\/\/epilepsypower.indesign.it\/de\/managing-stress-anxiety-and-frustration-for-better-inclusion\/quiz\/\">Quiz<\/a><\/li><li><a href=\"https:\/\/epilepsypower.indesign.it\/de\/equal-opportunity-rights-for-workers-with-epilepsy\/\">Rechte auf Chancengleichheit f\u00fcr Arbeitnehmer:innen mit Epilepsie<\/a><\/li><li><a href=\"https:\/\/epilepsypower.indesign.it\/de\/equal-opportunity-rights-for-workers-with-epilepsy\/section-1-obstacles-to-better-professional-integration-for-people-with-disabilities-particularly-epilepsy\/\">Abschnitt 1: Hindernisse f\u00fcr eine bessere berufliche Eingliederung von Menschen mit Behinderungen, insbesondere mit Epilepsie<\/a><\/li><li><a href=\"https:\/\/epilepsypower.indesign.it\/de\/equal-opportunity-rights-for-workers-with-epilepsy\/section-2-the-international-legal-framework\/\">Abschnitt 2: Der internationale Rechtsrahmen<\/a><\/li><li><a href=\"https:\/\/epilepsypower.indesign.it\/de\/equal-opportunity-rights-for-workers-with-epilepsy\/section-3-the-european-legal-framework\/\">Abschnitt 3: Der europ\u00e4ische Rechtsrahmen<\/a><\/li><li><a href=\"https:\/\/epilepsypower.indesign.it\/de\/equal-opportunity-rights-for-workers-with-epilepsy\/section-4-equal-opportunity-rights-in-italy\/\">Abschnitt 4: Rechte der Chancengleichheit in Italien<\/a><\/li><li><a href=\"https:\/\/epilepsypower.indesign.it\/de\/equal-opportunity-rights-for-workers-with-epilepsy\/section-5-equal-opportunity-rights-in-bulgaria\/\">Abschnitt 5: Rechte der Chancengleichheit in Bulgarien<\/a><\/li><li><a href=\"https:\/\/epilepsypower.indesign.it\/de\/equal-opportunity-rights-for-workers-with-epilepsy\/section-6-equal-opportunity-rights-in-ireland\/\">Abschnitt 6: Rechte der Chancengleichheit in Irland<\/a><\/li><li><a href=\"https:\/\/epilepsypower.indesign.it\/de\/equal-opportunity-rights-for-workers-with-epilepsy\/section-7-equal-opportunity-rights-in-germany\/\">Abschnitt 7: Rechte der Chancengleichheit in Deutschland<\/a><\/li><li><a href=\"https:\/\/epilepsypower.indesign.it\/de\/equal-opportunity-rights-for-workers-with-epilepsy\/section-8-equal-opportunity-rights-in-france\/\">Abschnitt 8: Rechte der Chancengleichheit in Frankreich<\/a><\/li><li><a href=\"https:\/\/epilepsypower.indesign.it\/de\/equal-opportunity-rights-for-workers-with-epilepsy\/section-9-summary-of-key-points-concerning-legislation-to-promote-the-professional-integration-of-disabled-people-in-italy-bulgaria-ireland-germany-and-france\/\">Abschnitt 9: Zusammenfassung der wichtigsten Punkte der Gesetzgebung zur F\u00f6rderung der beruflichen Integration von Menschen mit Behinderungen in Italien, Bulgarien, Irland, Deutschland und Frankreich.<\/a><\/li><li><a href=\"https:\/\/epilepsypower.indesign.it\/de\/equal-opportunity-rights-for-workers-with-epilepsy\/concluding-remarks\/\">Abschlie\u00dfende Bemerkungen<\/a><\/li><li><a href=\"https:\/\/epilepsypower.indesign.it\/de\/equal-opportunity-rights-for-workers-with-epilepsy\/quiz\/\">Quiz<\/a><\/li><li><a href=\"https:\/\/epilepsypower.indesign.it\/de\/organisation-of-tasks-to-be-assigned-to-people-with-epilepsy\/\">\u00dcberlegungen bei der Zuweisung von Aufgaben an Menschen mit Epilepsie<\/a><\/li><li><a href=\"https:\/\/epilepsypower.indesign.it\/de\/organisation-of-tasks-to-be-assigned-to-people-with-epilepsy\/assignement-of-tasks-what-do-people-with-epilepsy-need\/\">Abschnitt 1: Aufgabenzuweisung - Was brauchen Menschen mit Epilepsie?<\/a><\/li><li><a href=\"https:\/\/epilepsypower.indesign.it\/de\/organisation-of-tasks-to-be-assigned-to-people-with-epilepsy\/assignment-of-tasks-sensitisation-to-needs-within-the-team\/\">Abschnitt 2: Aufgabenzuweisung - Sensibilisierung f\u00fcr Bed\u00fcrfnisse im Team<\/a><\/li><li><a href=\"https:\/\/epilepsypower.indesign.it\/de\/organisation-of-tasks-to-be-assigned-to-people-with-epilepsy\/section-3-long-term-goal-self-organising-tasks\/\">Abschnitt 3: Langfristiges Ziel: selbstorganisierte Aufgaben<\/a><\/li><li><a href=\"https:\/\/epilepsypower.indesign.it\/de\/organisation-of-tasks-to-be-assigned-to-people-with-epilepsy\/concluding-remarks\/\">Abschlie\u00dfende Bemerkungen<\/a><\/li><li><a href=\"https:\/\/epilepsypower.indesign.it\/de\/organisation-of-tasks-to-be-assigned-to-people-with-epilepsy\/quiz\/\">Quiz<\/a><\/li><li><a href=\"https:\/\/epilepsypower.indesign.it\/de\/company-registration\/\">Company Registration<\/a><\/li><li><a href=\"https:\/\/epilepsypower.indesign.it\/de\/how-to-self-promote-and-find-work-opportunities\/\">Wie man sich selbst vermarktet und Jobm\u00f6glichkeiten findet<\/a><\/li><li><a href=\"https:\/\/epilepsypower.indesign.it\/de\/how-to-self-promote-and-find-work-opportunities\/section-1-self-promotion-in-job-searching\/\">Abschnitt 1: Selbstvermarktung bei der Stellensuche<\/a><\/li><li><a href=\"https:\/\/epilepsypower.indesign.it\/de\/how-to-self-promote-and-find-work-opportunities\/section-2-self-promotion-at-interview\/\">Abschnitt 2: Selbstvermarktung beim Vorstellungsgespr\u00e4ch<\/a><\/li><li><a href=\"https:\/\/epilepsypower.indesign.it\/de\/how-to-self-promote-and-find-work-opportunities\/section-3-self-promotion-in-the-workplace\/\">Abschnitt 3: Selbstvermarktung am Arbeitsplatz<\/a><\/li><li><a href=\"https:\/\/epilepsypower.indesign.it\/de\/how-to-self-promote-and-find-work-opportunities\/concluding-remarks\/\">Schlussbemerkungen<\/a><\/li><li><a href=\"https:\/\/epilepsypower.indesign.it\/de\/how-to-self-promote-and-find-work-opportunities\/quiz\/\">Quiz<\/a><\/li><li><a href=\"https:\/\/epilepsypower.indesign.it\/de\/improving-social-communication-and-interaction-skills\/\">Verbesserung der sozialen Kommunikations- und Interaktionsf\u00e4higkeiten<\/a><\/li><li><a href=\"https:\/\/epilepsypower.indesign.it\/de\/improving-social-communication-and-interaction-skills\/section-1-understanding-social-communication\/\">Abschnitt 1: Soziale Kommunikation verstehen<\/a><\/li><li><a href=\"https:\/\/epilepsypower.indesign.it\/de\/improving-social-communication-and-interaction-skills\/section-2-recognizing-barriers-to-effective-communication\/\">Abschnitt 2: Erkennen von Hindernissen f\u00fcr eine effektive Kommunikation<\/a><\/li><li><a href=\"https:\/\/epilepsypower.indesign.it\/de\/improving-social-communication-and-interaction-skills\/section-3-active-listening-skills\/\">Abschnitt 3: Aktive Zuh\u00f6rf\u00e4higkeiten<\/a><\/li><li><a href=\"https:\/\/epilepsypower.indesign.it\/de\/improving-social-communication-and-interaction-skills\/section-4-non-verbal-communication\/\">Abschnitt 4: Nonverbale Kommunikation<\/a><\/li><li><a href=\"https:\/\/epilepsypower.indesign.it\/de\/improving-social-communication-and-interaction-skills\/section-5-emotional-intelligence\/\">Abschnitt 5: Emotionale Intelligenz<\/a><\/li><li><a href=\"https:\/\/epilepsypower.indesign.it\/de\/improving-social-communication-and-interaction-skills\/section-6-overcoming-communication-anxiety\/\">Abschnitt 6: Kommunikationsangst \u00fcberwinden<\/a><\/li><li><a href=\"https:\/\/epilepsypower.indesign.it\/de\/improving-social-communication-and-interaction-skills\/section-7-effective-conflict-resolution\/\">Abschnitt 7: Effektive Konfliktl\u00f6sung<\/a><\/li><li><a href=\"https:\/\/epilepsypower.indesign.it\/de\/improving-social-communication-and-interaction-skills\/section-8-effective-conflict-resolution\/\">Abschnitt 8: Aufbau sozialer Kompetenzen in spezifischen Kontexten<\/a><\/li><li><a href=\"https:\/\/epilepsypower.indesign.it\/de\/improving-social-communication-and-interaction-skills\/conclusion\/\">Schlussfolgerung<\/a><\/li><li><a href=\"https:\/\/epilepsypower.indesign.it\/de\/improving-social-communication-and-interaction-skills\/quiz\/\">Quiz<\/a><\/li><li><a href=\"https:\/\/epilepsypower.indesign.it\/de\/lp1-final-test\/\">LP1-Abschlusstest<\/a><\/li><li><a href=\"https:\/\/epilepsypower.indesign.it\/de\/strengthening-your-job-application-process\/\">St\u00e4rkung Ihres Bewerbungsprozesses<\/a><\/li><li><a href=\"https:\/\/epilepsypower.indesign.it\/de\/strengthening-your-job-application-process\/section-1-how-to-find-and-apply-to-a-job-position\/\">Abschnitt 1: Wie man eine Stelle findet und sich bewirbt<\/a><\/li><li><a href=\"https:\/\/epilepsypower.indesign.it\/de\/strengthening-your-job-application-process\/section-2-how-to-create-a-complete-and-understandable-personal-curriculum\/\">Abschnitt 2: Wie man einen vollst\u00e4ndigen und verst\u00e4ndlichen pers\u00f6nlichen Lebenslauf erstellt<\/a><\/li><li><a href=\"https:\/\/epilepsypower.indesign.it\/de\/strengthening-your-job-application-process\/section-3-demonstrating-the-right-competencies-for-the-requirements-of-a-job-position\/\">Abschnitt 3: Die richtigen Kompetenzen f\u00fcr die Anforderungen einer Stellenposition nachweisen<\/a><\/li><li><a href=\"https:\/\/epilepsypower.indesign.it\/de\/strengthening-your-job-application-process\/section-4-presenting-and-discussing-effectively-your-professional-and-personal-background-during-a-selection-process\/\">Abschnitt 4: Die beruflichen und pers\u00f6nlichen Hintergr\u00fcnde w\u00e4hrend eines Auswahlverfahrens effektiv pr\u00e4sentieren und besprechen<\/a><\/li><li><a href=\"https:\/\/epilepsypower.indesign.it\/de\/strengthening-your-job-application-process\/concluding-remarks\/\">Abschlie\u00dfende Bemerkungen<\/a><\/li><li><a href=\"https:\/\/epilepsypower.indesign.it\/de\/strengthening-your-job-application-process\/quiz\/\">Quiz<\/a><\/li><li><a href=\"https:\/\/epilepsypower.indesign.it\/de\/guiding-selection-of-optimal-employment-based-on-personal-medical-condition\/\">Anpassung der Berufswahl an individuelle medizinische Bedingungen<\/a><\/li><li><a href=\"https:\/\/epilepsypower.indesign.it\/de\/guiding-selection-of-optimal-employment-based-on-personal-medical-condition\/choosing-appropriate-job\/\">Abschnitt 1 Auswahl eines geeigneten Arbeitsplatzes<\/a><\/li><li><a href=\"https:\/\/epilepsypower.indesign.it\/de\/guiding-selection-of-optimal-employment-based-on-personal-medical-condition\/choosing-appropriate-job-2\/\">Abschnitt 2 \"Externe\" Einschr\u00e4nkungen: Umweltrisiken, Krampfanf\u00e4lle, k\u00f6rperliche und kognitive Einschr\u00e4nkungen.<\/a><\/li><li><a href=\"https:\/\/epilepsypower.indesign.it\/de\/guiding-selection-of-optimal-employment-based-on-personal-medical-condition\/internal-limitations\/\">Abschnitt 3 \"Interne\" Beschr\u00e4nkungen<\/a><\/li><li><a href=\"https:\/\/epilepsypower.indesign.it\/de\/guiding-selection-of-optimal-employment-based-on-personal-medical-condition\/concluding-remarks\/\">Abschlie\u00dfende Bemerkungen<\/a><\/li><li><a href=\"https:\/\/epilepsypower.indesign.it\/de\/guiding-selection-of-optimal-employment-based-on-personal-medical-condition\/quiz\/\">Quiz<\/a><\/li><li><a href=\"https:\/\/epilepsypower.indesign.it\/de\/encouraging-interaction-between-people-with-epilepsy-and-their-co-workers\/\">Encouraging Interaction between People with Epilepsy and their Co-Workers<\/a><\/li><li><a href=\"https:\/\/epilepsypower.indesign.it\/de\/encouraging-interaction-between-people-with-epilepsy-and-their-co-workers\/section-1-understanding-epilepsy-and-its-impact-on-employees\/\">Abschnitt 1: Verst\u00e4ndnis der Epilepsie<\/a><\/li><li><a href=\"https:\/\/epilepsypower.indesign.it\/de\/encouraging-interaction-between-people-with-epilepsy-and-their-co-workers\/section-2-promoting-awareness\/\">Abschnitt 2: F\u00f6rderung des Bewusstseins<\/a><\/li><li><a href=\"https:\/\/epilepsypower.indesign.it\/de\/encouraging-interaction-between-people-with-epilepsy-and-their-co-workers\/section-3-effective-communication-strategies\/\">Abschnitt 3: Wirksame Kommunikationsstrategien:<\/a><\/li><li><a href=\"https:\/\/epilepsypower.indesign.it\/de\/encouraging-interaction-between-people-with-epilepsy-and-their-co-workers\/section-4-self-advocacy\/\">Abschnitt 4: Selbstvertretung<\/a><\/li><li><a href=\"https:\/\/epilepsypower.indesign.it\/de\/encouraging-interaction-between-people-with-epilepsy-and-their-co-workers\/concluding-remarks\/\">Schlussbemerkungen<\/a><\/li><li><a href=\"https:\/\/epilepsypower.indesign.it\/de\/encouraging-interaction-between-people-with-epilepsy-and-their-co-workers\/quiz\/\">Quiz<\/a><\/li>\t\t<\/ul>\n\t\t<\/div>\n\t\t\t\t\t\t<\/div>\n\t\t\t\t<\/div>\n\t\t\t\t\t\t<\/div>\r\n\t\t\t\t<\/div>\r\n\t\t\t\t\t\t\t\t\t<div class=\"elementor-column elementor-col-66 elementor-top-column elementor-element elementor-element-3136afc\" data-id=\"3136afc\" data-element_type=\"column\" data-e-type=\"column\">\r\n\r\n\t\t\t\t\r\n\t\t\t\t<div class=\"elementor-widget-wrap elementor-element-populated\">\r\n\t\t\t\t\t\t\t\t\t\t\r\n\t\t\t\t\t\t<div class=\"elementor-element elementor-element-60bc934 elementor-widget elementor-widget-text-editor\" data-id=\"60bc934\" data-element_type=\"widget\" data-e-type=\"widget\" data-no-translation=\"\" data-widget_type=\"text-editor.default\">\n\t\t\t\t<div class=\"elementor-widget-container\">\n\t\t\t\t\t<style>.elementor-element-60bc934{display:none !important}<\/style>\t\t\t\t<\/div>\n\t\t\t\t<\/div>\n\t\t\t\t<div class=\"elementor-element elementor-element-29722c0 elementor-widget elementor-widget-text-editor\" data-id=\"29722c0\" data-element_type=\"widget\" data-e-type=\"widget\" data-no-translation=\"\" data-widget_type=\"text-editor.default\">\n\t\t\t\t<div class=\"elementor-widget-container\">\n\t\t\t\t\t<style>.elementor-element-29722c0{display:none !important}<\/style>\t\t\t\t<\/div>\n\t\t\t\t<\/div>\n\t\t\t\t<div class=\"elementor-element elementor-element-d657ef6 elementor-widget elementor-widget-text-editor\" data-id=\"d657ef6\" data-element_type=\"widget\" data-e-type=\"widget\" data-no-translation=\"\" data-widget_type=\"text-editor.default\">\n\t\t\t\t<div class=\"elementor-widget-container\">\n\t\t\t\t\t<style>.elementor-element-d657ef6{display:none !important}<\/style>\t\t\t\t<\/div>\n\t\t\t\t<\/div>\n\t\t\t\t<div class=\"elementor-element elementor-element-7fe728d elementor-widget elementor-widget-text-editor\" data-id=\"7fe728d\" data-element_type=\"widget\" data-e-type=\"widget\" data-no-translation=\"\" data-widget_type=\"text-editor.default\">\n\t\t\t\t<div class=\"elementor-widget-container\">\n\t\t\t\t\t\t\t\t\t<p>Deutschland verf\u00fcgt \u00fcber einen soliden Rechtsrahmen zur F\u00f6rderung der Besch\u00e4ftigung von Menschen mit Behinderungen:<\/p><ul><li><strong>Quotensystem<\/strong>: Arbeitgeber:innen mit 20 oder mehr Besch\u00e4ftigten m\u00fcssen gew\u00e4hrleisten, dass 5 % ihrer Mitarbeiter:innen schwerbehindert sind, wobei f\u00fcr kleinere Unternehmen besondere Anforderungen gelten. In Betrieben mit weniger als 40 Besch\u00e4ftigten muss der:die Arbeitgeber:in mindestens eine:n Arbeitnehmer:in mit Schwerbehinderung (oder vergleichbar) besch\u00e4ftigen. In Betrieben mit 40 bis 60 Besch\u00e4ftigten muss der:die Arbeitgeber:in mindestens zwei Menschen mit Schwerbehinderung besch\u00e4ftigen.<\/li><li><strong>Finanzieller Ausgleich<\/strong>: Die Nichteinhaltung der Quotenregelung hat einen finanziellen Ausgleich zur Folge, der an die Verwaltungsbeh\u00f6rde zu zahlen ist.<\/li><li><strong>Inklusionsbeauftragte und Interessenvertretungen<\/strong>: Nach dem deutschen Sozialgesetzbuch ist jede:r Arbeitgeber:in, der mindestens einen Menschen mit Schwerbehinderung besch\u00e4ftigt, verpflichtet, eine:n Inklusionsbeauftragte:n zu berufen. Bei Unterlassung kann mit einem Bu\u00dfgeld von bis zu 10.000 Euro geahndet werden. In Gro\u00dfbetrieben, die mindestens f\u00fcnf Menschen mit Behinderung besch\u00e4ftigen, muss auf Initiative von mindestens drei Betroffenen eine Schwerbehindertenvertretung gew\u00e4hlt werden. Diese Schwerbehindertenvertretung funktioniert wie ein Betriebsrat und muss (zus\u00e4tzlich zum Betriebsrat) vor der K\u00fcndigung eines Arbeitnehmers mit Behinderung hinzugezogen werden.<\/li><li><strong>Anpassungen am Arbeitsplatz und Zusatzurlaub<\/strong>: Die Arbeitgeber:innen m\u00fcssen ihre Arbeitspl\u00e4tze an die Bed\u00fcrfnisse von Arbeitnehmer:innen mit Behinderung anpassen, die zudem Anspruch auf Zusatzurlaub haben und von \u00dcberstunden freigestellt werden k\u00f6nnen.<\/li><\/ul>\t\t\t\t\t\t\t\t<\/div>\n\t\t\t\t<\/div>\n\t\t\t\t<div class=\"elementor-element elementor-element-2e730d1 elementor-widget elementor-widget-text-editor\" data-id=\"2e730d1\" data-element_type=\"widget\" data-e-type=\"widget\" data-no-translation=\"\" data-widget_type=\"text-editor.default\">\n\t\t\t\t<div class=\"elementor-widget-container\">\n\t\t\t\t\t<style>.elementor-element-2e730d1{display:none !important}<\/style>\t\t\t\t<\/div>\n\t\t\t\t<\/div>\n\t\t\t\t\t\t<\/div>\r\n\t\t\t\t<\/div>\r\n\t\t\t\t\t\t\t\t<\/div>\r\n\t\t\t<\/section>\r\n\t\t\t\t\t<section class=\"elementor-section elementor-top-section elementor-element elementor-element-ed0591e elementor-section-boxed elementor-section-height-default elementor-section-height-default smart-sticky-default\" data-id=\"ed0591e\" data-element_type=\"section\" data-e-type=\"section\">\r\n\t\t\t\t\t\t\t\t<div class=\"elementor-container elementor-column-gap-default\">\r\n\t\t\t\t\r\n\t\t\t\t\t\t\t\t<div class=\"elementor-column elementor-col-100 elementor-top-column elementor-element elementor-element-311b858\" data-id=\"311b858\" data-element_type=\"column\" data-e-type=\"column\">\r\n\r\n\t\t\t\t\r\n\t\t\t\t<div class=\"elementor-widget-wrap elementor-element-populated\">\r\n\t\t\t\t\t\t\t\t\t\t\r\n\t\t\t\t\t\t<div class=\"elementor-element elementor-element-9de7977 elementor-widget elementor-widget-shortcode\" data-id=\"9de7977\" data-element_type=\"widget\" data-e-type=\"widget\" data-widget_type=\"shortcode.default\">\n\t\t\t\t<div class=\"elementor-widget-container\">\n\t\t\t\t\t\t\t<div class=\"elementor-shortcode\"><div style=\"width:100%; text-align: center; margin: 20px 0; font-weight: bold;\">\n\t\t<a href=\"https:\/\/epilepsypower.indesign.it\/de\/\"> Next: \"Home\" &raquo;&raquo; <\/a> \t\t<\/div><\/div>\n\t\t\t\t\t\t<\/div>\n\t\t\t\t<\/div>\n\t\t\t\t\t\t<\/div>\r\n\t\t\t\t<\/div>\r\n\t\t\t\t\t\t\t\t<\/div>\r\n\t\t\t<\/section>\r\n\t\t\t\t\t<\/div>","protected":false},"excerpt":{"rendered":"<p>Germany has a solid legislative framework to support the employment of people with disabilities: Quota system: Employers with 20 or more employees must ensure that 5% of their staff are severely disabled, with specific requirements for smaller companies. In establishments with fewer than 40 employees, the employer must employ at least one severely disabled employee [&hellip;]<\/p>\n","protected":false},"author":2,"featured_media":0,"parent":2952,"menu_order":7,"comment_status":"closed","ping_status":"closed","template":"","meta":{"footnotes":""},"class_list":["post-2968","page","type-page","status-publish","hentry"],"yoast_head":"<!-- This site is optimized with the Yoast SEO plugin v27.3 - https:\/\/yoast.com\/product\/yoast-seo-wordpress\/ -->\n<title>Section 7: Equal opportunity rights in Germany - Epilepsy Power<\/title>\n<meta name=\"robots\" content=\"noindex, follow, max-snippet:-1, max-image-preview:large, max-video-preview:-1\" \/>\n<meta property=\"og:locale\" content=\"de_DE\" \/>\n<meta property=\"og:type\" content=\"article\" \/>\n<meta property=\"og:title\" content=\"Section 7: Equal opportunity rights in Germany - Epilepsy Power\" \/>\n<meta property=\"og:description\" content=\"Germany has a solid legislative framework to support the employment of people with disabilities: Quota system: Employers with 20 or more employees must ensure that 5% of their staff are severely disabled, with specific requirements for smaller companies. In establishments with fewer than 40 employees, the employer must employ at least one severely disabled employee [&hellip;]\" \/>\n<meta property=\"og:url\" content=\"https:\/\/epilepsypower.indesign.it\/de\/equal-opportunity-rights-for-workers-with-epilepsy\/section-7-equal-opportunity-rights-in-germany\/\" \/>\n<meta property=\"og:site_name\" content=\"Epilepsy Power\" \/>\n<meta property=\"article:modified_time\" content=\"2025-01-25T21:50:34+00:00\" \/>\n<meta name=\"twitter:card\" content=\"summary_large_image\" \/>\n<meta name=\"twitter:label1\" content=\"Gesch\u00e4tzte Lesezeit\" \/>\n\t<meta name=\"twitter:data1\" content=\"6\u00a0Minuten\" \/>\n<script type=\"application\/ld+json\" class=\"yoast-schema-graph\">{\"@context\":\"https:\\\/\\\/schema.org\",\"@graph\":[{\"@type\":\"WebPage\",\"@id\":\"https:\\\/\\\/epilepsypower.indesign.it\\\/equal-opportunity-rights-for-workers-with-epilepsy\\\/section-7-equal-opportunity-rights-in-germany\\\/\",\"url\":\"https:\\\/\\\/epilepsypower.indesign.it\\\/equal-opportunity-rights-for-workers-with-epilepsy\\\/section-7-equal-opportunity-rights-in-germany\\\/\",\"name\":\"Section 7: Equal opportunity rights in Germany - Epilepsy Power\",\"isPartOf\":{\"@id\":\"https:\\\/\\\/epilepsypower.indesign.it\\\/#website\"},\"datePublished\":\"2024-09-26T16:58:58+00:00\",\"dateModified\":\"2025-01-25T21:50:34+00:00\",\"breadcrumb\":{\"@id\":\"https:\\\/\\\/epilepsypower.indesign.it\\\/equal-opportunity-rights-for-workers-with-epilepsy\\\/section-7-equal-opportunity-rights-in-germany\\\/#breadcrumb\"},\"inLanguage\":\"de\",\"potentialAction\":[{\"@type\":\"ReadAction\",\"target\":[\"https:\\\/\\\/epilepsypower.indesign.it\\\/equal-opportunity-rights-for-workers-with-epilepsy\\\/section-7-equal-opportunity-rights-in-germany\\\/\"]}]},{\"@type\":\"BreadcrumbList\",\"@id\":\"https:\\\/\\\/epilepsypower.indesign.it\\\/equal-opportunity-rights-for-workers-with-epilepsy\\\/section-7-equal-opportunity-rights-in-germany\\\/#breadcrumb\",\"itemListElement\":[{\"@type\":\"ListItem\",\"position\":1,\"name\":\"Home\",\"item\":\"https:\\\/\\\/epilepsypower.indesign.it\\\/\"},{\"@type\":\"ListItem\",\"position\":2,\"name\":\"Equal opportunity rights for workers with epilepsy\",\"item\":\"https:\\\/\\\/epilepsypower.indesign.it\\\/equal-opportunity-rights-for-workers-with-epilepsy\\\/\"},{\"@type\":\"ListItem\",\"position\":3,\"name\":\"Section 7: Equal opportunity rights in Germany\"}]},{\"@type\":\"WebSite\",\"@id\":\"https:\\\/\\\/epilepsypower.indesign.it\\\/#website\",\"url\":\"https:\\\/\\\/epilepsypower.indesign.it\\\/\",\"name\":\"Epilepsy Power\",\"description\":\"Epilepsy Power\",\"publisher\":{\"@id\":\"https:\\\/\\\/epilepsypower.indesign.it\\\/#organization\"},\"potentialAction\":[{\"@type\":\"SearchAction\",\"target\":{\"@type\":\"EntryPoint\",\"urlTemplate\":\"https:\\\/\\\/epilepsypower.indesign.it\\\/?s={search_term_string}\"},\"query-input\":{\"@type\":\"PropertyValueSpecification\",\"valueRequired\":true,\"valueName\":\"search_term_string\"}}],\"inLanguage\":\"de\"},{\"@type\":\"Organization\",\"@id\":\"https:\\\/\\\/epilepsypower.indesign.it\\\/#organization\",\"name\":\"Epilepsy Power\",\"url\":\"https:\\\/\\\/epilepsypower.indesign.it\\\/\",\"logo\":{\"@type\":\"ImageObject\",\"inLanguage\":\"de\",\"@id\":\"https:\\\/\\\/epilepsypower.indesign.it\\\/#\\\/schema\\\/logo\\\/image\\\/\",\"url\":\"https:\\\/\\\/epilepsypower.indesign.it\\\/wp-content\\\/uploads\\\/2023\\\/04\\\/cropped-cropped-logo-epilepsy-power.png\",\"contentUrl\":\"https:\\\/\\\/epilepsypower.indesign.it\\\/wp-content\\\/uploads\\\/2023\\\/04\\\/cropped-cropped-logo-epilepsy-power.png\",\"width\":512,\"height\":512,\"caption\":\"Epilepsy Power\"},\"image\":{\"@id\":\"https:\\\/\\\/epilepsypower.indesign.it\\\/#\\\/schema\\\/logo\\\/image\\\/\"}}]}<\/script>\n<!-- \/ Yoast SEO plugin. -->","yoast_head_json":{"title":"Section 7: Equal opportunity rights in Germany - Epilepsy Power","robots":{"index":"noindex","follow":"follow","max-snippet":"max-snippet:-1","max-image-preview":"max-image-preview:large","max-video-preview":"max-video-preview:-1"},"og_locale":"de_DE","og_type":"article","og_title":"Section 7: Equal opportunity rights in Germany - Epilepsy Power","og_description":"Germany has a solid legislative framework to support the employment of people with disabilities: Quota system: Employers with 20 or more employees must ensure that 5% of their staff are severely disabled, with specific requirements for smaller companies. In establishments with fewer than 40 employees, the employer must employ at least one severely disabled employee [&hellip;]","og_url":"https:\/\/epilepsypower.indesign.it\/de\/equal-opportunity-rights-for-workers-with-epilepsy\/section-7-equal-opportunity-rights-in-germany\/","og_site_name":"Epilepsy Power","article_modified_time":"2025-01-25T21:50:34+00:00","twitter_card":"summary_large_image","twitter_misc":{"Gesch\u00e4tzte Lesezeit":"6\u00a0Minuten"},"schema":{"@context":"https:\/\/schema.org","@graph":[{"@type":"WebPage","@id":"https:\/\/epilepsypower.indesign.it\/equal-opportunity-rights-for-workers-with-epilepsy\/section-7-equal-opportunity-rights-in-germany\/","url":"https:\/\/epilepsypower.indesign.it\/equal-opportunity-rights-for-workers-with-epilepsy\/section-7-equal-opportunity-rights-in-germany\/","name":"Section 7: Equal opportunity rights in Germany - Epilepsy Power","isPartOf":{"@id":"https:\/\/epilepsypower.indesign.it\/#website"},"datePublished":"2024-09-26T16:58:58+00:00","dateModified":"2025-01-25T21:50:34+00:00","breadcrumb":{"@id":"https:\/\/epilepsypower.indesign.it\/equal-opportunity-rights-for-workers-with-epilepsy\/section-7-equal-opportunity-rights-in-germany\/#breadcrumb"},"inLanguage":"de","potentialAction":[{"@type":"ReadAction","target":["https:\/\/epilepsypower.indesign.it\/equal-opportunity-rights-for-workers-with-epilepsy\/section-7-equal-opportunity-rights-in-germany\/"]}]},{"@type":"BreadcrumbList","@id":"https:\/\/epilepsypower.indesign.it\/equal-opportunity-rights-for-workers-with-epilepsy\/section-7-equal-opportunity-rights-in-germany\/#breadcrumb","itemListElement":[{"@type":"ListItem","position":1,"name":"Home","item":"https:\/\/epilepsypower.indesign.it\/"},{"@type":"ListItem","position":2,"name":"Equal opportunity rights for workers with epilepsy","item":"https:\/\/epilepsypower.indesign.it\/equal-opportunity-rights-for-workers-with-epilepsy\/"},{"@type":"ListItem","position":3,"name":"Section 7: Equal opportunity rights in Germany"}]},{"@type":"WebSite","@id":"https:\/\/epilepsypower.indesign.it\/#website","url":"https:\/\/epilepsypower.indesign.it\/","name":"Epilepsy Power","description":"Epilepsy Power","publisher":{"@id":"https:\/\/epilepsypower.indesign.it\/#organization"},"potentialAction":[{"@type":"SearchAction","target":{"@type":"EntryPoint","urlTemplate":"https:\/\/epilepsypower.indesign.it\/?s={search_term_string}"},"query-input":{"@type":"PropertyValueSpecification","valueRequired":true,"valueName":"search_term_string"}}],"inLanguage":"de"},{"@type":"Organization","@id":"https:\/\/epilepsypower.indesign.it\/#organization","name":"Epilepsy Power","url":"https:\/\/epilepsypower.indesign.it\/","logo":{"@type":"ImageObject","inLanguage":"de","@id":"https:\/\/epilepsypower.indesign.it\/#\/schema\/logo\/image\/","url":"https:\/\/epilepsypower.indesign.it\/wp-content\/uploads\/2023\/04\/cropped-cropped-logo-epilepsy-power.png","contentUrl":"https:\/\/epilepsypower.indesign.it\/wp-content\/uploads\/2023\/04\/cropped-cropped-logo-epilepsy-power.png","width":512,"height":512,"caption":"Epilepsy Power"},"image":{"@id":"https:\/\/epilepsypower.indesign.it\/#\/schema\/logo\/image\/"}}]}},"_links":{"self":[{"href":"https:\/\/epilepsypower.indesign.it\/de\/wp-json\/wp\/v2\/pages\/2968","targetHints":{"allow":["GET"]}}],"collection":[{"href":"https:\/\/epilepsypower.indesign.it\/de\/wp-json\/wp\/v2\/pages"}],"about":[{"href":"https:\/\/epilepsypower.indesign.it\/de\/wp-json\/wp\/v2\/types\/page"}],"author":[{"embeddable":true,"href":"https:\/\/epilepsypower.indesign.it\/de\/wp-json\/wp\/v2\/users\/2"}],"replies":[{"embeddable":true,"href":"https:\/\/epilepsypower.indesign.it\/de\/wp-json\/wp\/v2\/comments?post=2968"}],"version-history":[{"count":19,"href":"https:\/\/epilepsypower.indesign.it\/de\/wp-json\/wp\/v2\/pages\/2968\/revisions"}],"predecessor-version":[{"id":5663,"href":"https:\/\/epilepsypower.indesign.it\/de\/wp-json\/wp\/v2\/pages\/2968\/revisions\/5663"}],"up":[{"embeddable":true,"href":"https:\/\/epilepsypower.indesign.it\/de\/wp-json\/wp\/v2\/pages\/2952"}],"wp:attachment":[{"href":"https:\/\/epilepsypower.indesign.it\/de\/wp-json\/wp\/v2\/media?parent=2968"}],"curies":[{"name":"wp","href":"https:\/\/api.w.org\/{rel}","templated":true}]}}