{"id":2956,"date":"2024-09-26T18:56:49","date_gmt":"2024-09-26T16:56:49","guid":{"rendered":"https:\/\/epilepsypower.indesign.it\/?page_id=2956"},"modified":"2025-02-07T14:53:27","modified_gmt":"2025-02-07T13:53:27","slug":"section-2-the-international-legal-framework","status":"publish","type":"page","link":"https:\/\/epilepsypower.indesign.it\/fr\/equal-opportunity-rights-for-workers-with-epilepsy\/section-2-the-international-legal-framework\/","title":{"rendered":"Section 2: Le cadre juridique international"},"content":{"rendered":"\t\t<div data-elementor-type=\"wp-page\" data-elementor-id=\"2956\" class=\"elementor elementor-2956\">\n\t\t\t\t\t\t<section class=\" elementor-section elementor-top-section elementor-element elementor-element-ead8a2f elementor-section-boxed elementor-section-height-default elementor-section-height-default smart-sticky-default\" data-id=\"ead8a2f\" data-element_type=\"section\" data-e-type=\"section\">\r\n\t\t\t\t\t\t\t\t<div class=\"elementor-container elementor-column-gap-default\">\r\n\t\t\t\t\r\n\t\t\t\t\t\t\t\t<div class=\" elementor-column elementor-col-33 elementor-top-column elementor-element elementor-element-8934037 \" data-id=\"8934037\" data-element_type=\"column\" data-e-type=\"column\">\r\n\r\n\t\t\t\t\r\n\t\t\t\t<div class=\"elementor-widget-wrap elementor-element-populated\">\r\n\t\t\t\t\t\t\t\t\t\t\r\n\t\t\t\t\t\t<div class=\"elementor-element elementor-element-1c780ed elementor-widget elementor-widget-shortcode\" data-id=\"1c780ed\" data-element_type=\"widget\" data-e-type=\"widget\" data-widget_type=\"shortcode.default\">\n\t\t\t\t<div class=\"elementor-widget-container\">\n\t\t\t\t\t\t\t<div class=\"elementor-shortcode\">\t\t<ul class=\"sommario_corso\">\n\t\t\t\n\t\t<li><strong>Introduction<\/strong><\/li>\t\n\t\t\t\n\t\t<li><a href=\"https:\/\/epilepsypower.indesign.it\/fr\/\">Home<\/a><\/li><li><a href=\"https:\/\/epilepsypower.indesign.it\/fr\/essentials-of-human-resources-management\/\">Essentials of human resources management<\/a><\/li><li><a href=\"https:\/\/epilepsypower.indesign.it\/fr\/essentials-of-human-resources-management\/section-1-knowing-the-main-competences-of-a-hr-manager-and-the-main-activities-of-hr-office\/\">Section 1: Knowing the main competences of a HR manager and the main activities of HR office<\/a><\/li><li><a href=\"https:\/\/epilepsypower.indesign.it\/fr\/essentials-of-human-resources-management\/section-2-understanding-the-specific-needs-of-pwe-to-allow-optimal-integration-in-a-workplace\/\">Section 2: Understanding the specific needs of PwE to allow optimal integration in a workplace<\/a><\/li><li><a href=\"https:\/\/epilepsypower.indesign.it\/fr\/essentials-of-human-resources-management\/section-3-how-to-manage-people-considering-the-size-of-the-organization-and-other-diversity-inclusion-management-aspects-needed-for-pwe\/\">Section 3: How to manage people by considering the size of the organization and other diversity-inclusion management aspects needed for PwE<\/a><\/li><li><a href=\"https:\/\/epilepsypower.indesign.it\/fr\/essentials-of-human-resources-management\/section-4-measuring-and-enhancing-staff-performance-using-appropriate-evaluation-methods-including-for-people-with-epilepsy-pwe\/\">Section 4: Measuring and enhancing staff performance using appropriate evaluation methods, including for people with epilepsy (PwE)<\/a><\/li><li><a href=\"https:\/\/epilepsypower.indesign.it\/fr\/essentials-of-human-resources-management\/concluding-remarks\/\">Concluding Remarks<\/a><\/li><li><a href=\"https:\/\/epilepsypower.indesign.it\/fr\/essentials-of-human-resources-management\/quiz-2\/\">Quiz<\/a><\/li><li><a href=\"https:\/\/epilepsypower.indesign.it\/fr\/accommodating-people-with-epilepsy-in-business-processes-and-activities\/\">Accommodating people with epilepsy in business processes and activities<\/a><\/li><li><a href=\"https:\/\/epilepsypower.indesign.it\/fr\/accommodating-people-with-epilepsy-in-business-processes-and-activities\/section-1-understanding-the-nature-of-epilepsy-and-recognizing-potential-triggers\/\">Section 1: Understanding the nature of epilepsy and recognizing potential triggers.<\/a><\/li><li><a href=\"https:\/\/epilepsypower.indesign.it\/fr\/accommodating-people-with-epilepsy-in-business-processes-and-activities\/section-2-challenges-faced-by-people-with-epilepsy-prior-to-employment\/\">Section 2: Challenges faced by people with epilepsy prior to employment<\/a><\/li><li><a href=\"https:\/\/epilepsypower.indesign.it\/fr\/accommodating-people-with-epilepsy-in-business-processes-and-activities\/section-3-from-respecting-medical-confidentiality-to-defining-and-implementing-the-necessary-reasonable-accommodations-the-key-role-of-the-occupational-physician\/\">Section 3: From respecting medical confidentiality to defining and implementing the necessary reasonable accommodations: the key role of the occupational physician<\/a><\/li><li><a href=\"https:\/\/epilepsypower.indesign.it\/fr\/accommodating-people-with-epilepsy-in-business-processes-and-activities\/section-4-type-of-accommodation-for-people-with-epilepsy-in-the-workplace\/\">Section 4: Type of accommodation for people with epilepsy in the workplace.<\/a><\/li><li><a href=\"https:\/\/epilepsypower.indesign.it\/fr\/accommodating-people-with-epilepsy-in-business-processes-and-activities\/section-5-ensuring-safety-in-the-workplace-and-creating-a-plan-of-action\/\">Section 5: Ensuring safety in the workplace and creating a plan of action<\/a><\/li><li><a href=\"https:\/\/epilepsypower.indesign.it\/fr\/accommodating-people-with-epilepsy-in-business-processes-and-activities\/concluding-remarks\/\">Concluding remarks<\/a><\/li><li><a href=\"https:\/\/epilepsypower.indesign.it\/fr\/accommodating-people-with-epilepsy-in-business-processes-and-activities\/quiz\/\">Quiz<\/a><\/li><li><a href=\"https:\/\/epilepsypower.indesign.it\/fr\/lp2-final-test\/\">LP2 Final Test<\/a><\/li><li><a href=\"https:\/\/epilepsypower.indesign.it\/fr\/what-is-epilepsy\/\">What is Epilepsy<\/a><\/li><li><a href=\"https:\/\/epilepsypower.indesign.it\/fr\/epilepsy-and-time-management\/\">Epilepsy and time management<\/a><\/li><li><a href=\"https:\/\/epilepsypower.indesign.it\/fr\/epilepsy-and-time-management\/meaning-and-importance-of-time-management-in-the-working-life-of-people-with-epilepsy\/\">Section 1: Meaning and importance of time management in the working life of people with epilepsy<\/a><\/li><li><a href=\"https:\/\/epilepsypower.indesign.it\/fr\/epilepsy-and-time-management\/section-2-how-can-i-establish-good-time-management-for-people-with-epilepsy-in-my-organisation\/\">Section 2: How can I establish good time management for people with epilepsy in my organisation?<\/a><\/li><li><a href=\"https:\/\/epilepsypower.indesign.it\/fr\/epilepsy-and-time-management\/how-can-i-establish-good-time-management-for-people-with-epilepsy-in-my-organisation\/\">Section 3: Coaching people with epilepsy \u2013 concrete tools & methods<\/a><\/li><li><a href=\"https:\/\/epilepsypower.indesign.it\/fr\/epilepsy-and-time-management\/concluding-remarks\/\">Concluding remarks<\/a><\/li><li><a href=\"https:\/\/epilepsypower.indesign.it\/fr\/epilepsy-and-time-management\/quiz\/\">Quiz<\/a><\/li><li><a href=\"https:\/\/epilepsypower.indesign.it\/fr\/conducting-a-personal-assessment-of-epilepsy-to-minimize-workplace-risks\/\">Conducting a Personal Assessment of Epilepsy to Minimize Workplace Risks<\/a><\/li><li><a href=\"https:\/\/epilepsypower.indesign.it\/fr\/conducting-a-personal-assessment-of-epilepsy-to-minimize-workplace-risks\/section-1-seizures-and-triggering-factors\/\">Section 1: Seizures and triggering factors<\/a><\/li><li><a href=\"https:\/\/epilepsypower.indesign.it\/fr\/conducting-a-personal-assessment-of-epilepsy-to-minimize-workplace-risks\/section-2-methods\/\">Section 2: Physical effects<\/a><\/li><li><a href=\"https:\/\/epilepsypower.indesign.it\/fr\/conducting-a-personal-assessment-of-epilepsy-to-minimize-workplace-risks\/section-3-cognitive-effects\/\">Section 3: Cognitive effects<\/a><\/li><li><a href=\"https:\/\/epilepsypower.indesign.it\/fr\/conducting-a-personal-assessment-of-epilepsy-to-minimize-workplace-risks\/concluding-remarks-2\/\">Individual assessment tool<\/a><\/li><li><a href=\"https:\/\/epilepsypower.indesign.it\/fr\/conducting-a-personal-assessment-of-epilepsy-to-minimize-workplace-risks\/concluding-remarks\/\">Concluding remarks<\/a><\/li><li><a href=\"https:\/\/epilepsypower.indesign.it\/fr\/conducting-a-personal-assessment-of-epilepsy-to-minimize-workplace-risks\/quiz\/\">Quiz<\/a><\/li><li><a href=\"https:\/\/epilepsypower.indesign.it\/fr\/what-is-epilepsy-2\/\">What is Epilepsy<\/a><\/li><li><a href=\"https:\/\/epilepsypower.indesign.it\/fr\/processes-and-steps-to-become-an-inclusive-pwe-organisation\/\">Processes and steps to become an inclusive PwE organisation<\/a><\/li><li><a href=\"https:\/\/epilepsypower.indesign.it\/fr\/processes-and-steps-to-become-an-inclusive-pwe-organisation\/section-1-create-and-develop-an-inclusive-policy\/\">Section 1: Create and develop an inclusive policy<\/a><\/li><li><a href=\"https:\/\/epilepsypower.indesign.it\/fr\/processes-and-steps-to-become-an-inclusive-pwe-organisation\/section-2-changing-managerial-practices\/\">Section 2: Changing managerial practices<\/a><\/li><li><a href=\"https:\/\/epilepsypower.indesign.it\/fr\/processes-and-steps-to-become-an-inclusive-pwe-organisation\/section-3-changing-employee-attitudes\/\">Section 3: Changing employee attitudes<\/a><\/li><li><a href=\"https:\/\/epilepsypower.indesign.it\/fr\/processes-and-steps-to-become-an-inclusive-pwe-organisation\/concluding-remarks\/\">Concluding remarks<\/a><\/li><li><a href=\"https:\/\/epilepsypower.indesign.it\/fr\/processes-and-steps-to-become-an-inclusive-pwe-organisation\/quiz\/\">Quiz<\/a><\/li><li><a href=\"https:\/\/epilepsypower.indesign.it\/fr\/improving-the-knowledge-of-the-best-job-searching-strategies\/\">Improving job searching strategies<\/a><\/li><li><a href=\"https:\/\/epilepsypower.indesign.it\/fr\/improving-the-knowledge-of-the-best-job-searching-strategies\/what-do-you-want\/\">Section 1: What do you want?<\/a><\/li><li><a href=\"https:\/\/epilepsypower.indesign.it\/fr\/improving-the-knowledge-of-the-best-job-searching-strategies\/section-2-assessing-the-medical-condition-realistically\/\">Section 2: Assessing the medical condition realistically<\/a><\/li><li><a href=\"https:\/\/epilepsypower.indesign.it\/fr\/improving-the-knowledge-of-the-best-job-searching-strategies\/section-3-assessing-the-medical-condition-realistically\/\">Section 3: Laws, counselling and support.<\/a><\/li><li><a href=\"https:\/\/epilepsypower.indesign.it\/fr\/improving-the-knowledge-of-the-best-job-searching-strategies\/concluding-remarks\/\">Concluding remarks<\/a><\/li><li><a href=\"https:\/\/epilepsypower.indesign.it\/fr\/improving-the-knowledge-of-the-best-job-searching-strategies\/quiz\/\">Quiz<\/a><\/li><li><a href=\"https:\/\/epilepsypower.indesign.it\/fr\/managing-stress-anxiety-and-frustration-for-better-inclusion\/\">Managing Stress, Anxiety and Frustration for better inclusion<\/a><\/li><li><a href=\"https:\/\/epilepsypower.indesign.it\/fr\/managing-stress-anxiety-and-frustration-for-better-inclusion\/section-1-understanding-epilepsy-and-its-impact-on-employees\/\">Section 1: Understanding Epilepsy and Its Impact on Employees<\/a><\/li><li><a href=\"https:\/\/epilepsypower.indesign.it\/fr\/managing-stress-anxiety-and-frustration-for-better-inclusion\/section-2-promoting-awareness\/\">Section 2: Creating an Inclusive Workplace Environment<\/a><\/li><li><a href=\"https:\/\/epilepsypower.indesign.it\/fr\/managing-stress-anxiety-and-frustration-for-better-inclusion\/section-3-managing-stress-and-anxiety-for-employees-with-epilepsy\/\">Section 3: Managing Stress and Anxiety for Employees with Epilepsy<\/a><\/li><li><a href=\"https:\/\/epilepsypower.indesign.it\/fr\/managing-stress-anxiety-and-frustration-for-better-inclusion\/section-4-handling-frustration-and-emotional-well-being\/\">Section 4: Handling Frustration and Emotional Well-being<\/a><\/li><li><a href=\"https:\/\/epilepsypower.indesign.it\/fr\/managing-stress-anxiety-and-frustration-for-better-inclusion\/section-5-supportive-workplace-policies-and-legal-considerations\/\">Section 5: Supportive Workplace Policies and Legal Considerations<\/a><\/li><li><a href=\"https:\/\/epilepsypower.indesign.it\/fr\/managing-stress-anxiety-and-frustration-for-better-inclusion\/concluding-remarks\/\">Concluding Remarks<\/a><\/li><li><a href=\"https:\/\/epilepsypower.indesign.it\/fr\/managing-stress-anxiety-and-frustration-for-better-inclusion\/quiz\/\">Quiz<\/a><\/li><li><a href=\"https:\/\/epilepsypower.indesign.it\/fr\/equal-opportunity-rights-for-workers-with-epilepsy\/\">Equal opportunity rights for workers with epilepsy<\/a><\/li><li><a href=\"https:\/\/epilepsypower.indesign.it\/fr\/equal-opportunity-rights-for-workers-with-epilepsy\/section-1-obstacles-to-better-professional-integration-for-people-with-disabilities-particularly-epilepsy\/\">Section 1: Obstacles to better professional integration for people with disabilities, particularly epilepsy<\/a><\/li><li><a href=\"https:\/\/epilepsypower.indesign.it\/fr\/equal-opportunity-rights-for-workers-with-epilepsy\/section-2-the-international-legal-framework\/\">Section 2: The international legal framework<\/a><\/li><li><a href=\"https:\/\/epilepsypower.indesign.it\/fr\/equal-opportunity-rights-for-workers-with-epilepsy\/section-3-the-european-legal-framework\/\">Section 3: The european legal framework<\/a><\/li><li><a href=\"https:\/\/epilepsypower.indesign.it\/fr\/equal-opportunity-rights-for-workers-with-epilepsy\/section-4-equal-opportunity-rights-in-italy\/\">Section 4: Equal opportunity rights in Italy<\/a><\/li><li><a href=\"https:\/\/epilepsypower.indesign.it\/fr\/equal-opportunity-rights-for-workers-with-epilepsy\/section-5-equal-opportunity-rights-in-bulgaria\/\">Section 5: Equal opportunity rights in Bulgaria<\/a><\/li><li><a href=\"https:\/\/epilepsypower.indesign.it\/fr\/equal-opportunity-rights-for-workers-with-epilepsy\/section-6-equal-opportunity-rights-in-ireland\/\">Section 6: Equal opportunity rights in Ireland<\/a><\/li><li><a href=\"https:\/\/epilepsypower.indesign.it\/fr\/equal-opportunity-rights-for-workers-with-epilepsy\/section-7-equal-opportunity-rights-in-germany\/\">Section 7: Equal opportunity rights in Germany<\/a><\/li><li><a href=\"https:\/\/epilepsypower.indesign.it\/fr\/equal-opportunity-rights-for-workers-with-epilepsy\/section-8-equal-opportunity-rights-in-france\/\">Section 8: Equal opportunity rights in France<\/a><\/li><li><a href=\"https:\/\/epilepsypower.indesign.it\/fr\/equal-opportunity-rights-for-workers-with-epilepsy\/section-9-summary-of-key-points-concerning-legislation-to-promote-the-professional-integration-of-disabled-people-in-italy-bulgaria-ireland-germany-and-france\/\">Section 9: Summary of key points concerning legislation to promote the professional integration of disabled people in Italy, Bulgaria, Ireland, Germany and France.<\/a><\/li><li><a href=\"https:\/\/epilepsypower.indesign.it\/fr\/equal-opportunity-rights-for-workers-with-epilepsy\/concluding-remarks\/\">Concluding remarks<\/a><\/li><li><a href=\"https:\/\/epilepsypower.indesign.it\/fr\/equal-opportunity-rights-for-workers-with-epilepsy\/quiz\/\">Quiz<\/a><\/li><li><a href=\"https:\/\/epilepsypower.indesign.it\/fr\/organisation-of-tasks-to-be-assigned-to-people-with-epilepsy\/\">Considerations in assigning tasks to people with epilepsy<\/a><\/li><li><a href=\"https:\/\/epilepsypower.indesign.it\/fr\/organisation-of-tasks-to-be-assigned-to-people-with-epilepsy\/assignement-of-tasks-what-do-people-with-epilepsy-need\/\">Section 1: Assignment of tasks - What do people with epilepsy need?<\/a><\/li><li><a href=\"https:\/\/epilepsypower.indesign.it\/fr\/organisation-of-tasks-to-be-assigned-to-people-with-epilepsy\/assignment-of-tasks-sensitisation-to-needs-within-the-team\/\">Section 2: Assignment of tasks \u2013 sensitisation to needs within the team<\/a><\/li><li><a href=\"https:\/\/epilepsypower.indesign.it\/fr\/organisation-of-tasks-to-be-assigned-to-people-with-epilepsy\/section-3-long-term-goal-self-organising-tasks\/\">Section 3: Long-term goal: self-organising tasks<\/a><\/li><li><a href=\"https:\/\/epilepsypower.indesign.it\/fr\/organisation-of-tasks-to-be-assigned-to-people-with-epilepsy\/concluding-remarks\/\">Concluding remarks<\/a><\/li><li><a href=\"https:\/\/epilepsypower.indesign.it\/fr\/organisation-of-tasks-to-be-assigned-to-people-with-epilepsy\/quiz\/\">Quiz<\/a><\/li><li><a href=\"https:\/\/epilepsypower.indesign.it\/fr\/company-registration\/\">Company Registration<\/a><\/li><li><a href=\"https:\/\/epilepsypower.indesign.it\/fr\/how-to-self-promote-and-find-work-opportunities\/\">How to Self-Promote and Find Work Opportunities<\/a><\/li><li><a href=\"https:\/\/epilepsypower.indesign.it\/fr\/how-to-self-promote-and-find-work-opportunities\/section-1-self-promotion-in-job-searching\/\">Section 1: Self-Promotion in Job Searching<\/a><\/li><li><a href=\"https:\/\/epilepsypower.indesign.it\/fr\/how-to-self-promote-and-find-work-opportunities\/section-2-self-promotion-at-interview\/\">Section 2: Self-Promotion at Interview<\/a><\/li><li><a href=\"https:\/\/epilepsypower.indesign.it\/fr\/how-to-self-promote-and-find-work-opportunities\/section-3-self-promotion-in-the-workplace\/\">Section 3: Self-Promotion in the Workplace<\/a><\/li><li><a href=\"https:\/\/epilepsypower.indesign.it\/fr\/how-to-self-promote-and-find-work-opportunities\/concluding-remarks\/\">Concluding Remarks<\/a><\/li><li><a href=\"https:\/\/epilepsypower.indesign.it\/fr\/how-to-self-promote-and-find-work-opportunities\/quiz\/\">Quiz<\/a><\/li><li><a href=\"https:\/\/epilepsypower.indesign.it\/fr\/improving-social-communication-and-interaction-skills\/\">Improving Social Communication and Interaction Skills<\/a><\/li><li><a href=\"https:\/\/epilepsypower.indesign.it\/fr\/improving-social-communication-and-interaction-skills\/section-1-understanding-social-communication\/\">Section 1: Understanding Social Communication<\/a><\/li><li><a href=\"https:\/\/epilepsypower.indesign.it\/fr\/improving-social-communication-and-interaction-skills\/section-2-recognizing-barriers-to-effective-communication\/\">Section 2: Recognizing Barriers to Effective Communication<\/a><\/li><li><a href=\"https:\/\/epilepsypower.indesign.it\/fr\/improving-social-communication-and-interaction-skills\/section-3-active-listening-skills\/\">Section 3: Active Listening Skills<\/a><\/li><li><a href=\"https:\/\/epilepsypower.indesign.it\/fr\/improving-social-communication-and-interaction-skills\/section-4-non-verbal-communication\/\">Section 4: Non-Verbal Communication<\/a><\/li><li><a href=\"https:\/\/epilepsypower.indesign.it\/fr\/improving-social-communication-and-interaction-skills\/section-5-emotional-intelligence\/\">Section 5: Emotional Intelligence<\/a><\/li><li><a href=\"https:\/\/epilepsypower.indesign.it\/fr\/improving-social-communication-and-interaction-skills\/section-6-overcoming-communication-anxiety\/\">Section 6: Overcoming Communication Anxiety<\/a><\/li><li><a href=\"https:\/\/epilepsypower.indesign.it\/fr\/improving-social-communication-and-interaction-skills\/section-7-effective-conflict-resolution\/\">Section 7: Effective Conflict Resolution<\/a><\/li><li><a href=\"https:\/\/epilepsypower.indesign.it\/fr\/improving-social-communication-and-interaction-skills\/section-8-effective-conflict-resolution\/\">Section 8: Building Social Skills in Specific Contexts<\/a><\/li><li><a href=\"https:\/\/epilepsypower.indesign.it\/fr\/improving-social-communication-and-interaction-skills\/conclusion\/\">Conclusion<\/a><\/li><li><a href=\"https:\/\/epilepsypower.indesign.it\/fr\/improving-social-communication-and-interaction-skills\/quiz\/\">Quiz<\/a><\/li><li><a href=\"https:\/\/epilepsypower.indesign.it\/fr\/lp1-final-test\/\">LP1 Final Test<\/a><\/li><li><a href=\"https:\/\/epilepsypower.indesign.it\/fr\/strengthening-your-job-application-process\/\">Strengthening your job application process<\/a><\/li><li><a href=\"https:\/\/epilepsypower.indesign.it\/fr\/strengthening-your-job-application-process\/section-1-how-to-find-and-apply-to-a-job-position\/\">Section 1: How to find and apply to a job position<\/a><\/li><li><a href=\"https:\/\/epilepsypower.indesign.it\/fr\/strengthening-your-job-application-process\/section-2-how-to-create-a-complete-and-understandable-personal-curriculum\/\">Section 2: How to create a complete and understandable personal curriculum<\/a><\/li><li><a href=\"https:\/\/epilepsypower.indesign.it\/fr\/strengthening-your-job-application-process\/section-3-demonstrating-the-right-competencies-for-the-requirements-of-a-job-position\/\">Section 3: Demonstrating the right competencies for the requirements of a job position<\/a><\/li><li><a href=\"https:\/\/epilepsypower.indesign.it\/fr\/strengthening-your-job-application-process\/section-4-presenting-and-discussing-effectively-your-professional-and-personal-background-during-a-selection-process\/\">Section 4: Presenting and discussing effectively your professional and personal background during a selection process<\/a><\/li><li><a href=\"https:\/\/epilepsypower.indesign.it\/fr\/strengthening-your-job-application-process\/concluding-remarks\/\">Concluding remarks<\/a><\/li><li><a href=\"https:\/\/epilepsypower.indesign.it\/fr\/strengthening-your-job-application-process\/quiz\/\">Quiz<\/a><\/li><li><a href=\"https:\/\/epilepsypower.indesign.it\/fr\/guiding-selection-of-optimal-employment-based-on-personal-medical-condition\/\">Tailoring Employment Choices to Individual Medical Conditions<\/a><\/li><li><a href=\"https:\/\/epilepsypower.indesign.it\/fr\/guiding-selection-of-optimal-employment-based-on-personal-medical-condition\/choosing-appropriate-job\/\">Section 1: Choosing appropriate job<\/a><\/li><li><a href=\"https:\/\/epilepsypower.indesign.it\/fr\/guiding-selection-of-optimal-employment-based-on-personal-medical-condition\/choosing-appropriate-job-2\/\">Section 2: \"External\u201d limitations: environmental risks, seizures, physical and cognitive limitations<\/a><\/li><li><a href=\"https:\/\/epilepsypower.indesign.it\/fr\/guiding-selection-of-optimal-employment-based-on-personal-medical-condition\/internal-limitations\/\">Section 3: \u201cInternal\u201d limitations<\/a><\/li><li><a href=\"https:\/\/epilepsypower.indesign.it\/fr\/guiding-selection-of-optimal-employment-based-on-personal-medical-condition\/concluding-remarks\/\">Concluding remarks<\/a><\/li><li><a href=\"https:\/\/epilepsypower.indesign.it\/fr\/guiding-selection-of-optimal-employment-based-on-personal-medical-condition\/quiz\/\">Quiz<\/a><\/li><li><a href=\"https:\/\/epilepsypower.indesign.it\/fr\/encouraging-interaction-between-people-with-epilepsy-and-their-co-workers\/\">Encouraging Interaction between People with Epilepsy and their Co-Workers<\/a><\/li><li><a href=\"https:\/\/epilepsypower.indesign.it\/fr\/encouraging-interaction-between-people-with-epilepsy-and-their-co-workers\/section-1-understanding-epilepsy-and-its-impact-on-employees\/\">Section 1: Understanding Epilepsy<\/a><\/li><li><a href=\"https:\/\/epilepsypower.indesign.it\/fr\/encouraging-interaction-between-people-with-epilepsy-and-their-co-workers\/section-2-promoting-awareness\/\">Section 2: Promoting Awareness<\/a><\/li><li><a href=\"https:\/\/epilepsypower.indesign.it\/fr\/encouraging-interaction-between-people-with-epilepsy-and-their-co-workers\/section-3-effective-communication-strategies\/\">Section 3: Effective Communication Strategies<\/a><\/li><li><a href=\"https:\/\/epilepsypower.indesign.it\/fr\/encouraging-interaction-between-people-with-epilepsy-and-their-co-workers\/section-4-self-advocacy\/\">Section 4: Self-Advocacy<\/a><\/li><li><a href=\"https:\/\/epilepsypower.indesign.it\/fr\/encouraging-interaction-between-people-with-epilepsy-and-their-co-workers\/concluding-remarks\/\">Concluding Remarks<\/a><\/li><li><a href=\"https:\/\/epilepsypower.indesign.it\/fr\/encouraging-interaction-between-people-with-epilepsy-and-their-co-workers\/quiz\/\">Quiz<\/a><\/li>\t\t<\/ul>\n\t\t<\/div>\n\t\t\t\t\t\t<\/div>\n\t\t\t\t<\/div>\n\t\t\t\t\t\t<\/div>\r\n\t\t\t\t<\/div>\r\n\t\t\t\t\t\t\t\t\t<div class=\" elementor-column elementor-col-66 elementor-top-column elementor-element elementor-element-3136afc \" data-id=\"3136afc\" data-element_type=\"column\" data-e-type=\"column\">\r\n\r\n\t\t\t\t\r\n\t\t\t\t<div class=\"elementor-widget-wrap elementor-element-populated\">\r\n\t\t\t\t\t\t\t\t\t\t\r\n\t\t\t\t\t\t<div class=\"elementor-element elementor-element-7f83756 elementor-widget elementor-widget-text-editor\" data-id=\"7f83756\" data-element_type=\"widget\" data-e-type=\"widget\" data-no-translation=\"\" data-widget_type=\"text-editor.default\">\n\t\t\t\t<div class=\"elementor-widget-container\">\n\t\t\t\t\t<style>.elementor-element-7f83756{display:none !important}<\/style>\t\t\t\t<\/div>\n\t\t\t\t<\/div>\n\t\t\t\t<div class=\"elementor-element elementor-element-4b2ef1d elementor-widget elementor-widget-text-editor\" data-id=\"4b2ef1d\" data-element_type=\"widget\" data-e-type=\"widget\" data-no-translation=\"\" data-widget_type=\"text-editor.default\">\n\t\t\t\t<div class=\"elementor-widget-container\">\n\t\t\t\t\t<style>.elementor-element-4b2ef1d{display:none !important}<\/style>\t\t\t\t<\/div>\n\t\t\t\t<\/div>\n\t\t\t\t<div class=\"elementor-element elementor-element-1d9be2a elementor-widget elementor-widget-text-editor\" data-id=\"1d9be2a\" data-element_type=\"widget\" data-e-type=\"widget\" data-no-translation=\"\" data-widget_type=\"text-editor.default\">\n\t\t\t\t<div class=\"elementor-widget-container\">\n\t\t\t\t\t\t\t\t\t<table width=\"604\"><tbody><tr><td width=\"604\"><blockquote><p>T\u00e9moignage de Marie :<\/p><p>Je pense qu&#8217;il ne faut pas h\u00e9siter \u00e0 se faire reconna\u00eetre comme travailleur handicap\u00e9 par la Maison D\u00e9partemental des Personnes Handicap\u00e9es (MDPH). J&#8217;ai travaill\u00e9 pendant 15 ans sans rien dire, sans me plaindre, en cachant mes difficult\u00e9s. C&#8217;\u00e9tait lourd et compliqu\u00e9 de vivre dans le monde du travail avec ce secret. Et puis un jour, j&#8217;ai fait une crise convulsive au bureau parce que j&#8217;y allais \u00e9puis\u00e9e et en manque de sommeil. Je pensais que ce serait une catastrophe si tout le monde \u00e9tait au courant de ma maladie, mais ce n&#8217;est pas du tout le cas, au contraire. Aujourd&#8217;hui, la m\u00e9decine du travail m&#8217;a trouv\u00e9 un emploi plus adapt\u00e9 et je peux faire des pauses. Je n&#8217;irai plus jamais travailler sans dormir, mes heures de travail ont \u00e9t\u00e9 r\u00e9duites. J&#8217;ai m\u00eame b\u00e9n\u00e9fici\u00e9 d&#8217;une pension d&#8217;invalidit\u00e9 pendant un certain temps. Ma qualit\u00e9 de vie s&#8217;est consid\u00e9rablement am\u00e9lior\u00e9e &#8220;gr\u00e2ce&#8221; \u00e0 cette crise au bureau. Bien s\u00fbr, il y a eu des jours sombres (recrudescence des crises avec un traitement qui les a aggrav\u00e9es, n\u00e9vrite inflammatoire avec un autre que je ne supportais pas). Bref, maintenant que je suis stable, je regrette de ne pas avoir fait valoir mes droits plus t\u00f4t. Sachez que les travailleurs handicap\u00e9s ont droit \u00e0 la retraite anticip\u00e9e, mais encore faut-il se d\u00e9clarer&#8230; un peu tard pour moi. Renseignez-vous aupr\u00e8s de la MDPH et du m\u00e9decin du travail. Pour ceux qui sont encore \u00e9tudiants, ne choisissez pas des m\u00e9tiers aux horaires difficiles, comme la restauration, ou des m\u00e9tiers trop bruyants et p\u00e9nibles pour nous. Les emplois de bureau avec des horaires fixes et de la moquette en cas de chute sont plus adapt\u00e9s .<a href=\"#_ftn1\" name=\"_ftnref1\"><sup>[1]<\/sup><\/a><\/p><\/blockquote><\/td><\/tr><\/tbody><\/table><p><a href=\"#_ftnref1\" name=\"_ftn1\"><sup>[1]<\/sup><\/a> Carenit\u00e9. (s. d.-c). <em>Epilepsie et monde du travail<\/em>. Forum Epilepsie. <a href=\"https:\/\/www.carenity.com\/forum\/epilepsie\/lepilepsie-au-quotidien\/epilepsie-et-monde-du-travail-8695\">https:\/\/www.carenity.com\/forum\/epilepsie\/lepilepsie-au-quotidien\/epilepsie-et-monde-du-travail-8695<\/a><\/p><p>Le cadre juridique international pour l&#8217;insertion professionnelle des personnes handicap\u00e9es, y compris les personnes \u00e9pileptiques, repose sur un certain nombre de trait\u00e9s, de conventions et de lignes directrices \u00e9labor\u00e9s par des organisations internationales telles que les Nations unies et l&#8217;Organisation internationale du travail (OIT). Ces instruments juridiques obligent les \u00c9tats membres \u00e0 prendre des mesures pour promouvoir l&#8217;\u00e9galit\u00e9 des chances et l&#8217;inclusion dans l&#8217;emploi, tout en garantissant des environnements de travail accessibles et non discriminatoires.<\/p><p><strong>\u00a0<\/strong><strong>La Convention des Nations unies relative aux droits des personnes handicap\u00e9es (CDPH), <\/strong>adopt\u00e9e en 2006, est un trait\u00e9 international visant \u00e0 promouvoir, prot\u00e9ger et assurer la pleine et \u00e9gale jouissance de tous les droits de l&#8217;homme et de toutes les libert\u00e9s fondamentales par les personnes handicap\u00e9es. La Convention met particuli\u00e8rement l&#8217;accent sur la non-discrimination, l&#8217;inclusion sociale, l&#8217;\u00e9galit\u00e9 des chances et l&#8217;accessibilit\u00e9.<\/p><p>Les articles les plus pertinents sont les suivants\u00a0<\/p><ul><li>Article 2 : \u00e9tablit que le <strong>refus d&#8217;am\u00e9nagement raisonnable <\/strong>constitue une forme de <strong>discrimination <\/strong>\u00e0 moins qu&#8217;il n&#8217;impose une charge disproportionn\u00e9e ou excessive.<\/li><li>Article 4 : les \u00c9tats sont tenus de prendre toutes les mesures appropri\u00e9es pour <strong>\u00e9liminer la discrimination fond\u00e9e sur le handicap, <\/strong>pratiqu\u00e9e par une personne, une organisation ou une entreprise priv\u00e9e.<\/li><li>Article 9 : cet article souligne l&#8217;<strong>importance de l&#8217;accessibilit\u00e9 dans tous les aspects de la vie, y compris sur le lieu de travail, pour permettre aux personnes <\/strong>handicap\u00e9es de participer pleinement et efficacement \u00e0 la soci\u00e9t\u00e9.<\/li><li>Article 21 : les \u00c9tats sont tenus d&#8217;encourager les <strong>entreprises priv\u00e9es <\/strong>fournissant des services au public, y compris via l&#8217;internet, <strong>\u00e0 fournir des informations et des services dans des formats accessibles et utilisables par les personnes handicap\u00e9es<\/strong>.<\/li><li>Article 27 : Cet article oblige les \u00c9tats \u00e0 reconna\u00eetre le droit au travail des personnes handicap\u00e9es sur un pied d&#8217;\u00e9galit\u00e9 avec les autres travailleurs. Il stipule que les \u00c9tats doivent <strong>interdire la discrimination en mati\u00e8re d&#8217;emploi fond\u00e9e sur le handicap<\/strong>, <strong>promouvoir les possibilit\u00e9s d&#8217;emploi <\/strong>et prendre des mesures appropri\u00e9es pour employer des personnes handicap\u00e9es dans des environnements de travail inclusifs et accessibles.<\/li><\/ul><p><strong>La convention n\u00b0 159 de l&#8217;Organisation internationale du travail (OIT) concernant la r\u00e9adaptation professionnelle et l&#8217;emploi <\/strong>(1983) exige des \u00c9tats membres qu&#8217;ils \u00e9laborent et mettent en \u0153uvre des politiques nationales pour la r\u00e9adaptation professionnelle et l&#8217;emploi des personnes handicap\u00e9es. Elle met l&#8217;accent sur l&#8217;\u00e9galit\u00e9 des chances et de traitement en mati\u00e8re d&#8217;emploi et recommande des mesures de r\u00e9adaptation professionnelle pour aider les personnes handicap\u00e9es \u00e0 obtenir, conserver et progresser dans l&#8217;emploi.<\/p><p>Parmi les autres initiatives internationales, citons <strong>le Programme d&#8217;action mondial concernant les personnes handicap\u00e9es <\/strong>(1982). Adopt\u00e9 par l&#8217;Assembl\u00e9e g\u00e9n\u00e9rale des Nations unies, ce programme d&#8217;action mondial vise \u00e0 promouvoir une approche int\u00e9gr\u00e9e et globale du handicap. Il se concentre sur l&#8217;\u00e9limination des obstacles \u00e0 la participation des personnes handicap\u00e9es dans tous les domaines de la vie, y compris le travail<strong>. <\/strong><\/p><p><strong>\u00a0<\/strong>La <strong>d\u00e9claration des Nations unies de 1975 sur les droits des personnes <\/strong>handicap\u00e9es \u00e9nonce des principes fondamentaux concernant les droits des personnes handicap\u00e9es, notamment le droit au travail et \u00e0 une protection sociale ad\u00e9quate<strong>.<\/strong><\/p>\t\t\t\t\t\t\t\t<\/div>\n\t\t\t\t<\/div>\n\t\t\t\t<div class=\"elementor-element elementor-element-5e0d83d elementor-widget elementor-widget-text-editor\" data-id=\"5e0d83d\" data-element_type=\"widget\" data-e-type=\"widget\" data-no-translation=\"\" data-widget_type=\"text-editor.default\">\n\t\t\t\t<div class=\"elementor-widget-container\">\n\t\t\t\t\t<style>.elementor-element-5e0d83d{display:none !important}<\/style>\t\t\t\t<\/div>\n\t\t\t\t<\/div>\n\t\t\t\t<div class=\"elementor-element elementor-element-fd3a254 elementor-widget elementor-widget-text-editor\" data-id=\"fd3a254\" data-element_type=\"widget\" data-e-type=\"widget\" data-no-translation=\"\" data-widget_type=\"text-editor.default\">\n\t\t\t\t<div class=\"elementor-widget-container\">\n\t\t\t\t\t<style>.elementor-element-fd3a254{display:none !important}<\/style>\t\t\t\t<\/div>\n\t\t\t\t<\/div>\n\t\t\t\t<div class=\"elementor-element elementor-element-ba1c812 elementor-widget elementor-widget-text-editor\" data-id=\"ba1c812\" data-element_type=\"widget\" data-e-type=\"widget\" data-no-translation=\"\" data-widget_type=\"text-editor.default\">\n\t\t\t\t<div class=\"elementor-widget-container\">\n\t\t\t\t\t<style>.elementor-element-ba1c812{display:none !important}<\/style>\t\t\t\t<\/div>\n\t\t\t\t<\/div>\n\t\t\t\t\t\t<\/div>\r\n\t\t\t\t<\/div>\r\n\t\t\t\t\t\t\t\t<\/div>\r\n\t\t\t<\/section>\r\n\t\t\t\t\t<section class=\" elementor-section elementor-top-section elementor-element elementor-element-ed0591e elementor-section-boxed elementor-section-height-default elementor-section-height-default smart-sticky-default\" data-id=\"ed0591e\" data-element_type=\"section\" data-e-type=\"section\">\r\n\t\t\t\t\t\t\t\t<div class=\"elementor-container elementor-column-gap-default\">\r\n\t\t\t\t\r\n\t\t\t\t\t\t\t\t<div class=\" elementor-column elementor-col-100 elementor-top-column elementor-element elementor-element-311b858 \" data-id=\"311b858\" data-element_type=\"column\" data-e-type=\"column\">\r\n\r\n\t\t\t\t\r\n\t\t\t\t<div class=\"elementor-widget-wrap elementor-element-populated\">\r\n\t\t\t\t\t\t\t\t\t\t\r\n\t\t\t\t\t\t<div class=\"elementor-element elementor-element-9de7977 elementor-widget elementor-widget-shortcode\" data-id=\"9de7977\" data-element_type=\"widget\" data-e-type=\"widget\" data-widget_type=\"shortcode.default\">\n\t\t\t\t<div class=\"elementor-widget-container\">\n\t\t\t\t\t\t\t<div class=\"elementor-shortcode\"><div style=\"width:100%; text-align: center; margin: 20px 0; font-weight: bold;\">\n\t\t<a href=\"https:\/\/epilepsypower.indesign.it\/fr\/\"> Next: \"Home\" &raquo;&raquo; <\/a> \t\t<\/div><\/div>\n\t\t\t\t\t\t<\/div>\n\t\t\t\t<\/div>\n\t\t\t\t\t\t<\/div>\r\n\t\t\t\t<\/div>\r\n\t\t\t\t\t\t\t\t<\/div>\r\n\t\t\t<\/section>\r\n\t\t\t\t\t<\/div>\n\t\t","protected":false},"excerpt":{"rendered":"<p>Testimony from Marie : I don&#8217;t think you should hesitate to get yourself recognised as a disabled worker by your local departmental disabled people&#8217;s office (MDPH). I worked for 15 years without saying anything, without complaining, hiding my difficulties. It was burdensome and complicated to live in the world of work with this secret. Then [&hellip;]<\/p>\n","protected":false},"author":2,"featured_media":0,"parent":2952,"menu_order":2,"comment_status":"closed","ping_status":"closed","template":"","meta":{"footnotes":""},"class_list":["post-2956","page","type-page","status-publish","hentry"],"yoast_head":"<!-- This site is optimized with the Yoast SEO plugin v27.3 - https:\/\/yoast.com\/product\/yoast-seo-wordpress\/ -->\n<title>Section 2: The international legal framework - Epilepsy Power<\/title>\n<meta name=\"robots\" content=\"noindex, follow, max-snippet:-1, max-image-preview:large, max-video-preview:-1\" \/>\n<meta property=\"og:locale\" content=\"fr_FR\" \/>\n<meta property=\"og:type\" content=\"article\" \/>\n<meta property=\"og:title\" content=\"Section 2: The international legal framework - Epilepsy Power\" \/>\n<meta property=\"og:description\" content=\"Testimony from Marie : I don&#8217;t think you should hesitate to get yourself recognised as a disabled worker by your local departmental disabled people&#8217;s office (MDPH). I worked for 15 years without saying anything, without complaining, hiding my difficulties. It was burdensome and complicated to live in the world of work with this secret. Then [&hellip;]\" \/>\n<meta property=\"og:url\" content=\"https:\/\/epilepsypower.indesign.it\/fr\/equal-opportunity-rights-for-workers-with-epilepsy\/section-2-the-international-legal-framework\/\" \/>\n<meta property=\"og:site_name\" content=\"Epilepsy Power\" \/>\n<meta property=\"article:modified_time\" content=\"2025-02-07T13:53:27+00:00\" \/>\n<meta name=\"twitter:card\" content=\"summary_large_image\" \/>\n<meta name=\"twitter:label1\" content=\"Dur\u00e9e de lecture estim\u00e9e\" \/>\n\t<meta name=\"twitter:data1\" content=\"13 minutes\" \/>\n<script type=\"application\/ld+json\" class=\"yoast-schema-graph\">{\"@context\":\"https:\\\/\\\/schema.org\",\"@graph\":[{\"@type\":\"WebPage\",\"@id\":\"https:\\\/\\\/epilepsypower.indesign.it\\\/equal-opportunity-rights-for-workers-with-epilepsy\\\/section-2-the-international-legal-framework\\\/\",\"url\":\"https:\\\/\\\/epilepsypower.indesign.it\\\/equal-opportunity-rights-for-workers-with-epilepsy\\\/section-2-the-international-legal-framework\\\/\",\"name\":\"Section 2: The international legal framework - Epilepsy Power\",\"isPartOf\":{\"@id\":\"https:\\\/\\\/epilepsypower.indesign.it\\\/#website\"},\"datePublished\":\"2024-09-26T16:56:49+00:00\",\"dateModified\":\"2025-02-07T13:53:27+00:00\",\"breadcrumb\":{\"@id\":\"https:\\\/\\\/epilepsypower.indesign.it\\\/equal-opportunity-rights-for-workers-with-epilepsy\\\/section-2-the-international-legal-framework\\\/#breadcrumb\"},\"inLanguage\":\"fr-FR\",\"potentialAction\":[{\"@type\":\"ReadAction\",\"target\":[\"https:\\\/\\\/epilepsypower.indesign.it\\\/equal-opportunity-rights-for-workers-with-epilepsy\\\/section-2-the-international-legal-framework\\\/\"]}]},{\"@type\":\"BreadcrumbList\",\"@id\":\"https:\\\/\\\/epilepsypower.indesign.it\\\/equal-opportunity-rights-for-workers-with-epilepsy\\\/section-2-the-international-legal-framework\\\/#breadcrumb\",\"itemListElement\":[{\"@type\":\"ListItem\",\"position\":1,\"name\":\"Home\",\"item\":\"https:\\\/\\\/epilepsypower.indesign.it\\\/\"},{\"@type\":\"ListItem\",\"position\":2,\"name\":\"Equal opportunity rights for workers with epilepsy\",\"item\":\"https:\\\/\\\/epilepsypower.indesign.it\\\/equal-opportunity-rights-for-workers-with-epilepsy\\\/\"},{\"@type\":\"ListItem\",\"position\":3,\"name\":\"Section 2: The international legal framework\"}]},{\"@type\":\"WebSite\",\"@id\":\"https:\\\/\\\/epilepsypower.indesign.it\\\/#website\",\"url\":\"https:\\\/\\\/epilepsypower.indesign.it\\\/\",\"name\":\"Epilepsy Power\",\"description\":\"Epilepsy Power\",\"publisher\":{\"@id\":\"https:\\\/\\\/epilepsypower.indesign.it\\\/#organization\"},\"potentialAction\":[{\"@type\":\"SearchAction\",\"target\":{\"@type\":\"EntryPoint\",\"urlTemplate\":\"https:\\\/\\\/epilepsypower.indesign.it\\\/?s={search_term_string}\"},\"query-input\":{\"@type\":\"PropertyValueSpecification\",\"valueRequired\":true,\"valueName\":\"search_term_string\"}}],\"inLanguage\":\"fr-FR\"},{\"@type\":\"Organization\",\"@id\":\"https:\\\/\\\/epilepsypower.indesign.it\\\/#organization\",\"name\":\"Epilepsy Power\",\"url\":\"https:\\\/\\\/epilepsypower.indesign.it\\\/\",\"logo\":{\"@type\":\"ImageObject\",\"inLanguage\":\"fr-FR\",\"@id\":\"https:\\\/\\\/epilepsypower.indesign.it\\\/#\\\/schema\\\/logo\\\/image\\\/\",\"url\":\"https:\\\/\\\/epilepsypower.indesign.it\\\/wp-content\\\/uploads\\\/2023\\\/04\\\/cropped-cropped-logo-epilepsy-power.png\",\"contentUrl\":\"https:\\\/\\\/epilepsypower.indesign.it\\\/wp-content\\\/uploads\\\/2023\\\/04\\\/cropped-cropped-logo-epilepsy-power.png\",\"width\":512,\"height\":512,\"caption\":\"Epilepsy Power\"},\"image\":{\"@id\":\"https:\\\/\\\/epilepsypower.indesign.it\\\/#\\\/schema\\\/logo\\\/image\\\/\"}}]}<\/script>\n<!-- \/ Yoast SEO plugin. -->","yoast_head_json":{"title":"Section 2: The international legal framework - Epilepsy Power","robots":{"index":"noindex","follow":"follow","max-snippet":"max-snippet:-1","max-image-preview":"max-image-preview:large","max-video-preview":"max-video-preview:-1"},"og_locale":"fr_FR","og_type":"article","og_title":"Section 2: The international legal framework - Epilepsy Power","og_description":"Testimony from Marie : I don&#8217;t think you should hesitate to get yourself recognised as a disabled worker by your local departmental disabled people&#8217;s office (MDPH). I worked for 15 years without saying anything, without complaining, hiding my difficulties. It was burdensome and complicated to live in the world of work with this secret. Then [&hellip;]","og_url":"https:\/\/epilepsypower.indesign.it\/fr\/equal-opportunity-rights-for-workers-with-epilepsy\/section-2-the-international-legal-framework\/","og_site_name":"Epilepsy Power","article_modified_time":"2025-02-07T13:53:27+00:00","twitter_card":"summary_large_image","twitter_misc":{"Dur\u00e9e de lecture estim\u00e9e":"13 minutes"},"schema":{"@context":"https:\/\/schema.org","@graph":[{"@type":"WebPage","@id":"https:\/\/epilepsypower.indesign.it\/equal-opportunity-rights-for-workers-with-epilepsy\/section-2-the-international-legal-framework\/","url":"https:\/\/epilepsypower.indesign.it\/equal-opportunity-rights-for-workers-with-epilepsy\/section-2-the-international-legal-framework\/","name":"Section 2: The international legal framework - Epilepsy Power","isPartOf":{"@id":"https:\/\/epilepsypower.indesign.it\/#website"},"datePublished":"2024-09-26T16:56:49+00:00","dateModified":"2025-02-07T13:53:27+00:00","breadcrumb":{"@id":"https:\/\/epilepsypower.indesign.it\/equal-opportunity-rights-for-workers-with-epilepsy\/section-2-the-international-legal-framework\/#breadcrumb"},"inLanguage":"fr-FR","potentialAction":[{"@type":"ReadAction","target":["https:\/\/epilepsypower.indesign.it\/equal-opportunity-rights-for-workers-with-epilepsy\/section-2-the-international-legal-framework\/"]}]},{"@type":"BreadcrumbList","@id":"https:\/\/epilepsypower.indesign.it\/equal-opportunity-rights-for-workers-with-epilepsy\/section-2-the-international-legal-framework\/#breadcrumb","itemListElement":[{"@type":"ListItem","position":1,"name":"Home","item":"https:\/\/epilepsypower.indesign.it\/"},{"@type":"ListItem","position":2,"name":"Equal opportunity rights for workers with epilepsy","item":"https:\/\/epilepsypower.indesign.it\/equal-opportunity-rights-for-workers-with-epilepsy\/"},{"@type":"ListItem","position":3,"name":"Section 2: The international legal framework"}]},{"@type":"WebSite","@id":"https:\/\/epilepsypower.indesign.it\/#website","url":"https:\/\/epilepsypower.indesign.it\/","name":"Epilepsy Power","description":"Epilepsy Power","publisher":{"@id":"https:\/\/epilepsypower.indesign.it\/#organization"},"potentialAction":[{"@type":"SearchAction","target":{"@type":"EntryPoint","urlTemplate":"https:\/\/epilepsypower.indesign.it\/?s={search_term_string}"},"query-input":{"@type":"PropertyValueSpecification","valueRequired":true,"valueName":"search_term_string"}}],"inLanguage":"fr-FR"},{"@type":"Organization","@id":"https:\/\/epilepsypower.indesign.it\/#organization","name":"Epilepsy Power","url":"https:\/\/epilepsypower.indesign.it\/","logo":{"@type":"ImageObject","inLanguage":"fr-FR","@id":"https:\/\/epilepsypower.indesign.it\/#\/schema\/logo\/image\/","url":"https:\/\/epilepsypower.indesign.it\/wp-content\/uploads\/2023\/04\/cropped-cropped-logo-epilepsy-power.png","contentUrl":"https:\/\/epilepsypower.indesign.it\/wp-content\/uploads\/2023\/04\/cropped-cropped-logo-epilepsy-power.png","width":512,"height":512,"caption":"Epilepsy Power"},"image":{"@id":"https:\/\/epilepsypower.indesign.it\/#\/schema\/logo\/image\/"}}]}},"_links":{"self":[{"href":"https:\/\/epilepsypower.indesign.it\/fr\/wp-json\/wp\/v2\/pages\/2956","targetHints":{"allow":["GET"]}}],"collection":[{"href":"https:\/\/epilepsypower.indesign.it\/fr\/wp-json\/wp\/v2\/pages"}],"about":[{"href":"https:\/\/epilepsypower.indesign.it\/fr\/wp-json\/wp\/v2\/types\/page"}],"author":[{"embeddable":true,"href":"https:\/\/epilepsypower.indesign.it\/fr\/wp-json\/wp\/v2\/users\/2"}],"replies":[{"embeddable":true,"href":"https:\/\/epilepsypower.indesign.it\/fr\/wp-json\/wp\/v2\/comments?post=2956"}],"version-history":[{"count":28,"href":"https:\/\/epilepsypower.indesign.it\/fr\/wp-json\/wp\/v2\/pages\/2956\/revisions"}],"predecessor-version":[{"id":6234,"href":"https:\/\/epilepsypower.indesign.it\/fr\/wp-json\/wp\/v2\/pages\/2956\/revisions\/6234"}],"up":[{"embeddable":true,"href":"https:\/\/epilepsypower.indesign.it\/fr\/wp-json\/wp\/v2\/pages\/2952"}],"wp:attachment":[{"href":"https:\/\/epilepsypower.indesign.it\/fr\/wp-json\/wp\/v2\/media?parent=2956"}],"curies":[{"name":"wp","href":"https:\/\/api.w.org\/{rel}","templated":true}]}}