{"id":3047,"date":"2024-09-29T21:44:20","date_gmt":"2024-09-29T19:44:20","guid":{"rendered":"https:\/\/epilepsypower.indesign.it\/?page_id=3047"},"modified":"2025-01-24T22:41:27","modified_gmt":"2025-01-24T21:41:27","slug":"choosing-appropriate-job","status":"publish","type":"page","link":"https:\/\/epilepsypower.indesign.it\/fr\/guiding-selection-of-optimal-employment-based-on-personal-medical-condition\/choosing-appropriate-job\/","title":{"rendered":"Section 1: Choisir un emploi adapt\u00e9"},"content":{"rendered":"<div data-elementor-type=\"wp-page\" data-elementor-id=\"3047\" class=\"elementor elementor-3047\">\n\t\t\t\t\t\t<section class=\"elementor-section elementor-top-section elementor-element elementor-element-ead8a2f elementor-section-boxed elementor-section-height-default elementor-section-height-default smart-sticky-default\" data-id=\"ead8a2f\" data-element_type=\"section\" data-e-type=\"section\">\r\n\t\t\t\t\t\t\t\t<div class=\"elementor-container elementor-column-gap-default\">\r\n\t\t\t\t\r\n\t\t\t\t\t\t\t\t<div class=\"elementor-column elementor-col-33 elementor-top-column elementor-element elementor-element-8934037\" data-id=\"8934037\" data-element_type=\"column\" data-e-type=\"column\">\r\n\r\n\t\t\t\t\r\n\t\t\t\t<div class=\"elementor-widget-wrap elementor-element-populated\">\r\n\t\t\t\t\t\t\t\t\t\t\r\n\t\t\t\t\t\t<div class=\"elementor-element elementor-element-1c780ed elementor-widget elementor-widget-shortcode\" data-id=\"1c780ed\" data-element_type=\"widget\" data-e-type=\"widget\" data-widget_type=\"shortcode.default\">\n\t\t\t\t<div class=\"elementor-widget-container\">\n\t\t\t\t\t\t\t<div class=\"elementor-shortcode\">\t\t<ul class=\"sommario_corso\">\n\t\t\t\n\t\t<li><strong>Introduction<\/strong><\/li>\t\n\t\t\t\n\t\t<li><a href=\"https:\/\/epilepsypower.indesign.it\/fr\/\">Home<\/a><\/li><li><a href=\"https:\/\/epilepsypower.indesign.it\/fr\/essentials-of-human-resources-management\/\">L\u2019essentiel de la gestion des ressources humaines<\/a><\/li><li><a href=\"https:\/\/epilepsypower.indesign.it\/fr\/essentials-of-human-resources-management\/section-1-knowing-the-main-competences-of-a-hr-manager-and-the-main-activities-of-hr-office\/\">Section 1: Conna\u00eetre les principales comp\u00e9tences d\u2019un gestionnaire des ressources humaines et les principales activit\u00e9s d\u2019un service Ressources Humaines<\/a><\/li><li><a href=\"https:\/\/epilepsypower.indesign.it\/fr\/essentials-of-human-resources-management\/section-2-understanding-the-specific-needs-of-pwe-to-allow-optimal-integration-in-a-workplace\/\">Section 2 : Comprendre les besoins sp\u00e9cifiques des personnes atteintes d\u2019\u00e9pilepsie pour permettre une int\u00e9gration optimale sur le lieu de travail<\/a><\/li><li><a href=\"https:\/\/epilepsypower.indesign.it\/fr\/essentials-of-human-resources-management\/section-3-how-to-manage-people-considering-the-size-of-the-organization-and-other-diversity-inclusion-management-aspects-needed-for-pwe\/\">Section 3: Comment manager les ressources humaines en tenant compte de la taille de l\u2019entreprise et d\u2019autres aspects du management de la diversit\u00e9 et de l\u2019inclusion dont auraient aussi besoin les personnes ayant de l\u2019\u00e9pilepsie?<\/a><\/li><li><a href=\"https:\/\/epilepsypower.indesign.it\/fr\/essentials-of-human-resources-management\/section-4-measuring-and-enhancing-staff-performance-using-appropriate-evaluation-methods-including-for-people-with-epilepsy-pwe\/\">Section 4 : Mesurer et am\u00e9liorer la performance du personnel en utilisant des m\u00e9thodes d\u2019\u00e9valuation appropri\u00e9es, y compris pour les personnes atteintes d\u2019\u00e9pilepsie (PwE)<\/a><\/li><li><a href=\"https:\/\/epilepsypower.indesign.it\/fr\/essentials-of-human-resources-management\/concluding-remarks\/\">Remarques finales<\/a><\/li><li><a href=\"https:\/\/epilepsypower.indesign.it\/fr\/essentials-of-human-resources-management\/quiz-2\/\">Quiz<\/a><\/li><li><a href=\"https:\/\/epilepsypower.indesign.it\/fr\/accommodating-people-with-epilepsy-in-business-processes-and-activities\/\">Prise en compte des personnes atteintes d\u2019\u00e9pilepsie dans les processus et activit\u00e9s de l'entreprise<\/a><\/li><li><a href=\"https:\/\/epilepsypower.indesign.it\/fr\/accommodating-people-with-epilepsy-in-business-processes-and-activities\/section-1-understanding-the-nature-of-epilepsy-and-recognizing-potential-triggers\/\">Section 1 : Comprendre la nature de l'\u00e9pilepsie et reconna\u00eetre les d\u00e9clencheurs potentiels.<\/a><\/li><li><a href=\"https:\/\/epilepsypower.indesign.it\/fr\/accommodating-people-with-epilepsy-in-business-processes-and-activities\/section-2-challenges-faced-by-people-with-epilepsy-prior-to-employment\/\">Section 2: Difficult\u00e9s rencontr\u00e9es par les personnes atteintes d'\u00e9pilepsie avant d'entrer sur le march\u00e9 du travail.<\/a><\/li><li><a href=\"https:\/\/epilepsypower.indesign.it\/fr\/accommodating-people-with-epilepsy-in-business-processes-and-activities\/section-3-from-respecting-medical-confidentiality-to-defining-and-implementing-the-necessary-reasonable-accommodations-the-key-role-of-the-occupational-physician\/\">Section 3: Du respect du secret m\u00e9dical \u00e0 la d\u00e9finition et \u00e0 la mise en \u0153uvre des am\u00e9nagements raisonnables n\u00e9cessaires : le r\u00f4le cl\u00e9 du m\u00e9decin du travail.<\/a><\/li><li><a href=\"https:\/\/epilepsypower.indesign.it\/fr\/accommodating-people-with-epilepsy-in-business-processes-and-activities\/section-4-type-of-accommodation-for-people-with-epilepsy-in-the-workplace\/\">Section 4: Type d'am\u00e9nagements pour les personnes souffrant d\u2019\u00e9pilepsie sur le lieu de travail.<\/a><\/li><li><a href=\"https:\/\/epilepsypower.indesign.it\/fr\/accommodating-people-with-epilepsy-in-business-processes-and-activities\/section-5-ensuring-safety-in-the-workplace-and-creating-a-plan-of-action\/\">Section 5: Assurer la s\u00e9curit\u00e9 sur le lieu de travail et \u00e9laborer un plan d'action.<\/a><\/li><li><a href=\"https:\/\/epilepsypower.indesign.it\/fr\/accommodating-people-with-epilepsy-in-business-processes-and-activities\/concluding-remarks\/\">Remarques finales<\/a><\/li><li><a href=\"https:\/\/epilepsypower.indesign.it\/fr\/accommodating-people-with-epilepsy-in-business-processes-and-activities\/quiz\/\">Quiz<\/a><\/li><li><a href=\"https:\/\/epilepsypower.indesign.it\/fr\/lp2-final-test\/\">Test final LP2<\/a><\/li><li><a href=\"https:\/\/epilepsypower.indesign.it\/fr\/what-is-epilepsy\/\">Qu'est-ce que l'\u00e9pilepsie ?<\/a><\/li><li><a href=\"https:\/\/epilepsypower.indesign.it\/fr\/epilepsy-and-time-management\/\">Epilepsie et gestion du temps<\/a><\/li><li><a href=\"https:\/\/epilepsypower.indesign.it\/fr\/epilepsy-and-time-management\/meaning-and-importance-of-time-management-in-the-working-life-of-people-with-epilepsy\/\">Section 1 : La gestion du temps et son importance dans la vie professionnelle des personnes atteintes d\u2019\u00e9pilepsie.<\/a><\/li><li><a href=\"https:\/\/epilepsypower.indesign.it\/fr\/epilepsy-and-time-management\/section-2-how-can-i-establish-good-time-management-for-people-with-epilepsy-in-my-organisation\/\">Section 2 : Comment mettre en place une bonne gestion du temps pour les personnes atteintes d\u2019\u00e9pilepsie dans mon entreprise ?<\/a><\/li><li><a href=\"https:\/\/epilepsypower.indesign.it\/fr\/epilepsy-and-time-management\/how-can-i-establish-good-time-management-for-people-with-epilepsy-in-my-organisation\/\">Section 3 : Coaching des personnes atteintes d\u2019\u00e9pilepsie : outils et m\u00e9thodes pratiques.<\/a><\/li><li><a href=\"https:\/\/epilepsypower.indesign.it\/fr\/epilepsy-and-time-management\/concluding-remarks\/\">Remarques finales<\/a><\/li><li><a href=\"https:\/\/epilepsypower.indesign.it\/fr\/epilepsy-and-time-management\/quiz\/\">Quiz<\/a><\/li><li><a href=\"https:\/\/epilepsypower.indesign.it\/fr\/conducting-a-personal-assessment-of-epilepsy-to-minimize-workplace-risks\/\">R\u00e9aliser une \u00e9valuation personnelle de l'\u00e9pilepsie pour minimiser les risques sur le lieu de travail.<\/a><\/li><li><a href=\"https:\/\/epilepsypower.indesign.it\/fr\/conducting-a-personal-assessment-of-epilepsy-to-minimize-workplace-risks\/section-1-seizures-and-triggering-factors\/\">Section 1: Crises et facteurs d\u00e9clencheurs<\/a><\/li><li><a href=\"https:\/\/epilepsypower.indesign.it\/fr\/conducting-a-personal-assessment-of-epilepsy-to-minimize-workplace-risks\/section-2-methods\/\">Section 2 Sympt\u00f4mes physiques<\/a><\/li><li><a href=\"https:\/\/epilepsypower.indesign.it\/fr\/conducting-a-personal-assessment-of-epilepsy-to-minimize-workplace-risks\/section-3-cognitive-effects\/\">Section 3 Sympt\u00f4mes cognitifs<\/a><\/li><li><a href=\"https:\/\/epilepsypower.indesign.it\/fr\/conducting-a-personal-assessment-of-epilepsy-to-minimize-workplace-risks\/concluding-remarks-2\/\">Outil d\u2019auto\u00e9valuation<\/a><\/li><li><a href=\"https:\/\/epilepsypower.indesign.it\/fr\/conducting-a-personal-assessment-of-epilepsy-to-minimize-workplace-risks\/concluding-remarks\/\">Remarques finales<\/a><\/li><li><a href=\"https:\/\/epilepsypower.indesign.it\/fr\/conducting-a-personal-assessment-of-epilepsy-to-minimize-workplace-risks\/quiz\/\">Quiz<\/a><\/li><li><a href=\"https:\/\/epilepsypower.indesign.it\/fr\/what-is-epilepsy-2\/\">Qu'est-ce que l'\u00e9pilepsie ?<\/a><\/li><li><a href=\"https:\/\/epilepsypower.indesign.it\/fr\/processes-and-steps-to-become-an-inclusive-pwe-organisation\/\">Processus et \u00e9tapes pour devenir une organisation inclusive pour les personnes atteintes d\u2019epilepsie.<\/a><\/li><li><a href=\"https:\/\/epilepsypower.indesign.it\/fr\/processes-and-steps-to-become-an-inclusive-pwe-organisation\/section-1-create-and-develop-an-inclusive-policy\/\">Section 1: Cr\u00e9er et d\u00e9velopper une politique d'inclusion.<\/a><\/li><li><a href=\"https:\/\/epilepsypower.indesign.it\/fr\/processes-and-steps-to-become-an-inclusive-pwe-organisation\/section-2-changing-managerial-practices\/\">Section 2: Changer les pratiques de gestion.<\/a><\/li><li><a href=\"https:\/\/epilepsypower.indesign.it\/fr\/processes-and-steps-to-become-an-inclusive-pwe-organisation\/section-3-changing-employee-attitudes\/\">Section 3: Changer l'attitude des salari\u00e9s.<\/a><\/li><li><a href=\"https:\/\/epilepsypower.indesign.it\/fr\/processes-and-steps-to-become-an-inclusive-pwe-organisation\/concluding-remarks\/\">Remarques finales<\/a><\/li><li><a href=\"https:\/\/epilepsypower.indesign.it\/fr\/processes-and-steps-to-become-an-inclusive-pwe-organisation\/quiz\/\">Quiz<\/a><\/li><li><a href=\"https:\/\/epilepsypower.indesign.it\/fr\/improving-the-knowledge-of-the-best-job-searching-strategies\/\">Am\u00e9liorer les strat\u00e9gies de recherche d'emploi<\/a><\/li><li><a href=\"https:\/\/epilepsypower.indesign.it\/fr\/improving-the-knowledge-of-the-best-job-searching-strategies\/what-do-you-want\/\">Section 1: Que voulez-vous faire ?<\/a><\/li><li><a href=\"https:\/\/epilepsypower.indesign.it\/fr\/improving-the-knowledge-of-the-best-job-searching-strategies\/section-2-assessing-the-medical-condition-realistically\/\">Section 2: \u00c9valuer votre \u00e9tat de sant\u00e9 de mani\u00e8re r\u00e9aliste<\/a><\/li><li><a href=\"https:\/\/epilepsypower.indesign.it\/fr\/improving-the-knowledge-of-the-best-job-searching-strategies\/section-3-assessing-the-medical-condition-realistically\/\">Section 3: Lois, consultation et soutien<\/a><\/li><li><a href=\"https:\/\/epilepsypower.indesign.it\/fr\/improving-the-knowledge-of-the-best-job-searching-strategies\/concluding-remarks\/\">Remarques finales<\/a><\/li><li><a href=\"https:\/\/epilepsypower.indesign.it\/fr\/improving-the-knowledge-of-the-best-job-searching-strategies\/quiz\/\">Quiz<\/a><\/li><li><a href=\"https:\/\/epilepsypower.indesign.it\/fr\/managing-stress-anxiety-and-frustration-for-better-inclusion\/\">Gestion du stress, de l\u2019anxi\u00e9t\u00e9 et de la frustration pour une meilleure inclusion<\/a><\/li><li><a href=\"https:\/\/epilepsypower.indesign.it\/fr\/managing-stress-anxiety-and-frustration-for-better-inclusion\/section-1-understanding-epilepsy-and-its-impact-on-employees\/\">Section 1 : Comprendre l\u2019\u00e9pilepsie et son impact sur les employ\u00e9s<\/a><\/li><li><a href=\"https:\/\/epilepsypower.indesign.it\/fr\/managing-stress-anxiety-and-frustration-for-better-inclusion\/section-2-promoting-awareness\/\">Section 2 : Cr\u00e9er un environnement de travail inclusif.<\/a><\/li><li><a href=\"https:\/\/epilepsypower.indesign.it\/fr\/managing-stress-anxiety-and-frustration-for-better-inclusion\/section-3-managing-stress-and-anxiety-for-employees-with-epilepsy\/\">Section 3: G\u00e9rer le stress et l\u2019anxi\u00e9t\u00e9 chez les employ\u00e9s atteints d\u2019\u00e9pilepsie<\/a><\/li><li><a href=\"https:\/\/epilepsypower.indesign.it\/fr\/managing-stress-anxiety-and-frustration-for-better-inclusion\/section-4-handling-frustration-and-emotional-well-being\/\">Section 4: G\u00e9rer la frustration et le bien-\u00eatre \u00e9motionnel.<\/a><\/li><li><a href=\"https:\/\/epilepsypower.indesign.it\/fr\/managing-stress-anxiety-and-frustration-for-better-inclusion\/section-5-supportive-workplace-policies-and-legal-considerations\/\">Section 5: Adopter des politiques de soutien au travail et g\u00e9rer les aspects juridiques<\/a><\/li><li><a href=\"https:\/\/epilepsypower.indesign.it\/fr\/managing-stress-anxiety-and-frustration-for-better-inclusion\/concluding-remarks\/\">Remarques finales<\/a><\/li><li><a href=\"https:\/\/epilepsypower.indesign.it\/fr\/managing-stress-anxiety-and-frustration-for-better-inclusion\/quiz\/\">Quiz<\/a><\/li><li><a href=\"https:\/\/epilepsypower.indesign.it\/fr\/equal-opportunity-rights-for-workers-with-epilepsy\/\">Droits \u00e0 l'\u00e9galit\u00e9 des chances pour les travailleurs atteints d'\u00e9pilepsie<\/a><\/li><li><a href=\"https:\/\/epilepsypower.indesign.it\/fr\/equal-opportunity-rights-for-workers-with-epilepsy\/section-1-obstacles-to-better-professional-integration-for-people-with-disabilities-particularly-epilepsy\/\">Section 1:  Obstacles \u00e0 une meilleure int\u00e9gration professionnelle des personnes en situation de handicap, et plus particuli\u00e8rement du fait de l\u2019\u00e9pilepsie<\/a><\/li><li><a href=\"https:\/\/epilepsypower.indesign.it\/fr\/equal-opportunity-rights-for-workers-with-epilepsy\/section-2-the-international-legal-framework\/\">Section 2: Le cadre juridique international<\/a><\/li><li><a href=\"https:\/\/epilepsypower.indesign.it\/fr\/equal-opportunity-rights-for-workers-with-epilepsy\/section-3-the-european-legal-framework\/\">Section 3 : Le cadre juridique europ\u00e9en<\/a><\/li><li><a href=\"https:\/\/epilepsypower.indesign.it\/fr\/equal-opportunity-rights-for-workers-with-epilepsy\/section-4-equal-opportunity-rights-in-italy\/\">Section 4: Droits \u00e0 l'\u00e9galit\u00e9 des chances en Italie<\/a><\/li><li><a href=\"https:\/\/epilepsypower.indesign.it\/fr\/equal-opportunity-rights-for-workers-with-epilepsy\/section-5-equal-opportunity-rights-in-bulgaria\/\">Section 5: Droits \u00e0 l'\u00e9galit\u00e9 des chances en Bulgarie<\/a><\/li><li><a href=\"https:\/\/epilepsypower.indesign.it\/fr\/equal-opportunity-rights-for-workers-with-epilepsy\/section-6-equal-opportunity-rights-in-ireland\/\">Section 6 : Droits \u00e0 l'\u00e9galit\u00e9 des chances en Irlande<\/a><\/li><li><a href=\"https:\/\/epilepsypower.indesign.it\/fr\/equal-opportunity-rights-for-workers-with-epilepsy\/section-7-equal-opportunity-rights-in-germany\/\">Section 7: L'\u00e9galit\u00e9 des chances en Allemagne<\/a><\/li><li><a href=\"https:\/\/epilepsypower.indesign.it\/fr\/equal-opportunity-rights-for-workers-with-epilepsy\/section-8-equal-opportunity-rights-in-france\/\">Section 8: L'\u00e9galit\u00e9 des chances en France<\/a><\/li><li><a href=\"https:\/\/epilepsypower.indesign.it\/fr\/equal-opportunity-rights-for-workers-with-epilepsy\/section-9-summary-of-key-points-concerning-legislation-to-promote-the-professional-integration-of-disabled-people-in-italy-bulgaria-ireland-germany-and-france\/\">Section 9: Titre : R\u00e9sum\u00e9 des points cl\u00e9s de la l\u00e9gislation visant \u00e0 promouvoir l'int\u00e9gration professionnelle des personnes handicap\u00e9es en Italie, en Bulgarie, en Irlande, en Allemagne et en France.<\/a><\/li><li><a href=\"https:\/\/epilepsypower.indesign.it\/fr\/equal-opportunity-rights-for-workers-with-epilepsy\/concluding-remarks\/\">Remarques finales<\/a><\/li><li><a href=\"https:\/\/epilepsypower.indesign.it\/fr\/equal-opportunity-rights-for-workers-with-epilepsy\/quiz\/\">Quiz<\/a><\/li><li><a href=\"https:\/\/epilepsypower.indesign.it\/fr\/organisation-of-tasks-to-be-assigned-to-people-with-epilepsy\/\">Consid\u00e9rations lors de l\u2019attribution des t\u00e2ches aux personnes atteintes d\u2019\u00e9pilepsie<\/a><\/li><li><a href=\"https:\/\/epilepsypower.indesign.it\/fr\/organisation-of-tasks-to-be-assigned-to-people-with-epilepsy\/assignement-of-tasks-what-do-people-with-epilepsy-need\/\">Section 1: Attribution des t\u00e2ches : quels sont les besoins des personnes atteintes d\u2019\u00e9pilepsie ?<\/a><\/li><li><a href=\"https:\/\/epilepsypower.indesign.it\/fr\/organisation-of-tasks-to-be-assigned-to-people-with-epilepsy\/assignment-of-tasks-sensitisation-to-needs-within-the-team\/\">Section 2: Attribution des t\u00e2ches : sensibilisation aux besoins au sein de l\u2019\u00e9quipe.<\/a><\/li><li><a href=\"https:\/\/epilepsypower.indesign.it\/fr\/organisation-of-tasks-to-be-assigned-to-people-with-epilepsy\/section-3-long-term-goal-self-organising-tasks\/\">Section 3 : Objectif \u00e0 long terme : organiser les t\u00e2ches de mani\u00e8re autonome<\/a><\/li><li><a href=\"https:\/\/epilepsypower.indesign.it\/fr\/organisation-of-tasks-to-be-assigned-to-people-with-epilepsy\/concluding-remarks\/\">Remarques finales<\/a><\/li><li><a href=\"https:\/\/epilepsypower.indesign.it\/fr\/organisation-of-tasks-to-be-assigned-to-people-with-epilepsy\/quiz\/\">Quiz<\/a><\/li><li><a href=\"https:\/\/epilepsypower.indesign.it\/fr\/company-registration\/\">Company Registration<\/a><\/li><li><a href=\"https:\/\/epilepsypower.indesign.it\/fr\/how-to-self-promote-and-find-work-opportunities\/\">Comment se promouvoir et trouver des opportunit\u00e9s de travail<\/a><\/li><li><a href=\"https:\/\/epilepsypower.indesign.it\/fr\/how-to-self-promote-and-find-work-opportunities\/section-1-self-promotion-in-job-searching\/\">Section 1: Se valoriser dans la recherche d\u2019emploi<\/a><\/li><li><a href=\"https:\/\/epilepsypower.indesign.it\/fr\/how-to-self-promote-and-find-work-opportunities\/section-2-self-promotion-at-interview\/\">Section 2: Se valoriser lors d\u2019un entretien<\/a><\/li><li><a href=\"https:\/\/epilepsypower.indesign.it\/fr\/how-to-self-promote-and-find-work-opportunities\/section-3-self-promotion-in-the-workplace\/\">Section 3: Se valoriser sur le lieu de travail<\/a><\/li><li><a href=\"https:\/\/epilepsypower.indesign.it\/fr\/how-to-self-promote-and-find-work-opportunities\/concluding-remarks\/\">Remarques finales<\/a><\/li><li><a href=\"https:\/\/epilepsypower.indesign.it\/fr\/how-to-self-promote-and-find-work-opportunities\/quiz\/\">Quiz<\/a><\/li><li><a href=\"https:\/\/epilepsypower.indesign.it\/fr\/improving-social-communication-and-interaction-skills\/\">Am\u00e9liorer ses comp\u00e9tences sociales en mati\u00e8re de communication interpersonnelle et d\u2019interactions<\/a><\/li><li><a href=\"https:\/\/epilepsypower.indesign.it\/fr\/improving-social-communication-and-interaction-skills\/section-1-understanding-social-communication\/\">Section 1 : Comprendre la communication interpersonnelle.<\/a><\/li><li><a href=\"https:\/\/epilepsypower.indesign.it\/fr\/improving-social-communication-and-interaction-skills\/section-2-recognizing-barriers-to-effective-communication\/\">Section 2 : Reconna\u00eetre les obstacles qui entravent une communication efficace.<\/a><\/li><li><a href=\"https:\/\/epilepsypower.indesign.it\/fr\/improving-social-communication-and-interaction-skills\/section-3-active-listening-skills\/\">Section 3 : Comp\u00e9tences en mati\u00e8re d\u2019\u00e9coute active.<\/a><\/li><li><a href=\"https:\/\/epilepsypower.indesign.it\/fr\/improving-social-communication-and-interaction-skills\/section-4-non-verbal-communication\/\">Section 4 : Communication non verbale.<\/a><\/li><li><a href=\"https:\/\/epilepsypower.indesign.it\/fr\/improving-social-communication-and-interaction-skills\/section-5-emotional-intelligence\/\">Section 5 : Intelligence \u00e9motionnelle.<\/a><\/li><li><a href=\"https:\/\/epilepsypower.indesign.it\/fr\/improving-social-communication-and-interaction-skills\/section-6-overcoming-communication-anxiety\/\">Section 6 : Surmonter l\u2019anxi\u00e9t\u00e9 li\u00e9e \u00e0 la communication.<\/a><\/li><li><a href=\"https:\/\/epilepsypower.indesign.it\/fr\/improving-social-communication-and-interaction-skills\/section-7-effective-conflict-resolution\/\">Section 7 : R\u00e9solution efficace des conflits.<\/a><\/li><li><a href=\"https:\/\/epilepsypower.indesign.it\/fr\/improving-social-communication-and-interaction-skills\/section-8-effective-conflict-resolution\/\">Section 8 : D\u00e9velopper des comp\u00e9tences sociales dans des contextes sp\u00e9cifiques<\/a><\/li><li><a href=\"https:\/\/epilepsypower.indesign.it\/fr\/improving-social-communication-and-interaction-skills\/conclusion\/\">Conclusion<\/a><\/li><li><a href=\"https:\/\/epilepsypower.indesign.it\/fr\/improving-social-communication-and-interaction-skills\/quiz\/\">Quiz<\/a><\/li><li><a href=\"https:\/\/epilepsypower.indesign.it\/fr\/lp1-final-test\/\">Test final LP1<\/a><\/li><li><a href=\"https:\/\/epilepsypower.indesign.it\/fr\/strengthening-your-job-application-process\/\">Renforcer votre processus de candidature \u00e0 un emploi<\/a><\/li><li><a href=\"https:\/\/epilepsypower.indesign.it\/fr\/strengthening-your-job-application-process\/section-1-how-to-find-and-apply-to-a-job-position\/\">Section 1 : Comment trouver et postuler \u00e0 un emploi ?<\/a><\/li><li><a href=\"https:\/\/epilepsypower.indesign.it\/fr\/strengthening-your-job-application-process\/section-2-how-to-create-a-complete-and-understandable-personal-curriculum\/\">Section 2 : Comment cr\u00e9er un programme d\u2019\u00e9tudes personnel complet et compr\u00e9hensible ?<\/a><\/li><li><a href=\"https:\/\/epilepsypower.indesign.it\/fr\/strengthening-your-job-application-process\/section-3-demonstrating-the-right-competencies-for-the-requirements-of-a-job-position\/\">Section 3 : D\u00e9montrer les comp\u00e9tences ad\u00e9quates pour les exigences d\u2019un poste<\/a><\/li><li><a href=\"https:\/\/epilepsypower.indesign.it\/fr\/strengthening-your-job-application-process\/section-4-presenting-and-discussing-effectively-your-professional-and-personal-background-during-a-selection-process\/\">Section 4 : Pr\u00e9senter et discuter efficacement de votre parcours professionnel et personnel lors d\u2019un processus de s\u00e9lection<\/a><\/li><li><a href=\"https:\/\/epilepsypower.indesign.it\/fr\/strengthening-your-job-application-process\/concluding-remarks\/\">Remarques finales<\/a><\/li><li><a href=\"https:\/\/epilepsypower.indesign.it\/fr\/strengthening-your-job-application-process\/quiz\/\">Quiz<\/a><\/li><li><a href=\"https:\/\/epilepsypower.indesign.it\/fr\/guiding-selection-of-optimal-employment-based-on-personal-medical-condition\/\">Adapter les choix professionnels aux conditions m\u00e9dicales individuelles<\/a><\/li><li><a href=\"https:\/\/epilepsypower.indesign.it\/fr\/guiding-selection-of-optimal-employment-based-on-personal-medical-condition\/choosing-appropriate-job\/\">Section 1: Choisir un emploi adapt\u00e9<\/a><\/li><li><a href=\"https:\/\/epilepsypower.indesign.it\/fr\/guiding-selection-of-optimal-employment-based-on-personal-medical-condition\/choosing-appropriate-job-2\/\">Section 2: Limites \u00ab externes \u00bb : risques environnementaux, crises d\u2019\u00e9pilepsie, limites physiques et cognitives<\/a><\/li><li><a href=\"https:\/\/epilepsypower.indesign.it\/fr\/guiding-selection-of-optimal-employment-based-on-personal-medical-condition\/internal-limitations\/\">Section 3: Limites \u00ab internes \u00bb<\/a><\/li><li><a href=\"https:\/\/epilepsypower.indesign.it\/fr\/guiding-selection-of-optimal-employment-based-on-personal-medical-condition\/concluding-remarks\/\">Remarques finales<\/a><\/li><li><a href=\"https:\/\/epilepsypower.indesign.it\/fr\/guiding-selection-of-optimal-employment-based-on-personal-medical-condition\/quiz\/\">Quiz<\/a><\/li><li><a href=\"https:\/\/epilepsypower.indesign.it\/fr\/encouraging-interaction-between-people-with-epilepsy-and-their-co-workers\/\">Encouraging Interaction between People with Epilepsy and their Co-Workers<\/a><\/li><li><a href=\"https:\/\/epilepsypower.indesign.it\/fr\/encouraging-interaction-between-people-with-epilepsy-and-their-co-workers\/section-1-understanding-epilepsy-and-its-impact-on-employees\/\">Section 1: Comprendre l\u2019\u00e9pilepsie<\/a><\/li><li><a href=\"https:\/\/epilepsypower.indesign.it\/fr\/encouraging-interaction-between-people-with-epilepsy-and-their-co-workers\/section-2-promoting-awareness\/\">Section 2: Sensibilisation<\/a><\/li><li><a href=\"https:\/\/epilepsypower.indesign.it\/fr\/encouraging-interaction-between-people-with-epilepsy-and-their-co-workers\/section-3-effective-communication-strategies\/\">Section 3: Strat\u00e9gies de communication efficaces<\/a><\/li><li><a href=\"https:\/\/epilepsypower.indesign.it\/fr\/encouraging-interaction-between-people-with-epilepsy-and-their-co-workers\/section-4-self-advocacy\/\">Section 4: D\u00e9fendre ses propres int\u00e9r\u00eats<\/a><\/li><li><a href=\"https:\/\/epilepsypower.indesign.it\/fr\/encouraging-interaction-between-people-with-epilepsy-and-their-co-workers\/concluding-remarks\/\">Remarques finales<\/a><\/li><li><a href=\"https:\/\/epilepsypower.indesign.it\/fr\/encouraging-interaction-between-people-with-epilepsy-and-their-co-workers\/quiz\/\">Quiz<\/a><\/li>\t\t<\/ul>\n\t\t<\/div>\n\t\t\t\t\t\t<\/div>\n\t\t\t\t<\/div>\n\t\t\t\t\t\t<\/div>\r\n\t\t\t\t<\/div>\r\n\t\t\t\t\t\t\t\t\t<div class=\"elementor-column elementor-col-66 elementor-top-column elementor-element elementor-element-3136afc\" data-id=\"3136afc\" data-element_type=\"column\" data-e-type=\"column\">\r\n\r\n\t\t\t\t\r\n\t\t\t\t<div class=\"elementor-widget-wrap elementor-element-populated\">\r\n\t\t\t\t\t\t\t\t\t\t\r\n\t\t\t\t\t\t<div class=\"elementor-element elementor-element-28d3c8d elementor-widget elementor-widget-text-editor\" data-id=\"28d3c8d\" data-element_type=\"widget\" data-e-type=\"widget\" data-no-translation=\"\" data-widget_type=\"text-editor.default\">\n\t\t\t\t<div class=\"elementor-widget-container\">\n\t\t\t\t\t<style>.elementor-element-28d3c8d{display:none !important}<\/style>\t\t\t\t<\/div>\n\t\t\t\t<\/div>\n\t\t\t\t<div class=\"elementor-element elementor-element-3baa91d elementor-widget elementor-widget-text-editor\" data-id=\"3baa91d\" data-element_type=\"widget\" data-e-type=\"widget\" data-no-translation=\"\" data-widget_type=\"text-editor.default\">\n\t\t\t\t<div class=\"elementor-widget-container\">\n\t\t\t\t\t\t\t\t\t<p><strong><u>Introduction<\/u><\/strong><\/p><p>L\u2019\u00e9pilepsie est une maladie neurologique qui peut affecter la capacit\u00e9 de travail de diff\u00e9rentes mani\u00e8res. Lorsqu\u2019elle est bien ma\u00eetris\u00e9e, elle peut rester discr\u00e8te, permettant d\u2019acc\u00e9der \u00e0 la plupart des emplois. Toutefois, certains m\u00e9tiers peuvent ne pas convenir aux personnes atteintes d\u2019\u00e9pilepsie ou d\u2019autres handicaps. Ces restrictions sont souvent li\u00e9es \u00e0 des exigences physiques ou \u00e0 des conditions sp\u00e9cifiques susceptibles de d\u00e9clencher des crises. Pour choisir l\u2019emploi id\u00e9al, il faut proc\u00e9der \u00e0 une auto\u00e9valuation approfondie en comprenant votre maladie et ses effets, avec l\u2019aide de votre neurologue, et en \u00e9valuant vos comp\u00e9tences en fonction de votre formation.<\/p><p><strong><u>Importance du contr\u00f4le des crises et gestion de leurs cons\u00e9quences au travail<\/u><\/strong><\/p><p>Lorsque vous choisissez un m\u00e9tier, la premi\u00e8re chose \u00e0 prendre en compte est le contr\u00f4le de vos crises d\u2019\u00e9pilepsie. Si vous n\u2019avez pas de crises, vous pouvez postuler \u00e0 n\u2019importe quel emploi sans inqui\u00e9tude majeure. En revanche, si vous souffrez de crises fr\u00e9quentes, vous devez \u00e9viter certains types d\u2019emploi. Le m\u00e9tier appropri\u00e9 pour vous d\u00e9pendra du type de crise, de sa fr\u00e9quence et de ses cons\u00e9quences potentielles.<\/p><p>Par exemple, lorsque vous souffrez de crises tonico-cloniques, de crises toniques ou de crises atoniques, vous devez prendre en compte les risques de chute associ\u00e9s et donc \u00e9viter de travailler avec des machines et des outils dangereux, des lames ou en haute altitude. M\u00eame en cas de crises d\u2019absence ou de crises focales avec trouble de la conscience, il existe un risque de chute ou de perte de concentration\u00a0; il est donc important de se tenir \u00e0 l\u2019\u00e9cart des environnements dangereux.<\/p><p>Pour les crises focales, l\u2019impact sur votre travail d\u00e9pend du type de \u00ab\u00a0ph\u00e9nom\u00e8ne\u00a0\u00bb concern\u00e9. Certaines crises peuvent se limiter \u00e0 une aura, laquelle peut comporter des sympt\u00f4mes physiques (sensation \u00e9pigastrique, douleur, paresth\u00e9sie) ou des sympt\u00f4mes sensoriels (tels que des changements auditifs et visuels). Dans ces cas, il suffit d\u2019attendre la fin de la crise. Cependant, si l\u2019aura pr\u00e9c\u00e8de une crise plus grave (avec des sympt\u00f4mes moteurs ou cognitifs), il est important d\u2019alerter votre entourage et de vous mettre en s\u00e9curit\u00e9. Si la crise progresse au-del\u00e0 de l\u2019aura, vous devez envisager les risques d\u2019une nouvelle crise plus intense. En revanche, si la crise se limite \u00e0 l\u2019aura, les sympt\u00f4mes peuvent ne pas affecter votre capacit\u00e9 \u00e0 travailler, \u00e0 l\u2019exception des effets potentiels pendant la p\u00e9riode post-ictale.<\/p><p><strong><u>Restrictions li\u00e9es \u00e0 la conduite<\/u><\/strong><\/p><p>Les restrictions li\u00e9es \u00e0 la conduite sont \u00e9troitement li\u00e9es \u00e0 la fr\u00e9quence des crises. En g\u00e9n\u00e9ral, les personnes dont l\u2019\u00e9pilepsie est bien contr\u00f4l\u00e9e ne devraient pas \u00eatre confront\u00e9es \u00e0 des restrictions professionnelles, mais les fonctions qui impliquent de conduire, d\u2019utiliser des machines dangereuses ou de prendre l\u2019avion peuvent poser certains probl\u00e8mes. En ce qui concerne la conduite, il est important de faire la distinction entre le fait d\u2019\u00eatre \u00e9pileptique et celui de souffrir de crises. Dans certains pays, comme la France, une personne dont l\u2019\u00e9pilepsie est bien contr\u00f4l\u00e9e, qui prend des m\u00e9dicaments contre les crises et qui n\u2019a pas eu de crises pendant 12\u00a0mois, peut obtenir un permis de conduire temporaire. En revanche, une personne qui suit un traitement m\u00e9dical complet, mais qui continue \u00e0 avoir des crises, n\u2019est pas autoris\u00e9e \u00e0 conduire. Par cons\u00e9quent, si vous souffrez encore de crises fr\u00e9quentes, vous devez \u00e9viter les emplois n\u00e9cessitant de conduire ou de manipuler des machines. La loi est particuli\u00e8rement restrictive pour les emplois n\u00e9cessitant la conduite de poids lourds ou de v\u00e9hicules de transport public, qui exigent souvent une p\u00e9riode de 10\u00a0ans sans crise et un \u00e9lectro-enc\u00e9phalogramme (EEG)\u00a0sans anomalies \u00e9pileptiformes. Travailler \u00e0 proximit\u00e9 de machines dangereuses est \u00e9galement risqu\u00e9 si vos crises ne sont pas bien contr\u00f4l\u00e9es, car vous ne pouvez pas contr\u00f4ler vos mouvements ou votre environnement pendant une crise. Par cons\u00e9quent, des pr\u00e9cautions sp\u00e9cifiques doivent \u00eatre prises pour les crises qui surviennent dans l\u2019environnement de travail. Veuillez-vous r\u00e9f\u00e9rer aux exigences l\u00e9gales de votre pays, car elles peuvent varier d\u2019un pays \u00e0 l\u2019autre (voir 3<sup>e<\/sup>\u00a0paragraphe\u00a0\u2014 documents fournis).<\/p><p>En ce qui concerne l\u2019acc\u00e8s \u00e0 l\u2019emploi, si vous souffrez de crises fr\u00e9quentes et que vous ne pouvez pas conduire, vous pouvez demander \u00e0 travailler \u00e0 domicile ou \u00e0 b\u00e9n\u00e9ficier d\u2019une allocation d\u2019invalidit\u00e9 pour les transports publics.<\/p><p>Dans certains pays, certaines professions, comme le service militaire, en particulier celles qui exigent de conduire et d\u2019utiliser des machines, peuvent ne pas \u00eatre adapt\u00e9es aux personnes \u00e9pileptiques, car elles exigent un \u00ab\u00a0statut sans crise\u00a0\u00bb. Selon les pays, il peut exister quelques exceptions\u00a0: si vous avez souffert d\u2019\u00e9pilepsie dans votre enfance ou si vous n\u2019avez eu qu\u2019une seule crise il y a plus de 10\u00a0ans, indiquant une p\u00e9riode de r\u00e9mission, il est possible que vous puissiez rejoindre l\u2019arm\u00e9e.<\/p><p>Cependant, aucune restriction g\u00e9n\u00e9rale ne doit \u00eatre impos\u00e9e. Vous devez prendre en compte vos qualifications individuelles et votre situation personnelle pour guider votre choix de carri\u00e8re.<\/p><p><strong><u>M\u00e9thodes<\/u><\/strong><\/p><p>Nous mettrons \u00e0 votre disposition des informations g\u00e9n\u00e9rales sur les restrictions de conduite et les types de crises, ainsi que des liens vers la l\u00e9gislation sp\u00e9cifique \u00e0 chaque pays (Italie, Bulgarie, Allemagne, Irlande, France).<\/p><p><strong><u>Ressources<\/u><\/strong><\/p><p>Si vous voulez conna\u00eetre les restrictions li\u00e9es \u00e0 la conduite\u00a0:<\/p><p><a href=\"https:\/\/www.youtube.com\/watch?v=FpHx60FleEg\">https:\/\/www.youtube.com\/watch?v=FpHx60FleEg<\/a><\/p><p>Vous pouvez visionner ces vid\u00e9os si vous voulez en savoir plus sur les crises focales\u00a0:<\/p><p><a href=\"http:\/\/www.youtube.com\/watch?v=L9kR-AMgmWM\">www.youtube.com\/watch?v=L9kR-AMgmWM\u00a0 <\/a><\/p><p>Crises tonico-cloniques\u00a0:<\/p><p><a href=\"https:\/\/www.youtube.com\/watch?v=7N74EFyEhUA\">https:\/\/www.youtube.com\/watch?v=7N74EFyEhUA <\/a><\/p><p>Crises myocloniques\u00a0:<\/p><p><a href=\"https:\/\/www.youtube.com\/watch?v=unVInJp1ZqE\">https:\/\/www.youtube.com\/watch?v=unVInJp1ZqE <\/a><\/p><p>Crises atoniques\u00a0:<\/p><p><a href=\"https:\/\/www.youtube.com\/watch?v=oXE3HtR6B3I\">https:\/\/www.youtube.com\/watch?v=oXE3HtR6B3I <\/a><\/p><p>Crises toniques\u00a0:<\/p><p><a href=\"https:\/\/www.youtube.com\/watch?v=soe05MfrPlo\">https:\/\/www.youtube.com\/watch?v=soe05MfrPlo <\/a><\/p><p>Liens vers la l\u00e9gislation de chaque pays\u00a0:<\/p><ol><li>Italie\u00a0<a href=\"https:\/\/www.normattiva.it\/uri-res\/N2Ls?urn:nir:stato:decreto.legislativo:2011-04-18;59~art7\">: https:\/\/www.normattiva.it\/uri-res\/N2Ls?urn:nir:stato:decreto.legislativo:2011-04-18;<\/a>59~art7<\/li><li>Bulgarie\u00a0: nous n\u2019avons pas trouv\u00e9 de lois sp\u00e9cifiques<\/li><li>Allemagne\u00a0<a href=\"https:\/\/www.buzer.de\/gesetz\/8310\/a155775.htm?k=1\">:<\/a> https:\/\/www.buzer.de\/gesetz\/8310\/a155775.htm?k=1<\/li><li>Irlande\u00a0: https:\/\/www.epilepsy.ie\/content\/driving#:~:text=For%20most%20people%20with%20epilepsy,EB%2C%20M%20and%20W)<\/li><li>France\u00a0<a href=\"https:\/\/www.epilepsie-france.com\/epilepsie-et-vous\/lepilepsie-et-vous-mobilite-transports\/#:~:text=En%20revanche%20apr%C3%A8s%20une%20p%C3%A9riode,d'obtenir%20un%20permis%20inconditionnel\">:https:\/\/www.epilepsie-france.com\/epilepsie-et-vous\/lepilepsie-et-vous-mobilite-transports\/#:~:text=En%20revanche%20apr%C3%A8s%20une%20p%C3%A9riode,d\u2019obtenir%20un%20permis%20inconditionnel<\/a><\/li><\/ol>\t\t\t\t\t\t\t\t<\/div>\n\t\t\t\t<\/div>\n\t\t\t\t<div class=\"elementor-element elementor-element-4743078 elementor-widget elementor-widget-text-editor\" data-id=\"4743078\" data-element_type=\"widget\" data-e-type=\"widget\" data-no-translation=\"\" data-widget_type=\"text-editor.default\">\n\t\t\t\t<div class=\"elementor-widget-container\">\n\t\t\t\t\t<style>.elementor-element-4743078{display:none !important}<\/style>\t\t\t\t<\/div>\n\t\t\t\t<\/div>\n\t\t\t\t<div class=\"elementor-element elementor-element-49c8b58 elementor-widget elementor-widget-text-editor\" data-id=\"49c8b58\" data-element_type=\"widget\" data-e-type=\"widget\" data-no-translation=\"\" data-widget_type=\"text-editor.default\">\n\t\t\t\t<div class=\"elementor-widget-container\">\n\t\t\t\t\t<style>.elementor-element-49c8b58{display:none !important}<\/style>\t\t\t\t<\/div>\n\t\t\t\t<\/div>\n\t\t\t\t<div class=\"elementor-element elementor-element-08205d8 elementor-widget elementor-widget-text-editor\" data-id=\"08205d8\" data-element_type=\"widget\" data-e-type=\"widget\" data-no-translation=\"\" data-widget_type=\"text-editor.default\">\n\t\t\t\t<div class=\"elementor-widget-container\">\n\t\t\t\t\t<style>.elementor-element-08205d8{display:none !important}<\/style>\t\t\t\t<\/div>\n\t\t\t\t<\/div>\n\t\t\t\t\t\t<\/div>\r\n\t\t\t\t<\/div>\r\n\t\t\t\t\t\t\t\t<\/div>\r\n\t\t\t<\/section>\r\n\t\t\t\t\t<section class=\"elementor-section elementor-top-section elementor-element elementor-element-ed0591e elementor-section-boxed elementor-section-height-default elementor-section-height-default smart-sticky-default\" data-id=\"ed0591e\" data-element_type=\"section\" data-e-type=\"section\">\r\n\t\t\t\t\t\t\t\t<div class=\"elementor-container elementor-column-gap-default\">\r\n\t\t\t\t\r\n\t\t\t\t\t\t\t\t<div class=\"elementor-column elementor-col-100 elementor-top-column elementor-element elementor-element-311b858\" data-id=\"311b858\" data-element_type=\"column\" data-e-type=\"column\">\r\n\r\n\t\t\t\t\r\n\t\t\t\t<div class=\"elementor-widget-wrap elementor-element-populated\">\r\n\t\t\t\t\t\t\t\t\t\t\r\n\t\t\t\t\t\t<div class=\"elementor-element elementor-element-9de7977 elementor-widget elementor-widget-shortcode\" data-id=\"9de7977\" data-element_type=\"widget\" data-e-type=\"widget\" data-widget_type=\"shortcode.default\">\n\t\t\t\t<div class=\"elementor-widget-container\">\n\t\t\t\t\t\t\t<div class=\"elementor-shortcode\"><div style=\"width:100%; text-align: center; margin: 20px 0; font-weight: bold;\">\n\t\t<a href=\"https:\/\/epilepsypower.indesign.it\/fr\/\"> Next: \"Home\" &raquo;&raquo; <\/a> \t\t<\/div><\/div>\n\t\t\t\t\t\t<\/div>\n\t\t\t\t<\/div>\n\t\t\t\t\t\t<\/div>\r\n\t\t\t\t<\/div>\r\n\t\t\t\t\t\t\t\t<\/div>\r\n\t\t\t<\/section>\r\n\t\t\t\t\t<\/div>","protected":false},"excerpt":{"rendered":"<p>Introduction Epilepsy is a neurological disorder that can affect work capacity in different ways. When well-controlled, it may remain hidden, allowing you to pursue most jobs.\u00a0 However, some jobs may not be suitable for people with epilepsy and\/or other disabilities. These restrictions often relate to physical demands or the specific conditions that could trigger seizures. [&hellip;]<\/p>\n","protected":false},"author":2,"featured_media":0,"parent":3039,"menu_order":1,"comment_status":"closed","ping_status":"closed","template":"","meta":{"footnotes":""},"class_list":["post-3047","page","type-page","status-publish","hentry"],"yoast_head":"<!-- This site is optimized with the Yoast SEO plugin v27.3 - https:\/\/yoast.com\/product\/yoast-seo-wordpress\/ -->\n<title>Section 1: Choosing appropriate job - Epilepsy Power<\/title>\n<meta name=\"robots\" content=\"noindex, follow, max-snippet:-1, max-image-preview:large, max-video-preview:-1\" \/>\n<meta property=\"og:locale\" content=\"fr_FR\" \/>\n<meta property=\"og:type\" content=\"article\" \/>\n<meta property=\"og:title\" content=\"Section 1: Choosing appropriate job - Epilepsy Power\" \/>\n<meta property=\"og:description\" content=\"Introduction Epilepsy is a neurological disorder that can affect work capacity in different ways. When well-controlled, it may remain hidden, allowing you to pursue most jobs.\u00a0 However, some jobs may not be suitable for people with epilepsy and\/or other disabilities. These restrictions often relate to physical demands or the specific conditions that could trigger seizures. [&hellip;]\" \/>\n<meta property=\"og:url\" content=\"https:\/\/epilepsypower.indesign.it\/fr\/guiding-selection-of-optimal-employment-based-on-personal-medical-condition\/choosing-appropriate-job\/\" \/>\n<meta property=\"og:site_name\" content=\"Epilepsy Power\" \/>\n<meta property=\"article:modified_time\" content=\"2025-01-24T21:41:27+00:00\" \/>\n<meta name=\"twitter:card\" content=\"summary_large_image\" \/>\n<meta name=\"twitter:label1\" content=\"Dur\u00e9e de lecture estim\u00e9e\" \/>\n\t<meta name=\"twitter:data1\" content=\"22 minutes\" \/>\n<script type=\"application\/ld+json\" class=\"yoast-schema-graph\">{\"@context\":\"https:\\\/\\\/schema.org\",\"@graph\":[{\"@type\":\"WebPage\",\"@id\":\"https:\\\/\\\/epilepsypower.indesign.it\\\/guiding-selection-of-optimal-employment-based-on-personal-medical-condition\\\/choosing-appropriate-job\\\/\",\"url\":\"https:\\\/\\\/epilepsypower.indesign.it\\\/guiding-selection-of-optimal-employment-based-on-personal-medical-condition\\\/choosing-appropriate-job\\\/\",\"name\":\"Section 1: Choosing appropriate job - Epilepsy Power\",\"isPartOf\":{\"@id\":\"https:\\\/\\\/epilepsypower.indesign.it\\\/#website\"},\"datePublished\":\"2024-09-29T19:44:20+00:00\",\"dateModified\":\"2025-01-24T21:41:27+00:00\",\"breadcrumb\":{\"@id\":\"https:\\\/\\\/epilepsypower.indesign.it\\\/guiding-selection-of-optimal-employment-based-on-personal-medical-condition\\\/choosing-appropriate-job\\\/#breadcrumb\"},\"inLanguage\":\"fr-FR\",\"potentialAction\":[{\"@type\":\"ReadAction\",\"target\":[\"https:\\\/\\\/epilepsypower.indesign.it\\\/guiding-selection-of-optimal-employment-based-on-personal-medical-condition\\\/choosing-appropriate-job\\\/\"]}]},{\"@type\":\"BreadcrumbList\",\"@id\":\"https:\\\/\\\/epilepsypower.indesign.it\\\/guiding-selection-of-optimal-employment-based-on-personal-medical-condition\\\/choosing-appropriate-job\\\/#breadcrumb\",\"itemListElement\":[{\"@type\":\"ListItem\",\"position\":1,\"name\":\"Home\",\"item\":\"https:\\\/\\\/epilepsypower.indesign.it\\\/\"},{\"@type\":\"ListItem\",\"position\":2,\"name\":\"Tailoring Employment Choices to Individual Medical Conditions\",\"item\":\"https:\\\/\\\/epilepsypower.indesign.it\\\/guiding-selection-of-optimal-employment-based-on-personal-medical-condition\\\/\"},{\"@type\":\"ListItem\",\"position\":3,\"name\":\"Section 1: Choosing appropriate job\"}]},{\"@type\":\"WebSite\",\"@id\":\"https:\\\/\\\/epilepsypower.indesign.it\\\/#website\",\"url\":\"https:\\\/\\\/epilepsypower.indesign.it\\\/\",\"name\":\"Epilepsy Power\",\"description\":\"Epilepsy Power\",\"publisher\":{\"@id\":\"https:\\\/\\\/epilepsypower.indesign.it\\\/#organization\"},\"potentialAction\":[{\"@type\":\"SearchAction\",\"target\":{\"@type\":\"EntryPoint\",\"urlTemplate\":\"https:\\\/\\\/epilepsypower.indesign.it\\\/?s={search_term_string}\"},\"query-input\":{\"@type\":\"PropertyValueSpecification\",\"valueRequired\":true,\"valueName\":\"search_term_string\"}}],\"inLanguage\":\"fr-FR\"},{\"@type\":\"Organization\",\"@id\":\"https:\\\/\\\/epilepsypower.indesign.it\\\/#organization\",\"name\":\"Epilepsy Power\",\"url\":\"https:\\\/\\\/epilepsypower.indesign.it\\\/\",\"logo\":{\"@type\":\"ImageObject\",\"inLanguage\":\"fr-FR\",\"@id\":\"https:\\\/\\\/epilepsypower.indesign.it\\\/#\\\/schema\\\/logo\\\/image\\\/\",\"url\":\"https:\\\/\\\/epilepsypower.indesign.it\\\/wp-content\\\/uploads\\\/2023\\\/04\\\/cropped-cropped-logo-epilepsy-power.png\",\"contentUrl\":\"https:\\\/\\\/epilepsypower.indesign.it\\\/wp-content\\\/uploads\\\/2023\\\/04\\\/cropped-cropped-logo-epilepsy-power.png\",\"width\":512,\"height\":512,\"caption\":\"Epilepsy Power\"},\"image\":{\"@id\":\"https:\\\/\\\/epilepsypower.indesign.it\\\/#\\\/schema\\\/logo\\\/image\\\/\"}}]}<\/script>\n<!-- \/ Yoast SEO plugin. -->","yoast_head_json":{"title":"Section 1: Choosing appropriate job - Epilepsy Power","robots":{"index":"noindex","follow":"follow","max-snippet":"max-snippet:-1","max-image-preview":"max-image-preview:large","max-video-preview":"max-video-preview:-1"},"og_locale":"fr_FR","og_type":"article","og_title":"Section 1: Choosing appropriate job - Epilepsy Power","og_description":"Introduction Epilepsy is a neurological disorder that can affect work capacity in different ways. When well-controlled, it may remain hidden, allowing you to pursue most jobs.\u00a0 However, some jobs may not be suitable for people with epilepsy and\/or other disabilities. These restrictions often relate to physical demands or the specific conditions that could trigger seizures. [&hellip;]","og_url":"https:\/\/epilepsypower.indesign.it\/fr\/guiding-selection-of-optimal-employment-based-on-personal-medical-condition\/choosing-appropriate-job\/","og_site_name":"Epilepsy Power","article_modified_time":"2025-01-24T21:41:27+00:00","twitter_card":"summary_large_image","twitter_misc":{"Dur\u00e9e de lecture estim\u00e9e":"22 minutes"},"schema":{"@context":"https:\/\/schema.org","@graph":[{"@type":"WebPage","@id":"https:\/\/epilepsypower.indesign.it\/guiding-selection-of-optimal-employment-based-on-personal-medical-condition\/choosing-appropriate-job\/","url":"https:\/\/epilepsypower.indesign.it\/guiding-selection-of-optimal-employment-based-on-personal-medical-condition\/choosing-appropriate-job\/","name":"Section 1: Choosing appropriate job - Epilepsy Power","isPartOf":{"@id":"https:\/\/epilepsypower.indesign.it\/#website"},"datePublished":"2024-09-29T19:44:20+00:00","dateModified":"2025-01-24T21:41:27+00:00","breadcrumb":{"@id":"https:\/\/epilepsypower.indesign.it\/guiding-selection-of-optimal-employment-based-on-personal-medical-condition\/choosing-appropriate-job\/#breadcrumb"},"inLanguage":"fr-FR","potentialAction":[{"@type":"ReadAction","target":["https:\/\/epilepsypower.indesign.it\/guiding-selection-of-optimal-employment-based-on-personal-medical-condition\/choosing-appropriate-job\/"]}]},{"@type":"BreadcrumbList","@id":"https:\/\/epilepsypower.indesign.it\/guiding-selection-of-optimal-employment-based-on-personal-medical-condition\/choosing-appropriate-job\/#breadcrumb","itemListElement":[{"@type":"ListItem","position":1,"name":"Home","item":"https:\/\/epilepsypower.indesign.it\/"},{"@type":"ListItem","position":2,"name":"Tailoring Employment Choices to Individual Medical Conditions","item":"https:\/\/epilepsypower.indesign.it\/guiding-selection-of-optimal-employment-based-on-personal-medical-condition\/"},{"@type":"ListItem","position":3,"name":"Section 1: Choosing appropriate job"}]},{"@type":"WebSite","@id":"https:\/\/epilepsypower.indesign.it\/#website","url":"https:\/\/epilepsypower.indesign.it\/","name":"Epilepsy Power","description":"Epilepsy Power","publisher":{"@id":"https:\/\/epilepsypower.indesign.it\/#organization"},"potentialAction":[{"@type":"SearchAction","target":{"@type":"EntryPoint","urlTemplate":"https:\/\/epilepsypower.indesign.it\/?s={search_term_string}"},"query-input":{"@type":"PropertyValueSpecification","valueRequired":true,"valueName":"search_term_string"}}],"inLanguage":"fr-FR"},{"@type":"Organization","@id":"https:\/\/epilepsypower.indesign.it\/#organization","name":"Epilepsy Power","url":"https:\/\/epilepsypower.indesign.it\/","logo":{"@type":"ImageObject","inLanguage":"fr-FR","@id":"https:\/\/epilepsypower.indesign.it\/#\/schema\/logo\/image\/","url":"https:\/\/epilepsypower.indesign.it\/wp-content\/uploads\/2023\/04\/cropped-cropped-logo-epilepsy-power.png","contentUrl":"https:\/\/epilepsypower.indesign.it\/wp-content\/uploads\/2023\/04\/cropped-cropped-logo-epilepsy-power.png","width":512,"height":512,"caption":"Epilepsy Power"},"image":{"@id":"https:\/\/epilepsypower.indesign.it\/#\/schema\/logo\/image\/"}}]}},"_links":{"self":[{"href":"https:\/\/epilepsypower.indesign.it\/fr\/wp-json\/wp\/v2\/pages\/3047","targetHints":{"allow":["GET"]}}],"collection":[{"href":"https:\/\/epilepsypower.indesign.it\/fr\/wp-json\/wp\/v2\/pages"}],"about":[{"href":"https:\/\/epilepsypower.indesign.it\/fr\/wp-json\/wp\/v2\/types\/page"}],"author":[{"embeddable":true,"href":"https:\/\/epilepsypower.indesign.it\/fr\/wp-json\/wp\/v2\/users\/2"}],"replies":[{"embeddable":true,"href":"https:\/\/epilepsypower.indesign.it\/fr\/wp-json\/wp\/v2\/comments?post=3047"}],"version-history":[{"count":26,"href":"https:\/\/epilepsypower.indesign.it\/fr\/wp-json\/wp\/v2\/pages\/3047\/revisions"}],"predecessor-version":[{"id":5522,"href":"https:\/\/epilepsypower.indesign.it\/fr\/wp-json\/wp\/v2\/pages\/3047\/revisions\/5522"}],"up":[{"embeddable":true,"href":"https:\/\/epilepsypower.indesign.it\/fr\/wp-json\/wp\/v2\/pages\/3039"}],"wp:attachment":[{"href":"https:\/\/epilepsypower.indesign.it\/fr\/wp-json\/wp\/v2\/media?parent=3047"}],"curies":[{"name":"wp","href":"https:\/\/api.w.org\/{rel}","templated":true}]}}